{"id":7717,"date":"2025-08-29T16:56:49","date_gmt":"2025-08-29T14:56:49","guid":{"rendered":"https:\/\/b19.be\/galerie\/b19-brussels-alexander-de-croo\/"},"modified":"2025-08-29T16:56:49","modified_gmt":"2025-08-29T14:56:49","slug":"b19-brussels-alexander-de-croo","status":"publish","type":"gallery","link":"https:\/\/b19.be\/nl\/galerie\/b19-brussels-alexander-de-croo\/","title":{"rendered":"B19 Brussels \u2013 Alexander De Croo"},"content":{"rendered":"<p><span><strong> Afterwork Alexander de Croo \u2013 BeCentral \u2013 2 septembre 2021 <\/strong><\/span><\/p>\n<p><span>Rentr\u00e9e de prestige pour le B19 avec la pr\u00e9sence d\u2019Alexander De Croo dans les installations de l\u2019Ecole 19 que le Premier ministre a visit\u00e9 avec beaucoup d\u2019int\u00e9r\u00eat pr\u00e9alablement \u00e0 l\u2019\u00e9v\u00e9nement. Cette conf\u00e9rence de<br \/>rentr\u00e9e a sonn\u00e9 les trois coups de la reprise des activit\u00e9s \u00ab en pr\u00e9sentiel \u00bb de votre cercle d\u2019affaires. <\/span><\/p>\n<p><span>Le prestige de l\u2019invit\u00e9, l\u2019enthousiasme des membres, la mobilisation de tous, les astres \u00e9taient align\u00e9s pour faire de cette premi\u00e8re conf\u00e9rence de la nouvelle saison un franc succ\u00e8s\u2026 une affluence des grands<br \/>soirs ne s\u2019y est pas tromp\u00e9e. <\/span><\/p>\n<p><span>Apr\u00e8s le la\u00efus d\u2019accueil de John Bogaerts et la pr\u00e9sentation de l\u2019Ecole 19 par Ian Gallienne, c\u2019est Philippe Delusinne qui a bross\u00e9 le portrait de l\u2019invit\u00e9 avant de le laisser entre les mains de Micha\u00ebl Sephiha pour une salve de questions\/r\u00e9ponses dans les deux langues nationales. <\/span><\/p>\n<p><span>Alexander De Croo a tr\u00e8s vite donn\u00e9 le ton : \u00ab Il n\u2019y a qu\u2019un mode de vie envisageable dans un avenir proche et ce sera entre vaccin\u00e9s ! \u00bb, le temps de pr\u00e9ciser encore que la Belgique se positionnait dans les pays les mieux vaccin\u00e9s en Europe malgr\u00e9 une situation \u00e0 Bruxelles que le Premier ministre juge effectivement perfectible. Une dynamique positive sp\u00e9cifique avec les autorit\u00e9s de la capitale est d\u2019ailleurs d\u2019ores et d\u00e9j\u00e0 en cours pour un travail de terrain qui devrait servir \u00e0 convaincre les r\u00e9calcitrants.  <\/span><\/p>\n<p><span>\u00ab Une crise provoque toujours certaines erreurs et il faudra en tirer progressivement les le\u00e7ons \u00bb, ajoute-t-il tout en d\u00e9fendant une strat\u00e9gie et un choix de soci\u00e9t\u00e9 qui lui paraissent avoir port\u00e9<br \/>ses fruits, notamment dans la volont\u00e9 affich\u00e9e de maintenir les \u00e9coles en fonctionnement. <\/span><\/p>\n<p><span>Diff\u00e9rents leviers lui ont sembl\u00e9 important durant la crise sanitaire : un commissariat Covid \u00e9clectique ouvert sur toutes les solutions potentielles, une stabilit\u00e9 dans le choix et l\u2019application des<br \/>mesures, un pouvoir f\u00e9d\u00e9ral fort tout en restant flexible : \u00ab on voit les limites du conf\u00e9d\u00e9ralisme avec l\u2019Europe\u2026 \u00bb <\/span><\/p>\n<p><span>Il n\u2019est pas favorable \u00e0 une troisi\u00e8me dose de vaccin sauf dans certains cas particuliers et pr\u00e9conise un plan de relance \u00e9conomique plut\u00f4t qu\u2019une prolongation des diff\u00e9rentes \u00ab passerelles \u00bb de soutien<br \/>financier. Par ailleurs, une v\u00e9ritable r\u00e9flexion sur la formation pour endiguer les carences de l\u2019emploi, une efficace concertation politique entre les partis ax\u00e9e sur le consensus plut\u00f4t que sur le compromis, une plus grande<br \/>participation citoyenne au d\u00e9bat politique mais pas n\u00e9cessairement sous la forme de referendums, \u2026  sont autant de points qui ont \u00e9t\u00e9 abord\u00e9s avec aisance et pr\u00e9cision par un jeune Premier ministre dont le charisme rivalise avec l\u2019exp\u00e9rience. <\/span><\/p>\n<p><span>Plus personnellement, il juge le monde politique plus constructif que par le pass\u00e9 : \u00ab la politique change, elle est moins conflictuelle et moins ax\u00e9e sur les diff\u00e9rences \u00bb et se voit un peu comme<br \/>un entra\u00eeneur de foot qui sait s\u2019entourer : \u00ab ma m\u00e9thode c\u2019est de recruter des gens plus intelligents que moi \u00bb. <\/span><\/p>\n<p><span>Comme il le dit lui-m\u00eame, le citoyen jugera son travail \u00e0 l\u2019issue de la l\u00e9gislation : \u00ab la note se donne toujours \u00e0 la fin ! \u00bb <\/span><\/p>\n<p><span>   <\/span><\/p>\n","protected":false},"excerpt":{"rendered":"<p>Afterwork Alexander de Croo \u2013 BeCentral \u2013 2 septembre 2021 Rentr\u00e9e de prestige pour le B19 avec la pr\u00e9sence d\u2019Alexander De Croo dans les installations de l\u2019Ecole 19 que le Premier ministre a visit\u00e9 avec beaucoup d\u2019int\u00e9r\u00eat pr\u00e9alablement \u00e0 l\u2019\u00e9v\u00e9nement. Cette conf\u00e9rence derentr\u00e9e a sonn\u00e9 les trois coups de la reprise des activit\u00e9s \u00ab en [&hellip;]<\/p>\n","protected":false},"featured_media":7718,"template":"","class_list":["post-7717","gallery","type-gallery","status-publish","has-post-thumbnail","hentry"],"acf":[],"yoast_head":"<!-- This site is optimized with the Yoast SEO plugin v27.4 - https:\/\/yoast.com\/product\/yoast-seo-wordpress\/ -->\n<title>B19 Brussels - Alexander De Croo - B19<\/title>\n<meta name=\"robots\" content=\"index, follow, max-snippet:-1, max-image-preview:large, max-video-preview:-1\" \/>\n<link rel=\"canonical\" href=\"https:\/\/b19.be\/nl\/galerie\/b19-brussels-alexander-de-croo\/\" \/>\n<meta property=\"og:locale\" content=\"nl_BE\" \/>\n<meta property=\"og:type\" content=\"article\" \/>\n<meta property=\"og:title\" content=\"B19 Brussels - Alexander De Croo - B19\" \/>\n<meta property=\"og:description\" content=\"Afterwork Alexander de Croo \u2013 BeCentral \u2013 2 septembre 2021 Rentr\u00e9e de prestige pour le B19 avec la pr\u00e9sence d\u2019Alexander De Croo dans les installations de l\u2019Ecole 19 que le Premier ministre a visit\u00e9 avec beaucoup d\u2019int\u00e9r\u00eat pr\u00e9alablement \u00e0 l\u2019\u00e9v\u00e9nement. Cette conf\u00e9rence derentr\u00e9e a sonn\u00e9 les trois coups de la reprise des activit\u00e9s \u00ab en [&hellip;]\" \/>\n<meta property=\"og:url\" content=\"https:\/\/b19.be\/nl\/galerie\/b19-brussels-alexander-de-croo\/\" \/>\n<meta property=\"og:site_name\" content=\"B19\" \/>\n<meta property=\"article:publisher\" content=\"https:\/\/www.facebook.com\/B19BusinessClub\" \/>\n<meta property=\"og:image\" content=\"https:\/\/b19.be\/wp-content\/uploads\/2023\/09\/b19-national-business-club.jpg\" \/>\n\t<meta property=\"og:image:width\" content=\"2000\" \/>\n\t<meta property=\"og:image:height\" content=\"1331\" \/>\n\t<meta property=\"og:image:type\" content=\"image\/jpeg\" \/>\n<meta name=\"twitter:card\" content=\"summary_large_image\" \/>\n<meta name=\"twitter:label1\" content=\"Geschatte leestijd\" \/>\n\t<meta name=\"twitter:data1\" content=\"3 minuten\" \/>\n<script type=\"application\/ld+json\" class=\"yoast-schema-graph\">{\"@context\":\"https:\\\/\\\/schema.org\",\"@graph\":[{\"@type\":\"WebPage\",\"@id\":\"https:\\\/\\\/b19.be\\\/nl\\\/galerie\\\/b19-brussels-alexander-de-croo\\\/\",\"url\":\"https:\\\/\\\/b19.be\\\/nl\\\/galerie\\\/b19-brussels-alexander-de-croo\\\/\",\"name\":\"B19 Brussels - Alexander De Croo - B19\",\"isPartOf\":{\"@id\":\"https:\\\/\\\/b19.be\\\/nl\\\/#website\"},\"primaryImageOfPage\":{\"@id\":\"https:\\\/\\\/b19.be\\\/nl\\\/galerie\\\/b19-brussels-alexander-de-croo\\\/#primaryimage\"},\"image\":{\"@id\":\"https:\\\/\\\/b19.be\\\/nl\\\/galerie\\\/b19-brussels-alexander-de-croo\\\/#primaryimage\"},\"thumbnailUrl\":\"https:\\\/\\\/b19.be\\\/wp-content\\\/uploads\\\/2025\\\/08\\\/d202cdd5-abeb-4c63-b8b5-b30564a55896.jpg\",\"datePublished\":\"2025-08-29T14:56:49+00:00\",\"breadcrumb\":{\"@id\":\"https:\\\/\\\/b19.be\\\/nl\\\/galerie\\\/b19-brussels-alexander-de-croo\\\/#breadcrumb\"},\"inLanguage\":\"nl-BE\",\"potentialAction\":[{\"@type\":\"ReadAction\",\"target\":[\"https:\\\/\\\/b19.be\\\/nl\\\/galerie\\\/b19-brussels-alexander-de-croo\\\/\"]}]},{\"@type\":\"ImageObject\",\"inLanguage\":\"nl-BE\",\"@id\":\"https:\\\/\\\/b19.be\\\/nl\\\/galerie\\\/b19-brussels-alexander-de-croo\\\/#primaryimage\",\"url\":\"https:\\\/\\\/b19.be\\\/wp-content\\\/uploads\\\/2025\\\/08\\\/d202cdd5-abeb-4c63-b8b5-b30564a55896.jpg\",\"contentUrl\":\"https:\\\/\\\/b19.be\\\/wp-content\\\/uploads\\\/2025\\\/08\\\/d202cdd5-abeb-4c63-b8b5-b30564a55896.jpg\",\"width\":2000,\"height\":1331},{\"@type\":\"BreadcrumbList\",\"@id\":\"https:\\\/\\\/b19.be\\\/nl\\\/galerie\\\/b19-brussels-alexander-de-croo\\\/#breadcrumb\",\"itemListElement\":[{\"@type\":\"ListItem\",\"position\":1,\"name\":\"Home\",\"item\":\"https:\\\/\\\/b19.be\\\/nl\\\/\"},{\"@type\":\"ListItem\",\"position\":2,\"name\":\"B19 Brussels \u2013 Alexander De Croo\"}]},{\"@type\":\"WebSite\",\"@id\":\"https:\\\/\\\/b19.be\\\/nl\\\/#website\",\"url\":\"https:\\\/\\\/b19.be\\\/nl\\\/\",\"name\":\"B19\",\"description\":\"National Business Club &amp; Networking\",\"publisher\":{\"@id\":\"https:\\\/\\\/b19.be\\\/nl\\\/#organization\"},\"alternateName\":\"B19 Business Club\",\"potentialAction\":[{\"@type\":\"SearchAction\",\"target\":{\"@type\":\"EntryPoint\",\"urlTemplate\":\"https:\\\/\\\/b19.be\\\/nl\\\/?s={search_term_string}\"},\"query-input\":{\"@type\":\"PropertyValueSpecification\",\"valueRequired\":true,\"valueName\":\"search_term_string\"}}],\"inLanguage\":\"nl-BE\"},{\"@type\":\"Organization\",\"@id\":\"https:\\\/\\\/b19.be\\\/nl\\\/#organization\",\"name\":\"B19\",\"alternateName\":\"B19 Business Club\",\"url\":\"https:\\\/\\\/b19.be\\\/nl\\\/\",\"logo\":{\"@type\":\"ImageObject\",\"inLanguage\":\"nl-BE\",\"@id\":\"https:\\\/\\\/b19.be\\\/nl\\\/#\\\/schema\\\/logo\\\/image\\\/\",\"url\":\"https:\\\/\\\/b19.be\\\/wp-content\\\/uploads\\\/2023\\\/09\\\/logob19.svg\",\"contentUrl\":\"https:\\\/\\\/b19.be\\\/wp-content\\\/uploads\\\/2023\\\/09\\\/logob19.svg\",\"width\":1,\"height\":1,\"caption\":\"B19\"},\"image\":{\"@id\":\"https:\\\/\\\/b19.be\\\/nl\\\/#\\\/schema\\\/logo\\\/image\\\/\"},\"sameAs\":[\"https:\\\/\\\/www.facebook.com\\\/B19BusinessClub\",\"https:\\\/\\\/www.linkedin.com\\\/company\\\/b19-country-club\\\/\",\"https:\\\/\\\/www.instagram.com\\\/b19_business_club\\\/\"]}]}<\/script>\n<!-- \/ Yoast SEO plugin. -->","yoast_head_json":{"title":"B19 Brussels - Alexander De Croo - B19","robots":{"index":"index","follow":"follow","max-snippet":"max-snippet:-1","max-image-preview":"max-image-preview:large","max-video-preview":"max-video-preview:-1"},"canonical":"https:\/\/b19.be\/nl\/galerie\/b19-brussels-alexander-de-croo\/","og_locale":"nl_BE","og_type":"article","og_title":"B19 Brussels - Alexander De Croo - B19","og_description":"Afterwork Alexander de Croo \u2013 BeCentral \u2013 2 septembre 2021 Rentr\u00e9e de prestige pour le B19 avec la pr\u00e9sence d\u2019Alexander De Croo dans les installations de l\u2019Ecole 19 que le Premier ministre a visit\u00e9 avec beaucoup d\u2019int\u00e9r\u00eat pr\u00e9alablement \u00e0 l\u2019\u00e9v\u00e9nement. Cette conf\u00e9rence derentr\u00e9e a sonn\u00e9 les trois coups de la reprise des activit\u00e9s \u00ab en [&hellip;]","og_url":"https:\/\/b19.be\/nl\/galerie\/b19-brussels-alexander-de-croo\/","og_site_name":"B19","article_publisher":"https:\/\/www.facebook.com\/B19BusinessClub","og_image":[{"width":2000,"height":1331,"url":"https:\/\/b19.be\/wp-content\/uploads\/2023\/09\/b19-national-business-club.jpg","type":"image\/jpeg"}],"twitter_card":"summary_large_image","twitter_misc":{"Geschatte leestijd":"3 minuten"},"schema":{"@context":"https:\/\/schema.org","@graph":[{"@type":"WebPage","@id":"https:\/\/b19.be\/nl\/galerie\/b19-brussels-alexander-de-croo\/","url":"https:\/\/b19.be\/nl\/galerie\/b19-brussels-alexander-de-croo\/","name":"B19 Brussels - Alexander De Croo - B19","isPartOf":{"@id":"https:\/\/b19.be\/nl\/#website"},"primaryImageOfPage":{"@id":"https:\/\/b19.be\/nl\/galerie\/b19-brussels-alexander-de-croo\/#primaryimage"},"image":{"@id":"https:\/\/b19.be\/nl\/galerie\/b19-brussels-alexander-de-croo\/#primaryimage"},"thumbnailUrl":"https:\/\/b19.be\/wp-content\/uploads\/2025\/08\/d202cdd5-abeb-4c63-b8b5-b30564a55896.jpg","datePublished":"2025-08-29T14:56:49+00:00","breadcrumb":{"@id":"https:\/\/b19.be\/nl\/galerie\/b19-brussels-alexander-de-croo\/#breadcrumb"},"inLanguage":"nl-BE","potentialAction":[{"@type":"ReadAction","target":["https:\/\/b19.be\/nl\/galerie\/b19-brussels-alexander-de-croo\/"]}]},{"@type":"ImageObject","inLanguage":"nl-BE","@id":"https:\/\/b19.be\/nl\/galerie\/b19-brussels-alexander-de-croo\/#primaryimage","url":"https:\/\/b19.be\/wp-content\/uploads\/2025\/08\/d202cdd5-abeb-4c63-b8b5-b30564a55896.jpg","contentUrl":"https:\/\/b19.be\/wp-content\/uploads\/2025\/08\/d202cdd5-abeb-4c63-b8b5-b30564a55896.jpg","width":2000,"height":1331},{"@type":"BreadcrumbList","@id":"https:\/\/b19.be\/nl\/galerie\/b19-brussels-alexander-de-croo\/#breadcrumb","itemListElement":[{"@type":"ListItem","position":1,"name":"Home","item":"https:\/\/b19.be\/nl\/"},{"@type":"ListItem","position":2,"name":"B19 Brussels \u2013 Alexander De Croo"}]},{"@type":"WebSite","@id":"https:\/\/b19.be\/nl\/#website","url":"https:\/\/b19.be\/nl\/","name":"B19","description":"National Business Club &amp; Networking","publisher":{"@id":"https:\/\/b19.be\/nl\/#organization"},"alternateName":"B19 Business Club","potentialAction":[{"@type":"SearchAction","target":{"@type":"EntryPoint","urlTemplate":"https:\/\/b19.be\/nl\/?s={search_term_string}"},"query-input":{"@type":"PropertyValueSpecification","valueRequired":true,"valueName":"search_term_string"}}],"inLanguage":"nl-BE"},{"@type":"Organization","@id":"https:\/\/b19.be\/nl\/#organization","name":"B19","alternateName":"B19 Business Club","url":"https:\/\/b19.be\/nl\/","logo":{"@type":"ImageObject","inLanguage":"nl-BE","@id":"https:\/\/b19.be\/nl\/#\/schema\/logo\/image\/","url":"https:\/\/b19.be\/wp-content\/uploads\/2023\/09\/logob19.svg","contentUrl":"https:\/\/b19.be\/wp-content\/uploads\/2023\/09\/logob19.svg","width":1,"height":1,"caption":"B19"},"image":{"@id":"https:\/\/b19.be\/nl\/#\/schema\/logo\/image\/"},"sameAs":["https:\/\/www.facebook.com\/B19BusinessClub","https:\/\/www.linkedin.com\/company\/b19-country-club\/","https:\/\/www.instagram.com\/b19_business_club\/"]}]}},"_links":{"self":[{"href":"https:\/\/b19.be\/nl\/wp-json\/wp\/v2\/gallery\/7717","targetHints":{"allow":["GET"]}}],"collection":[{"href":"https:\/\/b19.be\/nl\/wp-json\/wp\/v2\/gallery"}],"about":[{"href":"https:\/\/b19.be\/nl\/wp-json\/wp\/v2\/types\/gallery"}],"version-history":[{"count":0,"href":"https:\/\/b19.be\/nl\/wp-json\/wp\/v2\/gallery\/7717\/revisions"}],"wp:featuredmedia":[{"embeddable":true,"href":"https:\/\/b19.be\/nl\/wp-json\/wp\/v2\/media\/7718"}],"wp:attachment":[{"href":"https:\/\/b19.be\/nl\/wp-json\/wp\/v2\/media?parent=7717"}],"curies":[{"name":"wp","href":"https:\/\/api.w.org\/{rel}","templated":true}]}}