{"id":7681,"date":"2025-08-29T16:56:21","date_gmt":"2025-08-29T14:56:21","guid":{"rendered":"https:\/\/b19.be\/galerie\/b19-brabant-wallon-digital-afterwork\/"},"modified":"2025-08-29T16:56:21","modified_gmt":"2025-08-29T14:56:21","slug":"b19-brabant-wallon-digital-afterwork","status":"publish","type":"gallery","link":"https:\/\/b19.be\/nl\/galerie\/b19-brabant-wallon-digital-afterwork\/","title":{"rendered":"B19 Brabant wallon \u2013 Digital Afterwork"},"content":{"rendered":"<p><span><strong> Mathieu Michel : \u00ab Le digital, c\u2019est vraiment pour tout le monde \u00bb <\/strong><\/span><\/p>\n<p><span>A l\u2019Axis Parc de Mont-Saint Guibert, dans un Brabant wallon qu\u2019il connait si bien et sur lequel il veillait avec ma\u00eetrise dans ses domaines de pr\u00e9dilection avant de succomber aux sir\u00e8nes du F\u00e9d\u00e9ral, Mathieu Michel a d\u00e9velopp\u00e9 les axes de son plan Smartnation pour une digitalisation intelligente et concert\u00e9e de la Belgique de demain. Inclusion, convergence et ambition sont les ma\u00eetres mots d\u2019une strat\u00e9gie globale qui doit aboutir \u00e0 des actions ,concr\u00e8tes gr\u00e2ce \u00e0 des investissements plut\u00f4t centr\u00e9s sur les comp\u00e9tences. <\/span><\/p>\n<p><span>Le secr\u00e9taire d\u2019Etat \u00e0 la Digitalisation, \u00e0 la R\u00e9gie des b\u00e2timents et \u00e0 la Simplification administrative, s\u2019est montr\u00e9 affable et d\u00e9tendu apr\u00e8s des d\u00e9buts quelque peu tumultueux dans l\u2019ar\u00e8ne du F\u00e9d\u00e9ral dont il regrette \u00ab une violence m\u00e9diatique souvent excessive ! \u00bb. Il reste cependant concentr\u00e9 sur son objectif d\u2019une plus grande autonomie belge et europ\u00e9enne dans le secteur digital et d\u2019une gouvernance bas\u00e9e sur la suggestion plut\u00f4t que par la d\u00e9cision. <\/span><\/p>\n<p><span>Il \u00e9tait \u00e9galement entour\u00e9 de C\u00e9dric Cauderlier, co-fondateur de Mountainview Group, un \u00e9cosyst\u00e8me digital international, pour son livre volontairement et intelligemment vulgarisateur \u00ab La strat\u00e9gie digitale marketing \u00bb (Racine) et de Thierry Geerts (Google Belgique) qui s\u2019est livr\u00e9 avec malice, en observateur autoris\u00e9 de cette 4\u00e8me r\u00e9volution industrielle, dans son ouvrage \u00ab Digitalis \u00bb (Racine). <\/span><\/p>\n<p><span>Nous sommes 4 milliards \u00e0 \u00eatre connect\u00e9s, la Belgique doit \u00eatre un acteur majeur de cet enjeu mondial !  <\/span><\/p>\n","protected":false},"excerpt":{"rendered":"<p>Mathieu Michel : \u00ab Le digital, c\u2019est vraiment pour tout le monde \u00bb A l\u2019Axis Parc de Mont-Saint Guibert, dans un Brabant wallon qu\u2019il connait si bien et sur lequel il veillait avec ma\u00eetrise dans ses domaines de pr\u00e9dilection avant de succomber aux sir\u00e8nes du F\u00e9d\u00e9ral, Mathieu Michel a d\u00e9velopp\u00e9 les axes de son plan [&hellip;]<\/p>\n","protected":false},"featured_media":7682,"template":"","class_list":["post-7681","gallery","type-gallery","status-publish","has-post-thumbnail","hentry"],"acf":[],"yoast_head":"<!-- This site is optimized with the Yoast SEO plugin v27.4 - https:\/\/yoast.com\/product\/yoast-seo-wordpress\/ -->\n<title>B19 Brabant wallon - Digital Afterwork - B19<\/title>\n<meta name=\"robots\" content=\"index, follow, max-snippet:-1, max-image-preview:large, max-video-preview:-1\" \/>\n<link rel=\"canonical\" href=\"https:\/\/b19.be\/nl\/galerie\/b19-brabant-wallon-digital-afterwork\/\" \/>\n<meta property=\"og:locale\" content=\"nl_BE\" \/>\n<meta property=\"og:type\" content=\"article\" \/>\n<meta property=\"og:title\" content=\"B19 Brabant wallon - Digital Afterwork - B19\" \/>\n<meta property=\"og:description\" content=\"Mathieu Michel : \u00ab Le digital, c\u2019est vraiment pour tout le monde \u00bb A l\u2019Axis Parc de Mont-Saint Guibert, dans un Brabant wallon qu\u2019il connait si bien et sur lequel il veillait avec ma\u00eetrise dans ses domaines de pr\u00e9dilection avant de succomber aux sir\u00e8nes du F\u00e9d\u00e9ral, Mathieu Michel a d\u00e9velopp\u00e9 les axes de son plan [&hellip;]\" \/>\n<meta property=\"og:url\" content=\"https:\/\/b19.be\/nl\/galerie\/b19-brabant-wallon-digital-afterwork\/\" \/>\n<meta property=\"og:site_name\" content=\"B19\" \/>\n<meta property=\"article:publisher\" content=\"https:\/\/www.facebook.com\/B19BusinessClub\" \/>\n<meta property=\"og:image\" content=\"https:\/\/b19.be\/wp-content\/uploads\/2023\/09\/b19-national-business-club.jpg\" \/>\n\t<meta property=\"og:image:width\" content=\"2000\" \/>\n\t<meta property=\"og:image:height\" content=\"1331\" \/>\n\t<meta property=\"og:image:type\" content=\"image\/jpeg\" \/>\n<meta name=\"twitter:card\" content=\"summary_large_image\" \/>\n<meta name=\"twitter:label1\" content=\"Geschatte leestijd\" \/>\n\t<meta name=\"twitter:data1\" content=\"1 minuut\" \/>\n<script type=\"application\/ld+json\" class=\"yoast-schema-graph\">{\"@context\":\"https:\\\/\\\/schema.org\",\"@graph\":[{\"@type\":\"WebPage\",\"@id\":\"https:\\\/\\\/b19.be\\\/nl\\\/galerie\\\/b19-brabant-wallon-digital-afterwork\\\/\",\"url\":\"https:\\\/\\\/b19.be\\\/nl\\\/galerie\\\/b19-brabant-wallon-digital-afterwork\\\/\",\"name\":\"B19 Brabant wallon - Digital Afterwork - B19\",\"isPartOf\":{\"@id\":\"https:\\\/\\\/b19.be\\\/nl\\\/#website\"},\"primaryImageOfPage\":{\"@id\":\"https:\\\/\\\/b19.be\\\/nl\\\/galerie\\\/b19-brabant-wallon-digital-afterwork\\\/#primaryimage\"},\"image\":{\"@id\":\"https:\\\/\\\/b19.be\\\/nl\\\/galerie\\\/b19-brabant-wallon-digital-afterwork\\\/#primaryimage\"},\"thumbnailUrl\":\"https:\\\/\\\/b19.be\\\/wp-content\\\/uploads\\\/2025\\\/08\\\/73cf664c-4d67-44c9-91f5-0a8ff64c0c8e.jpg\",\"datePublished\":\"2025-08-29T14:56:21+00:00\",\"breadcrumb\":{\"@id\":\"https:\\\/\\\/b19.be\\\/nl\\\/galerie\\\/b19-brabant-wallon-digital-afterwork\\\/#breadcrumb\"},\"inLanguage\":\"nl-BE\",\"potentialAction\":[{\"@type\":\"ReadAction\",\"target\":[\"https:\\\/\\\/b19.be\\\/nl\\\/galerie\\\/b19-brabant-wallon-digital-afterwork\\\/\"]}]},{\"@type\":\"ImageObject\",\"inLanguage\":\"nl-BE\",\"@id\":\"https:\\\/\\\/b19.be\\\/nl\\\/galerie\\\/b19-brabant-wallon-digital-afterwork\\\/#primaryimage\",\"url\":\"https:\\\/\\\/b19.be\\\/wp-content\\\/uploads\\\/2025\\\/08\\\/73cf664c-4d67-44c9-91f5-0a8ff64c0c8e.jpg\",\"contentUrl\":\"https:\\\/\\\/b19.be\\\/wp-content\\\/uploads\\\/2025\\\/08\\\/73cf664c-4d67-44c9-91f5-0a8ff64c0c8e.jpg\",\"width\":1800,\"height\":1200},{\"@type\":\"BreadcrumbList\",\"@id\":\"https:\\\/\\\/b19.be\\\/nl\\\/galerie\\\/b19-brabant-wallon-digital-afterwork\\\/#breadcrumb\",\"itemListElement\":[{\"@type\":\"ListItem\",\"position\":1,\"name\":\"Home\",\"item\":\"https:\\\/\\\/b19.be\\\/nl\\\/\"},{\"@type\":\"ListItem\",\"position\":2,\"name\":\"B19 Brabant wallon \u2013 Digital Afterwork\"}]},{\"@type\":\"WebSite\",\"@id\":\"https:\\\/\\\/b19.be\\\/nl\\\/#website\",\"url\":\"https:\\\/\\\/b19.be\\\/nl\\\/\",\"name\":\"B19\",\"description\":\"National Business Club &amp; Networking\",\"publisher\":{\"@id\":\"https:\\\/\\\/b19.be\\\/nl\\\/#organization\"},\"alternateName\":\"B19 Business Club\",\"potentialAction\":[{\"@type\":\"SearchAction\",\"target\":{\"@type\":\"EntryPoint\",\"urlTemplate\":\"https:\\\/\\\/b19.be\\\/nl\\\/?s={search_term_string}\"},\"query-input\":{\"@type\":\"PropertyValueSpecification\",\"valueRequired\":true,\"valueName\":\"search_term_string\"}}],\"inLanguage\":\"nl-BE\"},{\"@type\":\"Organization\",\"@id\":\"https:\\\/\\\/b19.be\\\/nl\\\/#organization\",\"name\":\"B19\",\"alternateName\":\"B19 Business Club\",\"url\":\"https:\\\/\\\/b19.be\\\/nl\\\/\",\"logo\":{\"@type\":\"ImageObject\",\"inLanguage\":\"nl-BE\",\"@id\":\"https:\\\/\\\/b19.be\\\/nl\\\/#\\\/schema\\\/logo\\\/image\\\/\",\"url\":\"https:\\\/\\\/b19.be\\\/wp-content\\\/uploads\\\/2023\\\/09\\\/logob19.svg\",\"contentUrl\":\"https:\\\/\\\/b19.be\\\/wp-content\\\/uploads\\\/2023\\\/09\\\/logob19.svg\",\"width\":1,\"height\":1,\"caption\":\"B19\"},\"image\":{\"@id\":\"https:\\\/\\\/b19.be\\\/nl\\\/#\\\/schema\\\/logo\\\/image\\\/\"},\"sameAs\":[\"https:\\\/\\\/www.facebook.com\\\/B19BusinessClub\",\"https:\\\/\\\/www.linkedin.com\\\/company\\\/b19-country-club\\\/\",\"https:\\\/\\\/www.instagram.com\\\/b19_business_club\\\/\"]}]}<\/script>\n<!-- \/ Yoast SEO plugin. -->","yoast_head_json":{"title":"B19 Brabant wallon - Digital Afterwork - B19","robots":{"index":"index","follow":"follow","max-snippet":"max-snippet:-1","max-image-preview":"max-image-preview:large","max-video-preview":"max-video-preview:-1"},"canonical":"https:\/\/b19.be\/nl\/galerie\/b19-brabant-wallon-digital-afterwork\/","og_locale":"nl_BE","og_type":"article","og_title":"B19 Brabant wallon - Digital Afterwork - B19","og_description":"Mathieu Michel : \u00ab Le digital, c\u2019est vraiment pour tout le monde \u00bb A l\u2019Axis Parc de Mont-Saint Guibert, dans un Brabant wallon qu\u2019il connait si bien et sur lequel il veillait avec ma\u00eetrise dans ses domaines de pr\u00e9dilection avant de succomber aux sir\u00e8nes du F\u00e9d\u00e9ral, Mathieu Michel a d\u00e9velopp\u00e9 les axes de son plan [&hellip;]","og_url":"https:\/\/b19.be\/nl\/galerie\/b19-brabant-wallon-digital-afterwork\/","og_site_name":"B19","article_publisher":"https:\/\/www.facebook.com\/B19BusinessClub","og_image":[{"width":2000,"height":1331,"url":"https:\/\/b19.be\/wp-content\/uploads\/2023\/09\/b19-national-business-club.jpg","type":"image\/jpeg"}],"twitter_card":"summary_large_image","twitter_misc":{"Geschatte leestijd":"1 minuut"},"schema":{"@context":"https:\/\/schema.org","@graph":[{"@type":"WebPage","@id":"https:\/\/b19.be\/nl\/galerie\/b19-brabant-wallon-digital-afterwork\/","url":"https:\/\/b19.be\/nl\/galerie\/b19-brabant-wallon-digital-afterwork\/","name":"B19 Brabant wallon - Digital Afterwork - B19","isPartOf":{"@id":"https:\/\/b19.be\/nl\/#website"},"primaryImageOfPage":{"@id":"https:\/\/b19.be\/nl\/galerie\/b19-brabant-wallon-digital-afterwork\/#primaryimage"},"image":{"@id":"https:\/\/b19.be\/nl\/galerie\/b19-brabant-wallon-digital-afterwork\/#primaryimage"},"thumbnailUrl":"https:\/\/b19.be\/wp-content\/uploads\/2025\/08\/73cf664c-4d67-44c9-91f5-0a8ff64c0c8e.jpg","datePublished":"2025-08-29T14:56:21+00:00","breadcrumb":{"@id":"https:\/\/b19.be\/nl\/galerie\/b19-brabant-wallon-digital-afterwork\/#breadcrumb"},"inLanguage":"nl-BE","potentialAction":[{"@type":"ReadAction","target":["https:\/\/b19.be\/nl\/galerie\/b19-brabant-wallon-digital-afterwork\/"]}]},{"@type":"ImageObject","inLanguage":"nl-BE","@id":"https:\/\/b19.be\/nl\/galerie\/b19-brabant-wallon-digital-afterwork\/#primaryimage","url":"https:\/\/b19.be\/wp-content\/uploads\/2025\/08\/73cf664c-4d67-44c9-91f5-0a8ff64c0c8e.jpg","contentUrl":"https:\/\/b19.be\/wp-content\/uploads\/2025\/08\/73cf664c-4d67-44c9-91f5-0a8ff64c0c8e.jpg","width":1800,"height":1200},{"@type":"BreadcrumbList","@id":"https:\/\/b19.be\/nl\/galerie\/b19-brabant-wallon-digital-afterwork\/#breadcrumb","itemListElement":[{"@type":"ListItem","position":1,"name":"Home","item":"https:\/\/b19.be\/nl\/"},{"@type":"ListItem","position":2,"name":"B19 Brabant wallon \u2013 Digital Afterwork"}]},{"@type":"WebSite","@id":"https:\/\/b19.be\/nl\/#website","url":"https:\/\/b19.be\/nl\/","name":"B19","description":"National Business Club &amp; Networking","publisher":{"@id":"https:\/\/b19.be\/nl\/#organization"},"alternateName":"B19 Business Club","potentialAction":[{"@type":"SearchAction","target":{"@type":"EntryPoint","urlTemplate":"https:\/\/b19.be\/nl\/?s={search_term_string}"},"query-input":{"@type":"PropertyValueSpecification","valueRequired":true,"valueName":"search_term_string"}}],"inLanguage":"nl-BE"},{"@type":"Organization","@id":"https:\/\/b19.be\/nl\/#organization","name":"B19","alternateName":"B19 Business Club","url":"https:\/\/b19.be\/nl\/","logo":{"@type":"ImageObject","inLanguage":"nl-BE","@id":"https:\/\/b19.be\/nl\/#\/schema\/logo\/image\/","url":"https:\/\/b19.be\/wp-content\/uploads\/2023\/09\/logob19.svg","contentUrl":"https:\/\/b19.be\/wp-content\/uploads\/2023\/09\/logob19.svg","width":1,"height":1,"caption":"B19"},"image":{"@id":"https:\/\/b19.be\/nl\/#\/schema\/logo\/image\/"},"sameAs":["https:\/\/www.facebook.com\/B19BusinessClub","https:\/\/www.linkedin.com\/company\/b19-country-club\/","https:\/\/www.instagram.com\/b19_business_club\/"]}]}},"_links":{"self":[{"href":"https:\/\/b19.be\/nl\/wp-json\/wp\/v2\/gallery\/7681","targetHints":{"allow":["GET"]}}],"collection":[{"href":"https:\/\/b19.be\/nl\/wp-json\/wp\/v2\/gallery"}],"about":[{"href":"https:\/\/b19.be\/nl\/wp-json\/wp\/v2\/types\/gallery"}],"version-history":[{"count":0,"href":"https:\/\/b19.be\/nl\/wp-json\/wp\/v2\/gallery\/7681\/revisions"}],"wp:featuredmedia":[{"embeddable":true,"href":"https:\/\/b19.be\/nl\/wp-json\/wp\/v2\/media\/7682"}],"wp:attachment":[{"href":"https:\/\/b19.be\/nl\/wp-json\/wp\/v2\/media?parent=7681"}],"curies":[{"name":"wp","href":"https:\/\/api.w.org\/{rel}","templated":true}]}}