{"id":7354,"date":"2025-08-29T16:52:09","date_gmt":"2025-08-29T14:52:09","guid":{"rendered":"https:\/\/b19.be\/galerie\/afterwork-eric-de-beukelaer-vicaire-general-du-diocese-de-liege\/"},"modified":"2025-08-29T16:52:09","modified_gmt":"2025-08-29T14:52:09","slug":"afterwork-eric-de-beukelaer-vicaire-general-du-diocese-de-liege","status":"publish","type":"gallery","link":"https:\/\/b19.be\/nl\/galerie\/afterwork-eric-de-beukelaer-vicaire-general-du-diocese-de-liege\/","title":{"rendered":"Afterwork :Eric de Beukelaer \u2013 Vicaire g\u00e9n\u00e9ral du dioc\u00e8se de Li\u00e8ge"},"content":{"rendered":"<p><span>Chanoine et Vicaire g\u00e9n\u00e9ral du Dioc\u00e8se de Li\u00e8ge, ancien Porte-parole de l\u2019Assembl\u00e9e des \u00c9v\u00eaques de Belgique, sous Jean-Paul II et Beno\u00eet XVI, sous Monseigneur L\u00e9onard et Monseigneur Danneels, \u00c9ric de Beukelaere \u00e9tait en grande forme, ce jeudi soir au Bocholtz\u00a0! Une vocation d\u2019\u00e9conomiste politique, un appel spirituel, une volont\u00e9 p\u00e9dagogique, des \u00e9l\u00e9ments pour comprendre que cette soir\u00e9e \u00e9tait de tr\u00e8s haut vol, offrant entre mod\u00e8les \u00e9conomiques et philosophies de vie, le regard du catholicisme sur l\u2019\u00e9conomie, pragmatique et durable.<\/span><\/p>\n<p><span>Trois visions de l\u2019homme, et \u00e0 chaque fois un lien avec une vision \u00e9conomique et religieuse, entre les encycliques <em>Rerum novarum<\/em> de L\u00e9on X en 1891, et <em>Laudato Si<\/em> de Fran\u00e7ois Ier en 2015. Ni individu pr\u00e9dateur, ni naturellement bon, l\u2019homme chr\u00e9tien a cette intuition profonde qu\u2019il est cr\u00e9\u00e9 pour l\u2019amour, qu\u2019il communie dans l\u2019amour, mais qu\u2019il y a quelque chose de boiteux en lui, qu\u2019il peut r\u00e9tablir humblement dans la relation qu\u2019il a avec les autres et avec le monde. Pour celui qui signe \u00e9galement, rappelons-le, deux ouvrages avec Bruno Colmant, l\u2019id\u00e9e est d\u2019utiliser une libert\u00e9 temp\u00e9r\u00e9e pour vivre en harmonie, en justesse et en justice, dans la durabilit\u00e9, voire l\u2019\u00e9conologie, qui vise \u00e0 faire adopter une logique \u00e9conomique d\u2019une plan\u00e8te finie.<\/span><\/p>\n<p><span>@Bernadette P\u00e2ques, CEO CompanyWriters.be<\/span><\/p>\n<p>Photos : \u00a9 Michel Houet, Tilt Photographie<\/p>\n","protected":false},"excerpt":{"rendered":"<p>Chanoine et Vicaire g\u00e9n\u00e9ral du Dioc\u00e8se de Li\u00e8ge, ancien Porte-parole de l\u2019Assembl\u00e9e des \u00c9v\u00eaques de Belgique, sous Jean-Paul II et Beno\u00eet XVI, sous Monseigneur L\u00e9onard et Monseigneur Danneels, \u00c9ric de Beukelaere \u00e9tait en grande forme, ce jeudi soir au Bocholtz\u00a0! Une vocation d\u2019\u00e9conomiste politique, un appel spirituel, une volont\u00e9 p\u00e9dagogique, des \u00e9l\u00e9ments pour comprendre que [&hellip;]<\/p>\n","protected":false},"featured_media":7355,"template":"","class_list":["post-7354","gallery","type-gallery","status-publish","has-post-thumbnail","hentry"],"acf":[],"yoast_head":"<!-- This site is optimized with the Yoast SEO plugin v27.4 - https:\/\/yoast.com\/product\/yoast-seo-wordpress\/ -->\n<title>Afterwork :Eric de Beukelaer - Vicaire g\u00e9n\u00e9ral du dioc\u00e8se de Li\u00e8ge - B19<\/title>\n<meta name=\"robots\" content=\"index, follow, max-snippet:-1, max-image-preview:large, max-video-preview:-1\" \/>\n<link rel=\"canonical\" href=\"https:\/\/b19.be\/nl\/galerie\/afterwork-eric-de-beukelaer-vicaire-general-du-diocese-de-liege\/\" \/>\n<meta property=\"og:locale\" content=\"nl_BE\" \/>\n<meta property=\"og:type\" content=\"article\" \/>\n<meta property=\"og:title\" content=\"Afterwork :Eric de Beukelaer - Vicaire g\u00e9n\u00e9ral du dioc\u00e8se de Li\u00e8ge - B19\" \/>\n<meta property=\"og:description\" content=\"Chanoine et Vicaire g\u00e9n\u00e9ral du Dioc\u00e8se de Li\u00e8ge, ancien Porte-parole de l\u2019Assembl\u00e9e des \u00c9v\u00eaques de Belgique, sous Jean-Paul II et Beno\u00eet XVI, sous Monseigneur L\u00e9onard et Monseigneur Danneels, \u00c9ric de Beukelaere \u00e9tait en grande forme, ce jeudi soir au Bocholtz\u00a0! Une vocation d\u2019\u00e9conomiste politique, un appel spirituel, une volont\u00e9 p\u00e9dagogique, des \u00e9l\u00e9ments pour comprendre que [&hellip;]\" \/>\n<meta property=\"og:url\" content=\"https:\/\/b19.be\/nl\/galerie\/afterwork-eric-de-beukelaer-vicaire-general-du-diocese-de-liege\/\" \/>\n<meta property=\"og:site_name\" content=\"B19\" \/>\n<meta property=\"article:publisher\" content=\"https:\/\/www.facebook.com\/B19BusinessClub\" \/>\n<meta property=\"og:image\" content=\"https:\/\/b19.be\/wp-content\/uploads\/2023\/09\/b19-national-business-club.jpg\" \/>\n\t<meta property=\"og:image:width\" content=\"2000\" \/>\n\t<meta property=\"og:image:height\" content=\"1331\" \/>\n\t<meta property=\"og:image:type\" content=\"image\/jpeg\" \/>\n<meta name=\"twitter:card\" content=\"summary_large_image\" \/>\n<meta name=\"twitter:label1\" content=\"Geschatte leestijd\" \/>\n\t<meta name=\"twitter:data1\" content=\"1 minuut\" \/>\n<script type=\"application\/ld+json\" class=\"yoast-schema-graph\">{\"@context\":\"https:\\\/\\\/schema.org\",\"@graph\":[{\"@type\":\"WebPage\",\"@id\":\"https:\\\/\\\/b19.be\\\/nl\\\/galerie\\\/afterwork-eric-de-beukelaer-vicaire-general-du-diocese-de-liege\\\/\",\"url\":\"https:\\\/\\\/b19.be\\\/nl\\\/galerie\\\/afterwork-eric-de-beukelaer-vicaire-general-du-diocese-de-liege\\\/\",\"name\":\"Afterwork :Eric de Beukelaer - Vicaire g\u00e9n\u00e9ral du dioc\u00e8se de Li\u00e8ge - B19\",\"isPartOf\":{\"@id\":\"https:\\\/\\\/b19.be\\\/nl\\\/#website\"},\"primaryImageOfPage\":{\"@id\":\"https:\\\/\\\/b19.be\\\/nl\\\/galerie\\\/afterwork-eric-de-beukelaer-vicaire-general-du-diocese-de-liege\\\/#primaryimage\"},\"image\":{\"@id\":\"https:\\\/\\\/b19.be\\\/nl\\\/galerie\\\/afterwork-eric-de-beukelaer-vicaire-general-du-diocese-de-liege\\\/#primaryimage\"},\"thumbnailUrl\":\"https:\\\/\\\/b19.be\\\/wp-content\\\/uploads\\\/2025\\\/08\\\/d11c62aa-d3be-46c0-ad2f-9442a1f53813.jpg\",\"datePublished\":\"2025-08-29T14:52:09+00:00\",\"breadcrumb\":{\"@id\":\"https:\\\/\\\/b19.be\\\/nl\\\/galerie\\\/afterwork-eric-de-beukelaer-vicaire-general-du-diocese-de-liege\\\/#breadcrumb\"},\"inLanguage\":\"nl-BE\",\"potentialAction\":[{\"@type\":\"ReadAction\",\"target\":[\"https:\\\/\\\/b19.be\\\/nl\\\/galerie\\\/afterwork-eric-de-beukelaer-vicaire-general-du-diocese-de-liege\\\/\"]}]},{\"@type\":\"ImageObject\",\"inLanguage\":\"nl-BE\",\"@id\":\"https:\\\/\\\/b19.be\\\/nl\\\/galerie\\\/afterwork-eric-de-beukelaer-vicaire-general-du-diocese-de-liege\\\/#primaryimage\",\"url\":\"https:\\\/\\\/b19.be\\\/wp-content\\\/uploads\\\/2025\\\/08\\\/d11c62aa-d3be-46c0-ad2f-9442a1f53813.jpg\",\"contentUrl\":\"https:\\\/\\\/b19.be\\\/wp-content\\\/uploads\\\/2025\\\/08\\\/d11c62aa-d3be-46c0-ad2f-9442a1f53813.jpg\",\"width\":4464,\"height\":2976},{\"@type\":\"BreadcrumbList\",\"@id\":\"https:\\\/\\\/b19.be\\\/nl\\\/galerie\\\/afterwork-eric-de-beukelaer-vicaire-general-du-diocese-de-liege\\\/#breadcrumb\",\"itemListElement\":[{\"@type\":\"ListItem\",\"position\":1,\"name\":\"Home\",\"item\":\"https:\\\/\\\/b19.be\\\/nl\\\/\"},{\"@type\":\"ListItem\",\"position\":2,\"name\":\"Afterwork :Eric de Beukelaer \u2013 Vicaire g\u00e9n\u00e9ral du dioc\u00e8se de Li\u00e8ge\"}]},{\"@type\":\"WebSite\",\"@id\":\"https:\\\/\\\/b19.be\\\/nl\\\/#website\",\"url\":\"https:\\\/\\\/b19.be\\\/nl\\\/\",\"name\":\"B19\",\"description\":\"National Business Club &amp; Networking\",\"publisher\":{\"@id\":\"https:\\\/\\\/b19.be\\\/nl\\\/#organization\"},\"alternateName\":\"B19 Business Club\",\"potentialAction\":[{\"@type\":\"SearchAction\",\"target\":{\"@type\":\"EntryPoint\",\"urlTemplate\":\"https:\\\/\\\/b19.be\\\/nl\\\/?s={search_term_string}\"},\"query-input\":{\"@type\":\"PropertyValueSpecification\",\"valueRequired\":true,\"valueName\":\"search_term_string\"}}],\"inLanguage\":\"nl-BE\"},{\"@type\":\"Organization\",\"@id\":\"https:\\\/\\\/b19.be\\\/nl\\\/#organization\",\"name\":\"B19\",\"alternateName\":\"B19 Business Club\",\"url\":\"https:\\\/\\\/b19.be\\\/nl\\\/\",\"logo\":{\"@type\":\"ImageObject\",\"inLanguage\":\"nl-BE\",\"@id\":\"https:\\\/\\\/b19.be\\\/nl\\\/#\\\/schema\\\/logo\\\/image\\\/\",\"url\":\"https:\\\/\\\/b19.be\\\/wp-content\\\/uploads\\\/2023\\\/09\\\/logob19.svg\",\"contentUrl\":\"https:\\\/\\\/b19.be\\\/wp-content\\\/uploads\\\/2023\\\/09\\\/logob19.svg\",\"width\":1,\"height\":1,\"caption\":\"B19\"},\"image\":{\"@id\":\"https:\\\/\\\/b19.be\\\/nl\\\/#\\\/schema\\\/logo\\\/image\\\/\"},\"sameAs\":[\"https:\\\/\\\/www.facebook.com\\\/B19BusinessClub\",\"https:\\\/\\\/www.linkedin.com\\\/company\\\/b19-country-club\\\/\",\"https:\\\/\\\/www.instagram.com\\\/b19_business_club\\\/\"]}]}<\/script>\n<!-- \/ Yoast SEO plugin. -->","yoast_head_json":{"title":"Afterwork :Eric de Beukelaer - Vicaire g\u00e9n\u00e9ral du dioc\u00e8se de Li\u00e8ge - B19","robots":{"index":"index","follow":"follow","max-snippet":"max-snippet:-1","max-image-preview":"max-image-preview:large","max-video-preview":"max-video-preview:-1"},"canonical":"https:\/\/b19.be\/nl\/galerie\/afterwork-eric-de-beukelaer-vicaire-general-du-diocese-de-liege\/","og_locale":"nl_BE","og_type":"article","og_title":"Afterwork :Eric de Beukelaer - Vicaire g\u00e9n\u00e9ral du dioc\u00e8se de Li\u00e8ge - B19","og_description":"Chanoine et Vicaire g\u00e9n\u00e9ral du Dioc\u00e8se de Li\u00e8ge, ancien Porte-parole de l\u2019Assembl\u00e9e des \u00c9v\u00eaques de Belgique, sous Jean-Paul II et Beno\u00eet XVI, sous Monseigneur L\u00e9onard et Monseigneur Danneels, \u00c9ric de Beukelaere \u00e9tait en grande forme, ce jeudi soir au Bocholtz\u00a0! Une vocation d\u2019\u00e9conomiste politique, un appel spirituel, une volont\u00e9 p\u00e9dagogique, des \u00e9l\u00e9ments pour comprendre que [&hellip;]","og_url":"https:\/\/b19.be\/nl\/galerie\/afterwork-eric-de-beukelaer-vicaire-general-du-diocese-de-liege\/","og_site_name":"B19","article_publisher":"https:\/\/www.facebook.com\/B19BusinessClub","og_image":[{"width":2000,"height":1331,"url":"https:\/\/b19.be\/wp-content\/uploads\/2023\/09\/b19-national-business-club.jpg","type":"image\/jpeg"}],"twitter_card":"summary_large_image","twitter_misc":{"Geschatte leestijd":"1 minuut"},"schema":{"@context":"https:\/\/schema.org","@graph":[{"@type":"WebPage","@id":"https:\/\/b19.be\/nl\/galerie\/afterwork-eric-de-beukelaer-vicaire-general-du-diocese-de-liege\/","url":"https:\/\/b19.be\/nl\/galerie\/afterwork-eric-de-beukelaer-vicaire-general-du-diocese-de-liege\/","name":"Afterwork :Eric de Beukelaer - Vicaire g\u00e9n\u00e9ral du dioc\u00e8se de Li\u00e8ge - B19","isPartOf":{"@id":"https:\/\/b19.be\/nl\/#website"},"primaryImageOfPage":{"@id":"https:\/\/b19.be\/nl\/galerie\/afterwork-eric-de-beukelaer-vicaire-general-du-diocese-de-liege\/#primaryimage"},"image":{"@id":"https:\/\/b19.be\/nl\/galerie\/afterwork-eric-de-beukelaer-vicaire-general-du-diocese-de-liege\/#primaryimage"},"thumbnailUrl":"https:\/\/b19.be\/wp-content\/uploads\/2025\/08\/d11c62aa-d3be-46c0-ad2f-9442a1f53813.jpg","datePublished":"2025-08-29T14:52:09+00:00","breadcrumb":{"@id":"https:\/\/b19.be\/nl\/galerie\/afterwork-eric-de-beukelaer-vicaire-general-du-diocese-de-liege\/#breadcrumb"},"inLanguage":"nl-BE","potentialAction":[{"@type":"ReadAction","target":["https:\/\/b19.be\/nl\/galerie\/afterwork-eric-de-beukelaer-vicaire-general-du-diocese-de-liege\/"]}]},{"@type":"ImageObject","inLanguage":"nl-BE","@id":"https:\/\/b19.be\/nl\/galerie\/afterwork-eric-de-beukelaer-vicaire-general-du-diocese-de-liege\/#primaryimage","url":"https:\/\/b19.be\/wp-content\/uploads\/2025\/08\/d11c62aa-d3be-46c0-ad2f-9442a1f53813.jpg","contentUrl":"https:\/\/b19.be\/wp-content\/uploads\/2025\/08\/d11c62aa-d3be-46c0-ad2f-9442a1f53813.jpg","width":4464,"height":2976},{"@type":"BreadcrumbList","@id":"https:\/\/b19.be\/nl\/galerie\/afterwork-eric-de-beukelaer-vicaire-general-du-diocese-de-liege\/#breadcrumb","itemListElement":[{"@type":"ListItem","position":1,"name":"Home","item":"https:\/\/b19.be\/nl\/"},{"@type":"ListItem","position":2,"name":"Afterwork :Eric de Beukelaer \u2013 Vicaire g\u00e9n\u00e9ral du dioc\u00e8se de Li\u00e8ge"}]},{"@type":"WebSite","@id":"https:\/\/b19.be\/nl\/#website","url":"https:\/\/b19.be\/nl\/","name":"B19","description":"National Business Club &amp; Networking","publisher":{"@id":"https:\/\/b19.be\/nl\/#organization"},"alternateName":"B19 Business Club","potentialAction":[{"@type":"SearchAction","target":{"@type":"EntryPoint","urlTemplate":"https:\/\/b19.be\/nl\/?s={search_term_string}"},"query-input":{"@type":"PropertyValueSpecification","valueRequired":true,"valueName":"search_term_string"}}],"inLanguage":"nl-BE"},{"@type":"Organization","@id":"https:\/\/b19.be\/nl\/#organization","name":"B19","alternateName":"B19 Business Club","url":"https:\/\/b19.be\/nl\/","logo":{"@type":"ImageObject","inLanguage":"nl-BE","@id":"https:\/\/b19.be\/nl\/#\/schema\/logo\/image\/","url":"https:\/\/b19.be\/wp-content\/uploads\/2023\/09\/logob19.svg","contentUrl":"https:\/\/b19.be\/wp-content\/uploads\/2023\/09\/logob19.svg","width":1,"height":1,"caption":"B19"},"image":{"@id":"https:\/\/b19.be\/nl\/#\/schema\/logo\/image\/"},"sameAs":["https:\/\/www.facebook.com\/B19BusinessClub","https:\/\/www.linkedin.com\/company\/b19-country-club\/","https:\/\/www.instagram.com\/b19_business_club\/"]}]}},"_links":{"self":[{"href":"https:\/\/b19.be\/nl\/wp-json\/wp\/v2\/gallery\/7354","targetHints":{"allow":["GET"]}}],"collection":[{"href":"https:\/\/b19.be\/nl\/wp-json\/wp\/v2\/gallery"}],"about":[{"href":"https:\/\/b19.be\/nl\/wp-json\/wp\/v2\/types\/gallery"}],"version-history":[{"count":0,"href":"https:\/\/b19.be\/nl\/wp-json\/wp\/v2\/gallery\/7354\/revisions"}],"wp:featuredmedia":[{"embeddable":true,"href":"https:\/\/b19.be\/nl\/wp-json\/wp\/v2\/media\/7355"}],"wp:attachment":[{"href":"https:\/\/b19.be\/nl\/wp-json\/wp\/v2\/media?parent=7354"}],"curies":[{"name":"wp","href":"https:\/\/api.w.org\/{rel}","templated":true}]}}