{"id":5871,"date":"2025-05-09T08:17:57","date_gmt":"2025-05-09T06:17:57","guid":{"rendered":"https:\/\/b19.be\/galerie\/afterwork-manager-de-lannee-michael-labro-ceo-pmsweet\/"},"modified":"2025-05-09T08:17:57","modified_gmt":"2025-05-09T06:17:57","slug":"afterwork-manager-de-lannee-michael-labro-ceo-pmsweet","status":"publish","type":"gallery","link":"https:\/\/b19.be\/nl\/galerie\/afterwork-manager-de-lannee-michael-labro-ceo-pmsweet\/","title":{"rendered":"Afterwork \u2013 Manager de l\u2019ann\u00e9e \u2013 Michael Labro (CEO PMSweet)"},"content":{"rendered":"<p><span ><strong>Afterwork &#8211; Manager de l&#8217;ann\u00e9e &#8211; Michael Labro (CEO PMSweet)<\/strong><\/span><\/p>\n<p><span >Micha\u00ebl Labro, des macarons, encore et toujours\u00a0!<\/span><\/p>\n<p><span >Une histoire qui se vit au jour le jour, qui s\u2019\u00e9crit pas \u00e0 pas, des pas r\u00e9guliers, r\u00e9fl\u00e9chis. De la cuisine familiale au monde, en passant par le garage du grand-p\u00e8re. Des conseils de Mercotte \u00e0 la mise au point d\u2019une recette qui pla\u00eet de plus en plus. Du porte-\u00e0-porte, \u00e0 pied puis en scooter. Des \u00e9tudes de m\u00e9decine puis le choix du c\u0153ur. La passion et l\u2019intelligence, la volont\u00e9 de performer et de se d\u00e9passer, c\u2019est tout cela, Micha\u00ebl Labro. <\/span><\/p>\n<p><span >Le go\u00fbt du risque, le choix de l\u2019investissement \u00e0 fond. Et la recherche d\u2019un USP, ce dessalage de la coque, qui devient la diff\u00e9renciation essentielle dans un monde o\u00f9 la concurrence bat son plein. L\u2019envie et toujours l\u2019envie d\u2019\u00eatre plus grand, d\u2019aller plus loin. Entre flexibilit\u00e9, volumes, excellence et promesse tenue au retail, cette compr\u00e9hension qu\u2019il faut s\u2019entourer, de fa\u00e7on compl\u00e9mentaire et porteuse. Et ce discernement, plus large, qu\u2019il faut penser diversification et certification, cr\u00e9ation et automatisation, bien-\u00eatre des \u00e9quipes et scaling-up des projets. Avec cette conscience, plus profonde, qu\u2019il s\u2019agit d\u2019\u00eatre agile dans un environnement complexe, incertain, volatile, ambigu, lorsque l\u2019on a de l\u2019ambition. <\/span><\/p>\n<p><span >PMSweets, 10 ans seulement, mais une production de 1,4 million de macarons par jour, un CA de 60 millions d\u2019euros, 3 associ\u00e9s et plus de 350 collaborateurs. Plus que des chiffres, une aventure qui s\u2019exporte aux 4 coins de la plan\u00e8te. Demain se dessine avec envergure, modestie prudente et tellement de joie.<\/span><\/p>\n<p><span > \u00a9 Bernadette P\u00e2ques, CEO CompanyWriters.be<\/span><\/p>\n<p><span >\u00a9 Photos Virginie Willemet, <\/span><span system-ui\", \"Segoe UI\", Roboto, \"Helvetica Neue\", \"Fira Sans\", Ubuntu, Oxygen, \"Oxygen Sans\", Cantarell, \"Droid Sans\", \"Apple Color Emoji\", \"Segoe UI Emoji\", \"Segoe UI Emoji\", \"Segoe UI Symbol\", \"Lucida Grande\", Helvetica, Arial, sans-serif;\">[V]you &#8211; Photographie I Cr\u00e9ation digitale &amp; Contenu audiovisuel<\/span><\/p>\n","protected":false},"excerpt":{"rendered":"<p>Afterwork &#8211; Manager de l&#8217;ann\u00e9e &#8211; Michael Labro (CEO PMSweet) Micha\u00ebl Labro, des macarons, encore et toujours\u00a0! Une histoire qui se vit au jour le jour, qui s\u2019\u00e9crit pas \u00e0 pas, des pas r\u00e9guliers, r\u00e9fl\u00e9chis. De la cuisine familiale au monde, en passant par le garage du grand-p\u00e8re. Des conseils de Mercotte \u00e0 la mise [&hellip;]<\/p>\n","protected":false},"featured_media":5872,"template":"","class_list":["post-5871","gallery","type-gallery","status-publish","has-post-thumbnail","hentry"],"acf":[],"yoast_head":"<!-- This site is optimized with the Yoast SEO plugin v27.4 - https:\/\/yoast.com\/product\/yoast-seo-wordpress\/ -->\n<title>Afterwork - Manager de l&#039;ann\u00e9e - Michael Labro (CEO PMSweet) - B19<\/title>\n<meta name=\"robots\" content=\"index, follow, max-snippet:-1, max-image-preview:large, max-video-preview:-1\" \/>\n<link rel=\"canonical\" href=\"https:\/\/b19.be\/nl\/galerie\/afterwork-manager-de-lannee-michael-labro-ceo-pmsweet\/\" \/>\n<meta property=\"og:locale\" content=\"nl_BE\" \/>\n<meta property=\"og:type\" content=\"article\" \/>\n<meta property=\"og:title\" content=\"Afterwork - Manager de l&#039;ann\u00e9e - Michael Labro (CEO PMSweet) - B19\" \/>\n<meta property=\"og:description\" content=\"Afterwork &#8211; Manager de l&#8217;ann\u00e9e &#8211; Michael Labro (CEO PMSweet) Micha\u00ebl Labro, des macarons, encore et toujours\u00a0! Une histoire qui se vit au jour le jour, qui s\u2019\u00e9crit pas \u00e0 pas, des pas r\u00e9guliers, r\u00e9fl\u00e9chis. De la cuisine familiale au monde, en passant par le garage du grand-p\u00e8re. Des conseils de Mercotte \u00e0 la mise [&hellip;]\" \/>\n<meta property=\"og:url\" content=\"https:\/\/b19.be\/nl\/galerie\/afterwork-manager-de-lannee-michael-labro-ceo-pmsweet\/\" \/>\n<meta property=\"og:site_name\" content=\"B19\" \/>\n<meta property=\"article:publisher\" content=\"https:\/\/www.facebook.com\/B19BusinessClub\" \/>\n<meta property=\"og:image\" content=\"https:\/\/b19.be\/wp-content\/uploads\/2023\/09\/b19-national-business-club.jpg\" \/>\n\t<meta property=\"og:image:width\" content=\"2000\" \/>\n\t<meta property=\"og:image:height\" content=\"1331\" \/>\n\t<meta property=\"og:image:type\" content=\"image\/jpeg\" \/>\n<meta name=\"twitter:card\" content=\"summary_large_image\" \/>\n<meta name=\"twitter:label1\" content=\"Geschatte leestijd\" \/>\n\t<meta name=\"twitter:data1\" content=\"2 minuten\" \/>\n<script type=\"application\/ld+json\" class=\"yoast-schema-graph\">{\"@context\":\"https:\\\/\\\/schema.org\",\"@graph\":[{\"@type\":\"WebPage\",\"@id\":\"https:\\\/\\\/b19.be\\\/nl\\\/galerie\\\/afterwork-manager-de-lannee-michael-labro-ceo-pmsweet\\\/\",\"url\":\"https:\\\/\\\/b19.be\\\/nl\\\/galerie\\\/afterwork-manager-de-lannee-michael-labro-ceo-pmsweet\\\/\",\"name\":\"Afterwork - Manager de l'ann\u00e9e - Michael Labro (CEO PMSweet) - B19\",\"isPartOf\":{\"@id\":\"https:\\\/\\\/b19.be\\\/nl\\\/#website\"},\"primaryImageOfPage\":{\"@id\":\"https:\\\/\\\/b19.be\\\/nl\\\/galerie\\\/afterwork-manager-de-lannee-michael-labro-ceo-pmsweet\\\/#primaryimage\"},\"image\":{\"@id\":\"https:\\\/\\\/b19.be\\\/nl\\\/galerie\\\/afterwork-manager-de-lannee-michael-labro-ceo-pmsweet\\\/#primaryimage\"},\"thumbnailUrl\":\"https:\\\/\\\/b19.be\\\/wp-content\\\/uploads\\\/2025\\\/05\\\/a79d945c-303a-4aee-b0b6-d0789af7f9d2.jpg\",\"datePublished\":\"2025-05-09T06:17:57+00:00\",\"breadcrumb\":{\"@id\":\"https:\\\/\\\/b19.be\\\/nl\\\/galerie\\\/afterwork-manager-de-lannee-michael-labro-ceo-pmsweet\\\/#breadcrumb\"},\"inLanguage\":\"nl-BE\",\"potentialAction\":[{\"@type\":\"ReadAction\",\"target\":[\"https:\\\/\\\/b19.be\\\/nl\\\/galerie\\\/afterwork-manager-de-lannee-michael-labro-ceo-pmsweet\\\/\"]}]},{\"@type\":\"ImageObject\",\"inLanguage\":\"nl-BE\",\"@id\":\"https:\\\/\\\/b19.be\\\/nl\\\/galerie\\\/afterwork-manager-de-lannee-michael-labro-ceo-pmsweet\\\/#primaryimage\",\"url\":\"https:\\\/\\\/b19.be\\\/wp-content\\\/uploads\\\/2025\\\/05\\\/a79d945c-303a-4aee-b0b6-d0789af7f9d2.jpg\",\"contentUrl\":\"https:\\\/\\\/b19.be\\\/wp-content\\\/uploads\\\/2025\\\/05\\\/a79d945c-303a-4aee-b0b6-d0789af7f9d2.jpg\",\"width\":2200,\"height\":1467},{\"@type\":\"BreadcrumbList\",\"@id\":\"https:\\\/\\\/b19.be\\\/nl\\\/galerie\\\/afterwork-manager-de-lannee-michael-labro-ceo-pmsweet\\\/#breadcrumb\",\"itemListElement\":[{\"@type\":\"ListItem\",\"position\":1,\"name\":\"Home\",\"item\":\"https:\\\/\\\/b19.be\\\/nl\\\/\"},{\"@type\":\"ListItem\",\"position\":2,\"name\":\"Afterwork \u2013 Manager de l\u2019ann\u00e9e \u2013 Michael Labro (CEO PMSweet)\"}]},{\"@type\":\"WebSite\",\"@id\":\"https:\\\/\\\/b19.be\\\/nl\\\/#website\",\"url\":\"https:\\\/\\\/b19.be\\\/nl\\\/\",\"name\":\"B19\",\"description\":\"National Business Club &amp; Networking\",\"publisher\":{\"@id\":\"https:\\\/\\\/b19.be\\\/nl\\\/#organization\"},\"alternateName\":\"B19 Business Club\",\"potentialAction\":[{\"@type\":\"SearchAction\",\"target\":{\"@type\":\"EntryPoint\",\"urlTemplate\":\"https:\\\/\\\/b19.be\\\/nl\\\/?s={search_term_string}\"},\"query-input\":{\"@type\":\"PropertyValueSpecification\",\"valueRequired\":true,\"valueName\":\"search_term_string\"}}],\"inLanguage\":\"nl-BE\"},{\"@type\":\"Organization\",\"@id\":\"https:\\\/\\\/b19.be\\\/nl\\\/#organization\",\"name\":\"B19\",\"alternateName\":\"B19 Business Club\",\"url\":\"https:\\\/\\\/b19.be\\\/nl\\\/\",\"logo\":{\"@type\":\"ImageObject\",\"inLanguage\":\"nl-BE\",\"@id\":\"https:\\\/\\\/b19.be\\\/nl\\\/#\\\/schema\\\/logo\\\/image\\\/\",\"url\":\"https:\\\/\\\/b19.be\\\/wp-content\\\/uploads\\\/2023\\\/09\\\/logob19.svg\",\"contentUrl\":\"https:\\\/\\\/b19.be\\\/wp-content\\\/uploads\\\/2023\\\/09\\\/logob19.svg\",\"width\":1,\"height\":1,\"caption\":\"B19\"},\"image\":{\"@id\":\"https:\\\/\\\/b19.be\\\/nl\\\/#\\\/schema\\\/logo\\\/image\\\/\"},\"sameAs\":[\"https:\\\/\\\/www.facebook.com\\\/B19BusinessClub\",\"https:\\\/\\\/www.linkedin.com\\\/company\\\/b19-country-club\\\/\",\"https:\\\/\\\/www.instagram.com\\\/b19_business_club\\\/\"]}]}<\/script>\n<!-- \/ Yoast SEO plugin. -->","yoast_head_json":{"title":"Afterwork - Manager de l'ann\u00e9e - Michael Labro (CEO PMSweet) - B19","robots":{"index":"index","follow":"follow","max-snippet":"max-snippet:-1","max-image-preview":"max-image-preview:large","max-video-preview":"max-video-preview:-1"},"canonical":"https:\/\/b19.be\/nl\/galerie\/afterwork-manager-de-lannee-michael-labro-ceo-pmsweet\/","og_locale":"nl_BE","og_type":"article","og_title":"Afterwork - Manager de l'ann\u00e9e - Michael Labro (CEO PMSweet) - B19","og_description":"Afterwork &#8211; Manager de l&#8217;ann\u00e9e &#8211; Michael Labro (CEO PMSweet) Micha\u00ebl Labro, des macarons, encore et toujours\u00a0! Une histoire qui se vit au jour le jour, qui s\u2019\u00e9crit pas \u00e0 pas, des pas r\u00e9guliers, r\u00e9fl\u00e9chis. De la cuisine familiale au monde, en passant par le garage du grand-p\u00e8re. Des conseils de Mercotte \u00e0 la mise [&hellip;]","og_url":"https:\/\/b19.be\/nl\/galerie\/afterwork-manager-de-lannee-michael-labro-ceo-pmsweet\/","og_site_name":"B19","article_publisher":"https:\/\/www.facebook.com\/B19BusinessClub","og_image":[{"width":2000,"height":1331,"url":"https:\/\/b19.be\/wp-content\/uploads\/2023\/09\/b19-national-business-club.jpg","type":"image\/jpeg"}],"twitter_card":"summary_large_image","twitter_misc":{"Geschatte leestijd":"2 minuten"},"schema":{"@context":"https:\/\/schema.org","@graph":[{"@type":"WebPage","@id":"https:\/\/b19.be\/nl\/galerie\/afterwork-manager-de-lannee-michael-labro-ceo-pmsweet\/","url":"https:\/\/b19.be\/nl\/galerie\/afterwork-manager-de-lannee-michael-labro-ceo-pmsweet\/","name":"Afterwork - Manager de l'ann\u00e9e - Michael Labro (CEO PMSweet) - B19","isPartOf":{"@id":"https:\/\/b19.be\/nl\/#website"},"primaryImageOfPage":{"@id":"https:\/\/b19.be\/nl\/galerie\/afterwork-manager-de-lannee-michael-labro-ceo-pmsweet\/#primaryimage"},"image":{"@id":"https:\/\/b19.be\/nl\/galerie\/afterwork-manager-de-lannee-michael-labro-ceo-pmsweet\/#primaryimage"},"thumbnailUrl":"https:\/\/b19.be\/wp-content\/uploads\/2025\/05\/a79d945c-303a-4aee-b0b6-d0789af7f9d2.jpg","datePublished":"2025-05-09T06:17:57+00:00","breadcrumb":{"@id":"https:\/\/b19.be\/nl\/galerie\/afterwork-manager-de-lannee-michael-labro-ceo-pmsweet\/#breadcrumb"},"inLanguage":"nl-BE","potentialAction":[{"@type":"ReadAction","target":["https:\/\/b19.be\/nl\/galerie\/afterwork-manager-de-lannee-michael-labro-ceo-pmsweet\/"]}]},{"@type":"ImageObject","inLanguage":"nl-BE","@id":"https:\/\/b19.be\/nl\/galerie\/afterwork-manager-de-lannee-michael-labro-ceo-pmsweet\/#primaryimage","url":"https:\/\/b19.be\/wp-content\/uploads\/2025\/05\/a79d945c-303a-4aee-b0b6-d0789af7f9d2.jpg","contentUrl":"https:\/\/b19.be\/wp-content\/uploads\/2025\/05\/a79d945c-303a-4aee-b0b6-d0789af7f9d2.jpg","width":2200,"height":1467},{"@type":"BreadcrumbList","@id":"https:\/\/b19.be\/nl\/galerie\/afterwork-manager-de-lannee-michael-labro-ceo-pmsweet\/#breadcrumb","itemListElement":[{"@type":"ListItem","position":1,"name":"Home","item":"https:\/\/b19.be\/nl\/"},{"@type":"ListItem","position":2,"name":"Afterwork \u2013 Manager de l\u2019ann\u00e9e \u2013 Michael Labro (CEO PMSweet)"}]},{"@type":"WebSite","@id":"https:\/\/b19.be\/nl\/#website","url":"https:\/\/b19.be\/nl\/","name":"B19","description":"National Business Club &amp; Networking","publisher":{"@id":"https:\/\/b19.be\/nl\/#organization"},"alternateName":"B19 Business Club","potentialAction":[{"@type":"SearchAction","target":{"@type":"EntryPoint","urlTemplate":"https:\/\/b19.be\/nl\/?s={search_term_string}"},"query-input":{"@type":"PropertyValueSpecification","valueRequired":true,"valueName":"search_term_string"}}],"inLanguage":"nl-BE"},{"@type":"Organization","@id":"https:\/\/b19.be\/nl\/#organization","name":"B19","alternateName":"B19 Business Club","url":"https:\/\/b19.be\/nl\/","logo":{"@type":"ImageObject","inLanguage":"nl-BE","@id":"https:\/\/b19.be\/nl\/#\/schema\/logo\/image\/","url":"https:\/\/b19.be\/wp-content\/uploads\/2023\/09\/logob19.svg","contentUrl":"https:\/\/b19.be\/wp-content\/uploads\/2023\/09\/logob19.svg","width":1,"height":1,"caption":"B19"},"image":{"@id":"https:\/\/b19.be\/nl\/#\/schema\/logo\/image\/"},"sameAs":["https:\/\/www.facebook.com\/B19BusinessClub","https:\/\/www.linkedin.com\/company\/b19-country-club\/","https:\/\/www.instagram.com\/b19_business_club\/"]}]}},"_links":{"self":[{"href":"https:\/\/b19.be\/nl\/wp-json\/wp\/v2\/gallery\/5871","targetHints":{"allow":["GET"]}}],"collection":[{"href":"https:\/\/b19.be\/nl\/wp-json\/wp\/v2\/gallery"}],"about":[{"href":"https:\/\/b19.be\/nl\/wp-json\/wp\/v2\/types\/gallery"}],"version-history":[{"count":0,"href":"https:\/\/b19.be\/nl\/wp-json\/wp\/v2\/gallery\/5871\/revisions"}],"wp:featuredmedia":[{"embeddable":true,"href":"https:\/\/b19.be\/nl\/wp-json\/wp\/v2\/media\/5872"}],"wp:attachment":[{"href":"https:\/\/b19.be\/nl\/wp-json\/wp\/v2\/media?parent=5871"}],"curies":[{"name":"wp","href":"https:\/\/api.w.org\/{rel}","templated":true}]}}