{"id":5745,"date":"2025-05-08T19:31:59","date_gmt":"2025-05-08T17:31:59","guid":{"rendered":"https:\/\/b19.be\/galerie\/afterwork-pierre-henri-delaval-lecoute-dans-un-monde-connecte-redefinir-les-interactions-humaines-a-lere-digitale\/"},"modified":"2025-05-08T19:31:59","modified_gmt":"2025-05-08T17:31:59","slug":"afterwork-pierre-henri-delaval-lecoute-dans-un-monde-connecte-redefinir-les-interactions-humaines-a-lere-digitale","status":"publish","type":"gallery","link":"https:\/\/b19.be\/nl\/galerie\/afterwork-pierre-henri-delaval-lecoute-dans-un-monde-connecte-redefinir-les-interactions-humaines-a-lere-digitale\/","title":{"rendered":"Afterwork \u2013 Pierre-Henri Delaval \u201cL\u2019\u00c9coute dans un Monde Connect\u00e9: Red\u00e9finir les Interactions Humaines \u00e0 l\u2019\u00c8re Digitale\u201d"},"content":{"rendered":"<p>La conf\u00e9rence &#8220;L&#8217;\u00c9coute dans un Monde Connect\u00e9&#8221; avec Pierre-Henri Delaval explore l\u2019importance de l&#8217;\u00e9coute active \u00e0 l\u2019\u00e8re num\u00e9rique. Face aux distractions des \u00e9crans et notifications, Delaval propose des outils concrets pour renforcer nos interactions humaines. Il met en lumi\u00e8re comment une \u00e9coute plus authentique peut transformer nos relations, am\u00e9liorer la communication au sein des \u00e9quipes et apporter un impact positif durable. Ce moment d\u2019\u00e9change invite \u00e0 revaloriser l\u2019art de l\u2019\u00e9coute pour recr\u00e9er des connexions humaines dans un monde digitalis\u00e9.<\/p>\n<p>\u00a9 Marie Colpin PHOTOGRAPHY<\/p>\n","protected":false},"excerpt":{"rendered":"<p>La conf\u00e9rence &#8220;L&#8217;\u00c9coute dans un Monde Connect\u00e9&#8221; avec Pierre-Henri Delaval explore l\u2019importance de l&#8217;\u00e9coute active \u00e0 l\u2019\u00e8re num\u00e9rique. Face aux distractions des \u00e9crans et notifications, Delaval propose des outils concrets pour renforcer nos interactions humaines. Il met en lumi\u00e8re comment une \u00e9coute plus authentique peut transformer nos relations, am\u00e9liorer la communication au sein des \u00e9quipes [&hellip;]<\/p>\n","protected":false},"featured_media":5746,"template":"","class_list":["post-5745","gallery","type-gallery","status-publish","has-post-thumbnail","hentry"],"acf":[],"yoast_head":"<!-- This site is optimized with the Yoast SEO plugin v27.5 - https:\/\/yoast.com\/product\/yoast-seo-wordpress\/ -->\n<title>Afterwork - Pierre-Henri Delaval &quot;L&#039;\u00c9coute dans un Monde Connect\u00e9: Red\u00e9finir les Interactions Humaines \u00e0 l&#039;\u00c8re Digitale&quot; - B19<\/title>\n<meta name=\"robots\" content=\"index, follow, max-snippet:-1, max-image-preview:large, max-video-preview:-1\" \/>\n<link rel=\"canonical\" href=\"https:\/\/b19.be\/nl\/galerie\/afterwork-pierre-henri-delaval-lecoute-dans-un-monde-connecte-redefinir-les-interactions-humaines-a-lere-digitale\/\" \/>\n<meta property=\"og:locale\" content=\"nl_BE\" \/>\n<meta property=\"og:type\" content=\"article\" \/>\n<meta property=\"og:title\" content=\"Afterwork - Pierre-Henri Delaval &quot;L&#039;\u00c9coute dans un Monde Connect\u00e9: Red\u00e9finir les Interactions Humaines \u00e0 l&#039;\u00c8re Digitale&quot; - B19\" \/>\n<meta property=\"og:description\" content=\"La conf\u00e9rence &#8220;L&#8217;\u00c9coute dans un Monde Connect\u00e9&#8221; avec Pierre-Henri Delaval explore l\u2019importance de l&#8217;\u00e9coute active \u00e0 l\u2019\u00e8re num\u00e9rique. Face aux distractions des \u00e9crans et notifications, Delaval propose des outils concrets pour renforcer nos interactions humaines. Il met en lumi\u00e8re comment une \u00e9coute plus authentique peut transformer nos relations, am\u00e9liorer la communication au sein des \u00e9quipes [&hellip;]\" \/>\n<meta property=\"og:url\" content=\"https:\/\/b19.be\/nl\/galerie\/afterwork-pierre-henri-delaval-lecoute-dans-un-monde-connecte-redefinir-les-interactions-humaines-a-lere-digitale\/\" \/>\n<meta property=\"og:site_name\" content=\"B19\" \/>\n<meta property=\"article:publisher\" content=\"https:\/\/www.facebook.com\/B19BusinessClub\" \/>\n<meta property=\"og:image\" content=\"https:\/\/b19.be\/wp-content\/uploads\/2023\/09\/b19-national-business-club.jpg\" \/>\n\t<meta property=\"og:image:width\" content=\"2000\" \/>\n\t<meta property=\"og:image:height\" content=\"1331\" \/>\n\t<meta property=\"og:image:type\" content=\"image\/jpeg\" \/>\n<meta name=\"twitter:card\" content=\"summary_large_image\" \/>\n<script type=\"application\/ld+json\" class=\"yoast-schema-graph\">{\"@context\":\"https:\\\/\\\/schema.org\",\"@graph\":[{\"@type\":\"WebPage\",\"@id\":\"https:\\\/\\\/b19.be\\\/nl\\\/galerie\\\/afterwork-pierre-henri-delaval-lecoute-dans-un-monde-connecte-redefinir-les-interactions-humaines-a-lere-digitale\\\/\",\"url\":\"https:\\\/\\\/b19.be\\\/nl\\\/galerie\\\/afterwork-pierre-henri-delaval-lecoute-dans-un-monde-connecte-redefinir-les-interactions-humaines-a-lere-digitale\\\/\",\"name\":\"Afterwork - Pierre-Henri Delaval \\\"L'\u00c9coute dans un Monde Connect\u00e9: Red\u00e9finir les Interactions Humaines \u00e0 l'\u00c8re Digitale\\\" - B19\",\"isPartOf\":{\"@id\":\"https:\\\/\\\/b19.be\\\/nl\\\/#website\"},\"primaryImageOfPage\":{\"@id\":\"https:\\\/\\\/b19.be\\\/nl\\\/galerie\\\/afterwork-pierre-henri-delaval-lecoute-dans-un-monde-connecte-redefinir-les-interactions-humaines-a-lere-digitale\\\/#primaryimage\"},\"image\":{\"@id\":\"https:\\\/\\\/b19.be\\\/nl\\\/galerie\\\/afterwork-pierre-henri-delaval-lecoute-dans-un-monde-connecte-redefinir-les-interactions-humaines-a-lere-digitale\\\/#primaryimage\"},\"thumbnailUrl\":\"https:\\\/\\\/b19.be\\\/wp-content\\\/uploads\\\/2025\\\/05\\\/ac57f2c9-6f0c-46a4-96d2-3ea179d7821d.jpg\",\"datePublished\":\"2025-05-08T17:31:59+00:00\",\"breadcrumb\":{\"@id\":\"https:\\\/\\\/b19.be\\\/nl\\\/galerie\\\/afterwork-pierre-henri-delaval-lecoute-dans-un-monde-connecte-redefinir-les-interactions-humaines-a-lere-digitale\\\/#breadcrumb\"},\"inLanguage\":\"nl-BE\",\"potentialAction\":[{\"@type\":\"ReadAction\",\"target\":[\"https:\\\/\\\/b19.be\\\/nl\\\/galerie\\\/afterwork-pierre-henri-delaval-lecoute-dans-un-monde-connecte-redefinir-les-interactions-humaines-a-lere-digitale\\\/\"]}]},{\"@type\":\"ImageObject\",\"inLanguage\":\"nl-BE\",\"@id\":\"https:\\\/\\\/b19.be\\\/nl\\\/galerie\\\/afterwork-pierre-henri-delaval-lecoute-dans-un-monde-connecte-redefinir-les-interactions-humaines-a-lere-digitale\\\/#primaryimage\",\"url\":\"https:\\\/\\\/b19.be\\\/wp-content\\\/uploads\\\/2025\\\/05\\\/ac57f2c9-6f0c-46a4-96d2-3ea179d7821d.jpg\",\"contentUrl\":\"https:\\\/\\\/b19.be\\\/wp-content\\\/uploads\\\/2025\\\/05\\\/ac57f2c9-6f0c-46a4-96d2-3ea179d7821d.jpg\",\"width\":5744,\"height\":3829},{\"@type\":\"BreadcrumbList\",\"@id\":\"https:\\\/\\\/b19.be\\\/nl\\\/galerie\\\/afterwork-pierre-henri-delaval-lecoute-dans-un-monde-connecte-redefinir-les-interactions-humaines-a-lere-digitale\\\/#breadcrumb\",\"itemListElement\":[{\"@type\":\"ListItem\",\"position\":1,\"name\":\"Home\",\"item\":\"https:\\\/\\\/b19.be\\\/nl\\\/\"},{\"@type\":\"ListItem\",\"position\":2,\"name\":\"Afterwork \u2013 Pierre-Henri Delaval \u00ab\u00a0L\u2019\u00c9coute dans un Monde Connect\u00e9: Red\u00e9finir les Interactions Humaines \u00e0 l\u2019\u00c8re Digitale\u00a0\u00bb\"}]},{\"@type\":\"WebSite\",\"@id\":\"https:\\\/\\\/b19.be\\\/nl\\\/#website\",\"url\":\"https:\\\/\\\/b19.be\\\/nl\\\/\",\"name\":\"B19\",\"description\":\"National Business Club &amp; Networking\",\"publisher\":{\"@id\":\"https:\\\/\\\/b19.be\\\/nl\\\/#organization\"},\"alternateName\":\"B19 Business Club\",\"potentialAction\":[{\"@type\":\"SearchAction\",\"target\":{\"@type\":\"EntryPoint\",\"urlTemplate\":\"https:\\\/\\\/b19.be\\\/nl\\\/?s={search_term_string}\"},\"query-input\":{\"@type\":\"PropertyValueSpecification\",\"valueRequired\":true,\"valueName\":\"search_term_string\"}}],\"inLanguage\":\"nl-BE\"},{\"@type\":\"Organization\",\"@id\":\"https:\\\/\\\/b19.be\\\/nl\\\/#organization\",\"name\":\"B19\",\"alternateName\":\"B19 Business Club\",\"url\":\"https:\\\/\\\/b19.be\\\/nl\\\/\",\"logo\":{\"@type\":\"ImageObject\",\"inLanguage\":\"nl-BE\",\"@id\":\"https:\\\/\\\/b19.be\\\/nl\\\/#\\\/schema\\\/logo\\\/image\\\/\",\"url\":\"https:\\\/\\\/b19.be\\\/wp-content\\\/uploads\\\/2023\\\/09\\\/logob19.svg\",\"contentUrl\":\"https:\\\/\\\/b19.be\\\/wp-content\\\/uploads\\\/2023\\\/09\\\/logob19.svg\",\"width\":1,\"height\":1,\"caption\":\"B19\"},\"image\":{\"@id\":\"https:\\\/\\\/b19.be\\\/nl\\\/#\\\/schema\\\/logo\\\/image\\\/\"},\"sameAs\":[\"https:\\\/\\\/www.facebook.com\\\/B19BusinessClub\",\"https:\\\/\\\/www.linkedin.com\\\/company\\\/b19-country-club\\\/\",\"https:\\\/\\\/www.instagram.com\\\/b19_business_club\\\/\"]}]}<\/script>\n<!-- \/ Yoast SEO plugin. -->","yoast_head_json":{"title":"Afterwork - Pierre-Henri Delaval \"L'\u00c9coute dans un Monde Connect\u00e9: Red\u00e9finir les Interactions Humaines \u00e0 l'\u00c8re Digitale\" - B19","robots":{"index":"index","follow":"follow","max-snippet":"max-snippet:-1","max-image-preview":"max-image-preview:large","max-video-preview":"max-video-preview:-1"},"canonical":"https:\/\/b19.be\/nl\/galerie\/afterwork-pierre-henri-delaval-lecoute-dans-un-monde-connecte-redefinir-les-interactions-humaines-a-lere-digitale\/","og_locale":"nl_BE","og_type":"article","og_title":"Afterwork - Pierre-Henri Delaval \"L'\u00c9coute dans un Monde Connect\u00e9: Red\u00e9finir les Interactions Humaines \u00e0 l'\u00c8re Digitale\" - B19","og_description":"La conf\u00e9rence &#8220;L&#8217;\u00c9coute dans un Monde Connect\u00e9&#8221; avec Pierre-Henri Delaval explore l\u2019importance de l&#8217;\u00e9coute active \u00e0 l\u2019\u00e8re num\u00e9rique. Face aux distractions des \u00e9crans et notifications, Delaval propose des outils concrets pour renforcer nos interactions humaines. Il met en lumi\u00e8re comment une \u00e9coute plus authentique peut transformer nos relations, am\u00e9liorer la communication au sein des \u00e9quipes [&hellip;]","og_url":"https:\/\/b19.be\/nl\/galerie\/afterwork-pierre-henri-delaval-lecoute-dans-un-monde-connecte-redefinir-les-interactions-humaines-a-lere-digitale\/","og_site_name":"B19","article_publisher":"https:\/\/www.facebook.com\/B19BusinessClub","og_image":[{"width":2000,"height":1331,"url":"https:\/\/b19.be\/wp-content\/uploads\/2023\/09\/b19-national-business-club.jpg","type":"image\/jpeg"}],"twitter_card":"summary_large_image","schema":{"@context":"https:\/\/schema.org","@graph":[{"@type":"WebPage","@id":"https:\/\/b19.be\/nl\/galerie\/afterwork-pierre-henri-delaval-lecoute-dans-un-monde-connecte-redefinir-les-interactions-humaines-a-lere-digitale\/","url":"https:\/\/b19.be\/nl\/galerie\/afterwork-pierre-henri-delaval-lecoute-dans-un-monde-connecte-redefinir-les-interactions-humaines-a-lere-digitale\/","name":"Afterwork - Pierre-Henri Delaval \"L'\u00c9coute dans un Monde Connect\u00e9: Red\u00e9finir les Interactions Humaines \u00e0 l'\u00c8re Digitale\" - B19","isPartOf":{"@id":"https:\/\/b19.be\/nl\/#website"},"primaryImageOfPage":{"@id":"https:\/\/b19.be\/nl\/galerie\/afterwork-pierre-henri-delaval-lecoute-dans-un-monde-connecte-redefinir-les-interactions-humaines-a-lere-digitale\/#primaryimage"},"image":{"@id":"https:\/\/b19.be\/nl\/galerie\/afterwork-pierre-henri-delaval-lecoute-dans-un-monde-connecte-redefinir-les-interactions-humaines-a-lere-digitale\/#primaryimage"},"thumbnailUrl":"https:\/\/b19.be\/wp-content\/uploads\/2025\/05\/ac57f2c9-6f0c-46a4-96d2-3ea179d7821d.jpg","datePublished":"2025-05-08T17:31:59+00:00","breadcrumb":{"@id":"https:\/\/b19.be\/nl\/galerie\/afterwork-pierre-henri-delaval-lecoute-dans-un-monde-connecte-redefinir-les-interactions-humaines-a-lere-digitale\/#breadcrumb"},"inLanguage":"nl-BE","potentialAction":[{"@type":"ReadAction","target":["https:\/\/b19.be\/nl\/galerie\/afterwork-pierre-henri-delaval-lecoute-dans-un-monde-connecte-redefinir-les-interactions-humaines-a-lere-digitale\/"]}]},{"@type":"ImageObject","inLanguage":"nl-BE","@id":"https:\/\/b19.be\/nl\/galerie\/afterwork-pierre-henri-delaval-lecoute-dans-un-monde-connecte-redefinir-les-interactions-humaines-a-lere-digitale\/#primaryimage","url":"https:\/\/b19.be\/wp-content\/uploads\/2025\/05\/ac57f2c9-6f0c-46a4-96d2-3ea179d7821d.jpg","contentUrl":"https:\/\/b19.be\/wp-content\/uploads\/2025\/05\/ac57f2c9-6f0c-46a4-96d2-3ea179d7821d.jpg","width":5744,"height":3829},{"@type":"BreadcrumbList","@id":"https:\/\/b19.be\/nl\/galerie\/afterwork-pierre-henri-delaval-lecoute-dans-un-monde-connecte-redefinir-les-interactions-humaines-a-lere-digitale\/#breadcrumb","itemListElement":[{"@type":"ListItem","position":1,"name":"Home","item":"https:\/\/b19.be\/nl\/"},{"@type":"ListItem","position":2,"name":"Afterwork \u2013 Pierre-Henri Delaval \u00ab\u00a0L\u2019\u00c9coute dans un Monde Connect\u00e9: Red\u00e9finir les Interactions Humaines \u00e0 l\u2019\u00c8re Digitale\u00a0\u00bb"}]},{"@type":"WebSite","@id":"https:\/\/b19.be\/nl\/#website","url":"https:\/\/b19.be\/nl\/","name":"B19","description":"National Business Club &amp; Networking","publisher":{"@id":"https:\/\/b19.be\/nl\/#organization"},"alternateName":"B19 Business Club","potentialAction":[{"@type":"SearchAction","target":{"@type":"EntryPoint","urlTemplate":"https:\/\/b19.be\/nl\/?s={search_term_string}"},"query-input":{"@type":"PropertyValueSpecification","valueRequired":true,"valueName":"search_term_string"}}],"inLanguage":"nl-BE"},{"@type":"Organization","@id":"https:\/\/b19.be\/nl\/#organization","name":"B19","alternateName":"B19 Business Club","url":"https:\/\/b19.be\/nl\/","logo":{"@type":"ImageObject","inLanguage":"nl-BE","@id":"https:\/\/b19.be\/nl\/#\/schema\/logo\/image\/","url":"https:\/\/b19.be\/wp-content\/uploads\/2023\/09\/logob19.svg","contentUrl":"https:\/\/b19.be\/wp-content\/uploads\/2023\/09\/logob19.svg","width":1,"height":1,"caption":"B19"},"image":{"@id":"https:\/\/b19.be\/nl\/#\/schema\/logo\/image\/"},"sameAs":["https:\/\/www.facebook.com\/B19BusinessClub","https:\/\/www.linkedin.com\/company\/b19-country-club\/","https:\/\/www.instagram.com\/b19_business_club\/"]}]}},"_links":{"self":[{"href":"https:\/\/b19.be\/nl\/wp-json\/wp\/v2\/gallery\/5745","targetHints":{"allow":["GET"]}}],"collection":[{"href":"https:\/\/b19.be\/nl\/wp-json\/wp\/v2\/gallery"}],"about":[{"href":"https:\/\/b19.be\/nl\/wp-json\/wp\/v2\/types\/gallery"}],"version-history":[{"count":0,"href":"https:\/\/b19.be\/nl\/wp-json\/wp\/v2\/gallery\/5745\/revisions"}],"wp:featuredmedia":[{"embeddable":true,"href":"https:\/\/b19.be\/nl\/wp-json\/wp\/v2\/media\/5746"}],"wp:attachment":[{"href":"https:\/\/b19.be\/nl\/wp-json\/wp\/v2\/media?parent=5745"}],"curies":[{"name":"wp","href":"https:\/\/api.w.org\/{rel}","templated":true}]}}