{"id":8542,"date":"2025-12-06T03:36:44","date_gmt":"2025-12-06T02:36:44","guid":{"rendered":"https:\/\/b19.be\/agenda\/breakfast-peter-adams-ceo-ing-nl\/"},"modified":"2026-01-12T04:50:08","modified_gmt":"2026-01-12T03:50:08","slug":"breakfast-peter-adams-ceo-ing-nl","status":"publish","type":"event","link":"https:\/\/b19.be\/nl\/agenda\/breakfast-peter-adams-ceo-ing-nl\/","title":{"rendered":"Breakfast Peter Adams, CEO ING"},"content":{"rendered":"<p>Nous avons le plaisir de vous inviter \u00e0 un Petit-d\u00e9jeuner Conf\u00e9rence exceptionnel, r\u00e9unissant deux voix majeures du secteur financier belge et international : Peter Adams, CEO d\u2019ING Belgique et Vincent Juvyns, Chief Investment Strategist de l\u2019Investment Office d\u2019ING Belgique.&nbsp;<\/p>\n<p>Peter Adams, \u00e0 la t\u00eate d\u2019ING Belgique depuis 2021, apportera sa vision unique du futur de la banque. Fort d\u2019un parcours international impressionnant \u2014 notamment chez Boston Consulting Group (BCG), o\u00f9 il a pilot\u00e9 de grandes transformations en Scandinavie, au Royaume-Uni, en France et au Benelux \u2014 il partagera les ambitions et les premiers r\u00e9sultats de la strat\u00e9gie Together for Progress, d\u00e9j\u00e0 porteuse d\u2019une croissance significative.&nbsp;<\/p>\n<p>Vincent Juvyns, r\u00e9cemment nomm\u00e9 Chief Investment Strategist (avril 2025), interviendra sur les dynamiques \u00e9conomiques et les tendances de march\u00e9. Avec plus de 20 ans d\u2019exp\u00e9rience en gestion d\u2019actifs, dont un r\u00f4le cl\u00e9 chez J.P. Morgan Asset Management, il offre un regard \u00e9clair\u00e9 sur les enjeux actuels. \u00c0 la t\u00eate de l\u2019\u00e9quipe locale de strat\u00e9gie d\u2019investissement, il joue un r\u00f4le central dans l\u2019alignement de la vision d\u2019ING au Benelux et dans la communication aupr\u00e8s des clients d\u2019ING.&nbsp;<\/p>\n<p>Cette rencontre matinale sera l\u2019occasion d\u2019obtenir des insights exclusifs sur :&nbsp;<\/p>\n<ul>\n<li>Les orientations strat\u00e9giques d\u2019ING Belgique&nbsp;<\/li>\n<li>Les transformations majeures du secteur bancaire&nbsp;<\/li>\n<li>Les perspectives \u00e9conomiques et de march\u00e9 pour les mois \u00e0 venir&nbsp;<\/li>\n<\/ul>\n<p>Et parce que chaque \u00e9change compte, ING sera ravi de vous accueillir dans son si\u00e8ge r\u00e9cemment r\u00e9nov\u00e9, pour partager un petit-d\u00e9jeuner convivial dans une atmosph\u00e8re chaleureuse, tout en profitant d\u2019une vue imprenable sur la capitale.&nbsp;<\/p>\n<p><strong>Orateurs<\/strong>&nbsp;<\/p>\n<p>Peter Adams, CEO ING&nbsp;&nbsp;<\/p>\n<p>Vincent Juvyns, Chief Investmest Strategist, ING&nbsp;&nbsp;<\/p>\n<p><strong>Interview : John-Alexander Bogaerts<\/strong><\/p>\n<p><strong>Timing<\/strong>&nbsp;<\/p>\n<p>07.30-08.00: Accueil <br \/>08.00-09.00: Rencontre-Conf\u00e9rence-Q&amp;A <br \/>09.00-09.30: Networking&nbsp;&nbsp;<\/p>\n<p><strong>Parking<\/strong><\/p>\n<p>Parking Inerparking offert dans les parkings 2 Portes et Arts Loi<\/p>\n","protected":false},"excerpt":{"rendered":"<p>Nous avons le plaisir de vous inviter \u00e0 un Petit-d\u00e9jeuner Conf\u00e9rence exceptionnel, r\u00e9unissant deux voix majeures du secteur financier belge et international : Peter Adams, CEO d\u2019ING Belgique et Vincent Juvyns, Chief Investment Strategist de l\u2019Investment Office d\u2019ING Belgique.&nbsp; Peter Adams, \u00e0 la t\u00eate d\u2019ING Belgique depuis 2021, apportera sa vision unique du futur de [&hellip;]<\/p>\n","protected":false},"featured_media":8927,"template":"","class_list":["post-8542","event","type-event","status-publish","has-post-thumbnail","hentry"],"acf":[],"yoast_head":"<!-- This site is optimized with the Yoast SEO plugin v27.4 - https:\/\/yoast.com\/product\/yoast-seo-wordpress\/ -->\n<title>Breakfast Peter Adams, CEO ING - B19<\/title>\n<meta name=\"robots\" content=\"index, follow, max-snippet:-1, max-image-preview:large, max-video-preview:-1\" \/>\n<link rel=\"canonical\" href=\"https:\/\/b19.be\/nl\/agenda\/breakfast-peter-adams-ceo-ing-nl\/\" \/>\n<meta property=\"og:locale\" content=\"nl_BE\" \/>\n<meta property=\"og:type\" content=\"article\" \/>\n<meta property=\"og:title\" content=\"Breakfast Peter Adams, CEO ING - B19\" \/>\n<meta property=\"og:description\" content=\"Nous avons le plaisir de vous inviter \u00e0 un Petit-d\u00e9jeuner Conf\u00e9rence exceptionnel, r\u00e9unissant deux voix majeures du secteur financier belge et international : Peter Adams, CEO d\u2019ING Belgique et Vincent Juvyns, Chief Investment Strategist de l\u2019Investment Office d\u2019ING Belgique.&nbsp; Peter Adams, \u00e0 la t\u00eate d\u2019ING Belgique depuis 2021, apportera sa vision unique du futur de [&hellip;]\" \/>\n<meta property=\"og:url\" content=\"https:\/\/b19.be\/nl\/agenda\/breakfast-peter-adams-ceo-ing-nl\/\" \/>\n<meta property=\"og:site_name\" content=\"B19\" \/>\n<meta property=\"article:publisher\" content=\"https:\/\/www.facebook.com\/B19BusinessClub\" \/>\n<meta property=\"article:modified_time\" content=\"2026-01-12T03:50:08+00:00\" \/>\n<meta property=\"og:image\" content=\"https:\/\/b19.be\/wp-content\/uploads\/2026\/01\/a180ca9d-c027-4612-b02b-76a37cbf47b6-2.png\" \/>\n\t<meta property=\"og:image:width\" content=\"1181\" \/>\n\t<meta property=\"og:image:height\" content=\"591\" \/>\n\t<meta property=\"og:image:type\" content=\"image\/png\" \/>\n<meta name=\"twitter:card\" content=\"summary_large_image\" \/>\n<meta name=\"twitter:label1\" content=\"Geschatte leestijd\" \/>\n\t<meta name=\"twitter:data1\" content=\"2 minuten\" \/>\n<script type=\"application\/ld+json\" class=\"yoast-schema-graph\">{\"@context\":\"https:\\\/\\\/schema.org\",\"@graph\":[{\"@type\":\"WebPage\",\"@id\":\"https:\\\/\\\/b19.be\\\/nl\\\/agenda\\\/breakfast-peter-adams-ceo-ing-nl\\\/\",\"url\":\"https:\\\/\\\/b19.be\\\/nl\\\/agenda\\\/breakfast-peter-adams-ceo-ing-nl\\\/\",\"name\":\"Breakfast Peter Adams, CEO ING - B19\",\"isPartOf\":{\"@id\":\"https:\\\/\\\/b19.be\\\/nl\\\/#website\"},\"primaryImageOfPage\":{\"@id\":\"https:\\\/\\\/b19.be\\\/nl\\\/agenda\\\/breakfast-peter-adams-ceo-ing-nl\\\/#primaryimage\"},\"image\":{\"@id\":\"https:\\\/\\\/b19.be\\\/nl\\\/agenda\\\/breakfast-peter-adams-ceo-ing-nl\\\/#primaryimage\"},\"thumbnailUrl\":\"https:\\\/\\\/b19.be\\\/wp-content\\\/uploads\\\/2026\\\/01\\\/a180ca9d-c027-4612-b02b-76a37cbf47b6-2.png\",\"datePublished\":\"2025-12-06T02:36:44+00:00\",\"dateModified\":\"2026-01-12T03:50:08+00:00\",\"breadcrumb\":{\"@id\":\"https:\\\/\\\/b19.be\\\/nl\\\/agenda\\\/breakfast-peter-adams-ceo-ing-nl\\\/#breadcrumb\"},\"inLanguage\":\"nl-BE\",\"potentialAction\":[{\"@type\":\"ReadAction\",\"target\":[\"https:\\\/\\\/b19.be\\\/nl\\\/agenda\\\/breakfast-peter-adams-ceo-ing-nl\\\/\"]}]},{\"@type\":\"ImageObject\",\"inLanguage\":\"nl-BE\",\"@id\":\"https:\\\/\\\/b19.be\\\/nl\\\/agenda\\\/breakfast-peter-adams-ceo-ing-nl\\\/#primaryimage\",\"url\":\"https:\\\/\\\/b19.be\\\/wp-content\\\/uploads\\\/2026\\\/01\\\/a180ca9d-c027-4612-b02b-76a37cbf47b6-2.png\",\"contentUrl\":\"https:\\\/\\\/b19.be\\\/wp-content\\\/uploads\\\/2026\\\/01\\\/a180ca9d-c027-4612-b02b-76a37cbf47b6-2.png\",\"width\":1181,\"height\":591},{\"@type\":\"BreadcrumbList\",\"@id\":\"https:\\\/\\\/b19.be\\\/nl\\\/agenda\\\/breakfast-peter-adams-ceo-ing-nl\\\/#breadcrumb\",\"itemListElement\":[{\"@type\":\"ListItem\",\"position\":1,\"name\":\"Home\",\"item\":\"https:\\\/\\\/b19.be\\\/nl\\\/\"},{\"@type\":\"ListItem\",\"position\":2,\"name\":\"Breakfast Peter Adams, CEO ING\"}]},{\"@type\":\"WebSite\",\"@id\":\"https:\\\/\\\/b19.be\\\/nl\\\/#website\",\"url\":\"https:\\\/\\\/b19.be\\\/nl\\\/\",\"name\":\"B19\",\"description\":\"National Business Club &amp; Networking\",\"publisher\":{\"@id\":\"https:\\\/\\\/b19.be\\\/nl\\\/#organization\"},\"alternateName\":\"B19 Business Club\",\"potentialAction\":[{\"@type\":\"SearchAction\",\"target\":{\"@type\":\"EntryPoint\",\"urlTemplate\":\"https:\\\/\\\/b19.be\\\/nl\\\/?s={search_term_string}\"},\"query-input\":{\"@type\":\"PropertyValueSpecification\",\"valueRequired\":true,\"valueName\":\"search_term_string\"}}],\"inLanguage\":\"nl-BE\"},{\"@type\":\"Organization\",\"@id\":\"https:\\\/\\\/b19.be\\\/nl\\\/#organization\",\"name\":\"B19\",\"alternateName\":\"B19 Business Club\",\"url\":\"https:\\\/\\\/b19.be\\\/nl\\\/\",\"logo\":{\"@type\":\"ImageObject\",\"inLanguage\":\"nl-BE\",\"@id\":\"https:\\\/\\\/b19.be\\\/nl\\\/#\\\/schema\\\/logo\\\/image\\\/\",\"url\":\"https:\\\/\\\/b19.be\\\/wp-content\\\/uploads\\\/2023\\\/09\\\/logob19.svg\",\"contentUrl\":\"https:\\\/\\\/b19.be\\\/wp-content\\\/uploads\\\/2023\\\/09\\\/logob19.svg\",\"width\":1,\"height\":1,\"caption\":\"B19\"},\"image\":{\"@id\":\"https:\\\/\\\/b19.be\\\/nl\\\/#\\\/schema\\\/logo\\\/image\\\/\"},\"sameAs\":[\"https:\\\/\\\/www.facebook.com\\\/B19BusinessClub\",\"https:\\\/\\\/www.linkedin.com\\\/company\\\/b19-country-club\\\/\",\"https:\\\/\\\/www.instagram.com\\\/b19_business_club\\\/\"]}]}<\/script>\n<!-- \/ Yoast SEO plugin. -->","yoast_head_json":{"title":"Breakfast Peter Adams, CEO ING - B19","robots":{"index":"index","follow":"follow","max-snippet":"max-snippet:-1","max-image-preview":"max-image-preview:large","max-video-preview":"max-video-preview:-1"},"canonical":"https:\/\/b19.be\/nl\/agenda\/breakfast-peter-adams-ceo-ing-nl\/","og_locale":"nl_BE","og_type":"article","og_title":"Breakfast Peter Adams, CEO ING - B19","og_description":"Nous avons le plaisir de vous inviter \u00e0 un Petit-d\u00e9jeuner Conf\u00e9rence exceptionnel, r\u00e9unissant deux voix majeures du secteur financier belge et international : Peter Adams, CEO d\u2019ING Belgique et Vincent Juvyns, Chief Investment Strategist de l\u2019Investment Office d\u2019ING Belgique.&nbsp; Peter Adams, \u00e0 la t\u00eate d\u2019ING Belgique depuis 2021, apportera sa vision unique du futur de [&hellip;]","og_url":"https:\/\/b19.be\/nl\/agenda\/breakfast-peter-adams-ceo-ing-nl\/","og_site_name":"B19","article_publisher":"https:\/\/www.facebook.com\/B19BusinessClub","article_modified_time":"2026-01-12T03:50:08+00:00","og_image":[{"width":1181,"height":591,"url":"https:\/\/b19.be\/wp-content\/uploads\/2026\/01\/a180ca9d-c027-4612-b02b-76a37cbf47b6-2.png","type":"image\/png"}],"twitter_card":"summary_large_image","twitter_misc":{"Geschatte leestijd":"2 minuten"},"schema":{"@context":"https:\/\/schema.org","@graph":[{"@type":"WebPage","@id":"https:\/\/b19.be\/nl\/agenda\/breakfast-peter-adams-ceo-ing-nl\/","url":"https:\/\/b19.be\/nl\/agenda\/breakfast-peter-adams-ceo-ing-nl\/","name":"Breakfast Peter Adams, CEO ING - B19","isPartOf":{"@id":"https:\/\/b19.be\/nl\/#website"},"primaryImageOfPage":{"@id":"https:\/\/b19.be\/nl\/agenda\/breakfast-peter-adams-ceo-ing-nl\/#primaryimage"},"image":{"@id":"https:\/\/b19.be\/nl\/agenda\/breakfast-peter-adams-ceo-ing-nl\/#primaryimage"},"thumbnailUrl":"https:\/\/b19.be\/wp-content\/uploads\/2026\/01\/a180ca9d-c027-4612-b02b-76a37cbf47b6-2.png","datePublished":"2025-12-06T02:36:44+00:00","dateModified":"2026-01-12T03:50:08+00:00","breadcrumb":{"@id":"https:\/\/b19.be\/nl\/agenda\/breakfast-peter-adams-ceo-ing-nl\/#breadcrumb"},"inLanguage":"nl-BE","potentialAction":[{"@type":"ReadAction","target":["https:\/\/b19.be\/nl\/agenda\/breakfast-peter-adams-ceo-ing-nl\/"]}]},{"@type":"ImageObject","inLanguage":"nl-BE","@id":"https:\/\/b19.be\/nl\/agenda\/breakfast-peter-adams-ceo-ing-nl\/#primaryimage","url":"https:\/\/b19.be\/wp-content\/uploads\/2026\/01\/a180ca9d-c027-4612-b02b-76a37cbf47b6-2.png","contentUrl":"https:\/\/b19.be\/wp-content\/uploads\/2026\/01\/a180ca9d-c027-4612-b02b-76a37cbf47b6-2.png","width":1181,"height":591},{"@type":"BreadcrumbList","@id":"https:\/\/b19.be\/nl\/agenda\/breakfast-peter-adams-ceo-ing-nl\/#breadcrumb","itemListElement":[{"@type":"ListItem","position":1,"name":"Home","item":"https:\/\/b19.be\/nl\/"},{"@type":"ListItem","position":2,"name":"Breakfast Peter Adams, CEO ING"}]},{"@type":"WebSite","@id":"https:\/\/b19.be\/nl\/#website","url":"https:\/\/b19.be\/nl\/","name":"B19","description":"National Business Club &amp; Networking","publisher":{"@id":"https:\/\/b19.be\/nl\/#organization"},"alternateName":"B19 Business Club","potentialAction":[{"@type":"SearchAction","target":{"@type":"EntryPoint","urlTemplate":"https:\/\/b19.be\/nl\/?s={search_term_string}"},"query-input":{"@type":"PropertyValueSpecification","valueRequired":true,"valueName":"search_term_string"}}],"inLanguage":"nl-BE"},{"@type":"Organization","@id":"https:\/\/b19.be\/nl\/#organization","name":"B19","alternateName":"B19 Business Club","url":"https:\/\/b19.be\/nl\/","logo":{"@type":"ImageObject","inLanguage":"nl-BE","@id":"https:\/\/b19.be\/nl\/#\/schema\/logo\/image\/","url":"https:\/\/b19.be\/wp-content\/uploads\/2023\/09\/logob19.svg","contentUrl":"https:\/\/b19.be\/wp-content\/uploads\/2023\/09\/logob19.svg","width":1,"height":1,"caption":"B19"},"image":{"@id":"https:\/\/b19.be\/nl\/#\/schema\/logo\/image\/"},"sameAs":["https:\/\/www.facebook.com\/B19BusinessClub","https:\/\/www.linkedin.com\/company\/b19-country-club\/","https:\/\/www.instagram.com\/b19_business_club\/"]}]}},"_links":{"self":[{"href":"https:\/\/b19.be\/nl\/wp-json\/wp\/v2\/event\/8542","targetHints":{"allow":["GET"]}}],"collection":[{"href":"https:\/\/b19.be\/nl\/wp-json\/wp\/v2\/event"}],"about":[{"href":"https:\/\/b19.be\/nl\/wp-json\/wp\/v2\/types\/event"}],"version-history":[{"count":0,"href":"https:\/\/b19.be\/nl\/wp-json\/wp\/v2\/event\/8542\/revisions"}],"wp:featuredmedia":[{"embeddable":true,"href":"https:\/\/b19.be\/nl\/wp-json\/wp\/v2\/media\/8927"}],"wp:attachment":[{"href":"https:\/\/b19.be\/nl\/wp-json\/wp\/v2\/media?parent=8542"}],"curies":[{"name":"wp","href":"https:\/\/api.w.org\/{rel}","templated":true}]}}