{"id":8123,"date":"2025-10-09T12:17:09","date_gmt":"2025-10-09T10:17:09","guid":{"rendered":"https:\/\/b19.be\/agenda\/la-securite-est-notre-premiere-liberte-nl\/"},"modified":"2025-10-09T12:17:09","modified_gmt":"2025-10-09T10:17:09","slug":"la-securite-est-notre-premiere-liberte-nl","status":"publish","type":"event","link":"https:\/\/b19.be\/nl\/agenda\/la-securite-est-notre-premiere-liberte-nl\/","title":{"rendered":"La s\u00e9curit\u00e9 est notre premi\u00e8re libert\u00e9 !"},"content":{"rendered":"<p>Garantir la s\u00e9curit\u00e9 est la mission premi\u00e8re de l\u2019\u00c9tat. Vivre en toute tranquillit\u00e9 est un droit fondamental pour chaque citoyen.<\/p>\n<p>L\u2019essor de la criminalit\u00e9 organis\u00e9e, la prolif\u00e9ration du trafic de drogue au c\u0153ur de nos villes et la mont\u00e9e de l\u2019extr\u00e9misme religieux fragilisent notre soci\u00e9t\u00e9 et menacent notre mode de vie.<\/p>\n<p>Ces d\u00e9fis exigent des r\u00e9ponses d\u00e9termin\u00e9es et sans concessions.<\/p>\n<p>S\u2019appuyant sur un accord de gouvernement ambitieux, Bernard Quintin a lanc\u00e9 d\u00e8s sa prise de fonction un ensemble de r\u00e9formes structurelles qu\u2019il aura l\u2019occasion de vous pr\u00e9senter lors de cette grande soir\u00e9e de rentr\u00e9e du B19.&nbsp;<\/p>\n<p>Son ambition est claire : r\u00e9tablir l\u2019ordre sur l\u2019ensemble du territoire national et la confiance des citoyens dans les autorit\u00e9s.<\/p>\n<p>Conf\u00e9rence anim\u00e9e par Caroline Fontenoy.<\/p>\n<p><strong>Timing<\/strong><\/p>\n<p><span >18.30 &#8211; 19.00 : accueil<\/span><br \/><span >19.00 &#8211; 20.00 : conf\u00e9rence<\/span><br \/><span >20.00 &#8211; 21.00 : drink &amp; networking<\/span>&nbsp;<\/p>\n","protected":false},"excerpt":{"rendered":"<p>Garantir la s\u00e9curit\u00e9 est la mission premi\u00e8re de l\u2019\u00c9tat. Vivre en toute tranquillit\u00e9 est un droit fondamental pour chaque citoyen. L\u2019essor de la criminalit\u00e9 organis\u00e9e, la prolif\u00e9ration du trafic de drogue au c\u0153ur de nos villes et la mont\u00e9e de l\u2019extr\u00e9misme religieux fragilisent notre soci\u00e9t\u00e9 et menacent notre mode de vie. Ces d\u00e9fis exigent des [&hellip;]<\/p>\n","protected":false},"featured_media":8121,"template":"","class_list":["post-8123","event","type-event","status-publish","has-post-thumbnail","hentry"],"acf":[],"yoast_head":"<!-- This site is optimized with the Yoast SEO plugin v27.4 - https:\/\/yoast.com\/product\/yoast-seo-wordpress\/ -->\n<title>La s\u00e9curit\u00e9 est notre premi\u00e8re libert\u00e9 ! - B19<\/title>\n<meta name=\"robots\" content=\"index, follow, max-snippet:-1, max-image-preview:large, max-video-preview:-1\" \/>\n<link rel=\"canonical\" href=\"https:\/\/b19.be\/nl\/agenda\/la-securite-est-notre-premiere-liberte-nl\/\" \/>\n<meta property=\"og:locale\" content=\"nl_BE\" \/>\n<meta property=\"og:type\" content=\"article\" \/>\n<meta property=\"og:title\" content=\"La s\u00e9curit\u00e9 est notre premi\u00e8re libert\u00e9 ! - B19\" \/>\n<meta property=\"og:description\" content=\"Garantir la s\u00e9curit\u00e9 est la mission premi\u00e8re de l\u2019\u00c9tat. Vivre en toute tranquillit\u00e9 est un droit fondamental pour chaque citoyen. L\u2019essor de la criminalit\u00e9 organis\u00e9e, la prolif\u00e9ration du trafic de drogue au c\u0153ur de nos villes et la mont\u00e9e de l\u2019extr\u00e9misme religieux fragilisent notre soci\u00e9t\u00e9 et menacent notre mode de vie. Ces d\u00e9fis exigent des [&hellip;]\" \/>\n<meta property=\"og:url\" content=\"https:\/\/b19.be\/nl\/agenda\/la-securite-est-notre-premiere-liberte-nl\/\" \/>\n<meta property=\"og:site_name\" content=\"B19\" \/>\n<meta property=\"article:publisher\" content=\"https:\/\/www.facebook.com\/B19BusinessClub\" \/>\n<meta property=\"og:image\" content=\"https:\/\/b19.be\/wp-content\/uploads\/2023\/09\/b19-national-business-club.jpg\" \/>\n\t<meta property=\"og:image:width\" content=\"2000\" \/>\n\t<meta property=\"og:image:height\" content=\"1331\" \/>\n\t<meta property=\"og:image:type\" content=\"image\/jpeg\" \/>\n<meta name=\"twitter:card\" content=\"summary_large_image\" \/>\n<meta name=\"twitter:label1\" content=\"Geschatte leestijd\" \/>\n\t<meta name=\"twitter:data1\" content=\"1 minuut\" \/>\n<script type=\"application\/ld+json\" class=\"yoast-schema-graph\">{\"@context\":\"https:\\\/\\\/schema.org\",\"@graph\":[{\"@type\":\"WebPage\",\"@id\":\"https:\\\/\\\/b19.be\\\/nl\\\/agenda\\\/la-securite-est-notre-premiere-liberte-nl\\\/\",\"url\":\"https:\\\/\\\/b19.be\\\/nl\\\/agenda\\\/la-securite-est-notre-premiere-liberte-nl\\\/\",\"name\":\"La s\u00e9curit\u00e9 est notre premi\u00e8re libert\u00e9 ! - B19\",\"isPartOf\":{\"@id\":\"https:\\\/\\\/b19.be\\\/nl\\\/#website\"},\"primaryImageOfPage\":{\"@id\":\"https:\\\/\\\/b19.be\\\/nl\\\/agenda\\\/la-securite-est-notre-premiere-liberte-nl\\\/#primaryimage\"},\"image\":{\"@id\":\"https:\\\/\\\/b19.be\\\/nl\\\/agenda\\\/la-securite-est-notre-premiere-liberte-nl\\\/#primaryimage\"},\"thumbnailUrl\":\"https:\\\/\\\/b19.be\\\/wp-content\\\/uploads\\\/2025\\\/10\\\/d2a466b1-dddf-49d1-954c-fbf62bec695b.png\",\"datePublished\":\"2025-10-09T10:17:09+00:00\",\"breadcrumb\":{\"@id\":\"https:\\\/\\\/b19.be\\\/nl\\\/agenda\\\/la-securite-est-notre-premiere-liberte-nl\\\/#breadcrumb\"},\"inLanguage\":\"nl-BE\",\"potentialAction\":[{\"@type\":\"ReadAction\",\"target\":[\"https:\\\/\\\/b19.be\\\/nl\\\/agenda\\\/la-securite-est-notre-premiere-liberte-nl\\\/\"]}]},{\"@type\":\"ImageObject\",\"inLanguage\":\"nl-BE\",\"@id\":\"https:\\\/\\\/b19.be\\\/nl\\\/agenda\\\/la-securite-est-notre-premiere-liberte-nl\\\/#primaryimage\",\"url\":\"https:\\\/\\\/b19.be\\\/wp-content\\\/uploads\\\/2025\\\/10\\\/d2a466b1-dddf-49d1-954c-fbf62bec695b.png\",\"contentUrl\":\"https:\\\/\\\/b19.be\\\/wp-content\\\/uploads\\\/2025\\\/10\\\/d2a466b1-dddf-49d1-954c-fbf62bec695b.png\",\"width\":1181,\"height\":591},{\"@type\":\"BreadcrumbList\",\"@id\":\"https:\\\/\\\/b19.be\\\/nl\\\/agenda\\\/la-securite-est-notre-premiere-liberte-nl\\\/#breadcrumb\",\"itemListElement\":[{\"@type\":\"ListItem\",\"position\":1,\"name\":\"Home\",\"item\":\"https:\\\/\\\/b19.be\\\/nl\\\/\"},{\"@type\":\"ListItem\",\"position\":2,\"name\":\"La s\u00e9curit\u00e9 est notre premi\u00e8re libert\u00e9 !\"}]},{\"@type\":\"WebSite\",\"@id\":\"https:\\\/\\\/b19.be\\\/nl\\\/#website\",\"url\":\"https:\\\/\\\/b19.be\\\/nl\\\/\",\"name\":\"B19\",\"description\":\"National Business Club &amp; Networking\",\"publisher\":{\"@id\":\"https:\\\/\\\/b19.be\\\/nl\\\/#organization\"},\"alternateName\":\"B19 Business Club\",\"potentialAction\":[{\"@type\":\"SearchAction\",\"target\":{\"@type\":\"EntryPoint\",\"urlTemplate\":\"https:\\\/\\\/b19.be\\\/nl\\\/?s={search_term_string}\"},\"query-input\":{\"@type\":\"PropertyValueSpecification\",\"valueRequired\":true,\"valueName\":\"search_term_string\"}}],\"inLanguage\":\"nl-BE\"},{\"@type\":\"Organization\",\"@id\":\"https:\\\/\\\/b19.be\\\/nl\\\/#organization\",\"name\":\"B19\",\"alternateName\":\"B19 Business Club\",\"url\":\"https:\\\/\\\/b19.be\\\/nl\\\/\",\"logo\":{\"@type\":\"ImageObject\",\"inLanguage\":\"nl-BE\",\"@id\":\"https:\\\/\\\/b19.be\\\/nl\\\/#\\\/schema\\\/logo\\\/image\\\/\",\"url\":\"https:\\\/\\\/b19.be\\\/wp-content\\\/uploads\\\/2023\\\/09\\\/logob19.svg\",\"contentUrl\":\"https:\\\/\\\/b19.be\\\/wp-content\\\/uploads\\\/2023\\\/09\\\/logob19.svg\",\"width\":1,\"height\":1,\"caption\":\"B19\"},\"image\":{\"@id\":\"https:\\\/\\\/b19.be\\\/nl\\\/#\\\/schema\\\/logo\\\/image\\\/\"},\"sameAs\":[\"https:\\\/\\\/www.facebook.com\\\/B19BusinessClub\",\"https:\\\/\\\/www.linkedin.com\\\/company\\\/b19-country-club\\\/\",\"https:\\\/\\\/www.instagram.com\\\/b19_business_club\\\/\"]}]}<\/script>\n<!-- \/ Yoast SEO plugin. -->","yoast_head_json":{"title":"La s\u00e9curit\u00e9 est notre premi\u00e8re libert\u00e9 ! - B19","robots":{"index":"index","follow":"follow","max-snippet":"max-snippet:-1","max-image-preview":"max-image-preview:large","max-video-preview":"max-video-preview:-1"},"canonical":"https:\/\/b19.be\/nl\/agenda\/la-securite-est-notre-premiere-liberte-nl\/","og_locale":"nl_BE","og_type":"article","og_title":"La s\u00e9curit\u00e9 est notre premi\u00e8re libert\u00e9 ! - B19","og_description":"Garantir la s\u00e9curit\u00e9 est la mission premi\u00e8re de l\u2019\u00c9tat. Vivre en toute tranquillit\u00e9 est un droit fondamental pour chaque citoyen. L\u2019essor de la criminalit\u00e9 organis\u00e9e, la prolif\u00e9ration du trafic de drogue au c\u0153ur de nos villes et la mont\u00e9e de l\u2019extr\u00e9misme religieux fragilisent notre soci\u00e9t\u00e9 et menacent notre mode de vie. Ces d\u00e9fis exigent des [&hellip;]","og_url":"https:\/\/b19.be\/nl\/agenda\/la-securite-est-notre-premiere-liberte-nl\/","og_site_name":"B19","article_publisher":"https:\/\/www.facebook.com\/B19BusinessClub","og_image":[{"width":2000,"height":1331,"url":"https:\/\/b19.be\/wp-content\/uploads\/2023\/09\/b19-national-business-club.jpg","type":"image\/jpeg"}],"twitter_card":"summary_large_image","twitter_misc":{"Geschatte leestijd":"1 minuut"},"schema":{"@context":"https:\/\/schema.org","@graph":[{"@type":"WebPage","@id":"https:\/\/b19.be\/nl\/agenda\/la-securite-est-notre-premiere-liberte-nl\/","url":"https:\/\/b19.be\/nl\/agenda\/la-securite-est-notre-premiere-liberte-nl\/","name":"La s\u00e9curit\u00e9 est notre premi\u00e8re libert\u00e9 ! - B19","isPartOf":{"@id":"https:\/\/b19.be\/nl\/#website"},"primaryImageOfPage":{"@id":"https:\/\/b19.be\/nl\/agenda\/la-securite-est-notre-premiere-liberte-nl\/#primaryimage"},"image":{"@id":"https:\/\/b19.be\/nl\/agenda\/la-securite-est-notre-premiere-liberte-nl\/#primaryimage"},"thumbnailUrl":"https:\/\/b19.be\/wp-content\/uploads\/2025\/10\/d2a466b1-dddf-49d1-954c-fbf62bec695b.png","datePublished":"2025-10-09T10:17:09+00:00","breadcrumb":{"@id":"https:\/\/b19.be\/nl\/agenda\/la-securite-est-notre-premiere-liberte-nl\/#breadcrumb"},"inLanguage":"nl-BE","potentialAction":[{"@type":"ReadAction","target":["https:\/\/b19.be\/nl\/agenda\/la-securite-est-notre-premiere-liberte-nl\/"]}]},{"@type":"ImageObject","inLanguage":"nl-BE","@id":"https:\/\/b19.be\/nl\/agenda\/la-securite-est-notre-premiere-liberte-nl\/#primaryimage","url":"https:\/\/b19.be\/wp-content\/uploads\/2025\/10\/d2a466b1-dddf-49d1-954c-fbf62bec695b.png","contentUrl":"https:\/\/b19.be\/wp-content\/uploads\/2025\/10\/d2a466b1-dddf-49d1-954c-fbf62bec695b.png","width":1181,"height":591},{"@type":"BreadcrumbList","@id":"https:\/\/b19.be\/nl\/agenda\/la-securite-est-notre-premiere-liberte-nl\/#breadcrumb","itemListElement":[{"@type":"ListItem","position":1,"name":"Home","item":"https:\/\/b19.be\/nl\/"},{"@type":"ListItem","position":2,"name":"La s\u00e9curit\u00e9 est notre premi\u00e8re libert\u00e9 !"}]},{"@type":"WebSite","@id":"https:\/\/b19.be\/nl\/#website","url":"https:\/\/b19.be\/nl\/","name":"B19","description":"National Business Club &amp; Networking","publisher":{"@id":"https:\/\/b19.be\/nl\/#organization"},"alternateName":"B19 Business Club","potentialAction":[{"@type":"SearchAction","target":{"@type":"EntryPoint","urlTemplate":"https:\/\/b19.be\/nl\/?s={search_term_string}"},"query-input":{"@type":"PropertyValueSpecification","valueRequired":true,"valueName":"search_term_string"}}],"inLanguage":"nl-BE"},{"@type":"Organization","@id":"https:\/\/b19.be\/nl\/#organization","name":"B19","alternateName":"B19 Business Club","url":"https:\/\/b19.be\/nl\/","logo":{"@type":"ImageObject","inLanguage":"nl-BE","@id":"https:\/\/b19.be\/nl\/#\/schema\/logo\/image\/","url":"https:\/\/b19.be\/wp-content\/uploads\/2023\/09\/logob19.svg","contentUrl":"https:\/\/b19.be\/wp-content\/uploads\/2023\/09\/logob19.svg","width":1,"height":1,"caption":"B19"},"image":{"@id":"https:\/\/b19.be\/nl\/#\/schema\/logo\/image\/"},"sameAs":["https:\/\/www.facebook.com\/B19BusinessClub","https:\/\/www.linkedin.com\/company\/b19-country-club\/","https:\/\/www.instagram.com\/b19_business_club\/"]}]}},"_links":{"self":[{"href":"https:\/\/b19.be\/nl\/wp-json\/wp\/v2\/event\/8123","targetHints":{"allow":["GET"]}}],"collection":[{"href":"https:\/\/b19.be\/nl\/wp-json\/wp\/v2\/event"}],"about":[{"href":"https:\/\/b19.be\/nl\/wp-json\/wp\/v2\/types\/event"}],"version-history":[{"count":0,"href":"https:\/\/b19.be\/nl\/wp-json\/wp\/v2\/event\/8123\/revisions"}],"wp:featuredmedia":[{"embeddable":true,"href":"https:\/\/b19.be\/nl\/wp-json\/wp\/v2\/media\/8121"}],"wp:attachment":[{"href":"https:\/\/b19.be\/nl\/wp-json\/wp\/v2\/media?parent=8123"}],"curies":[{"name":"wp","href":"https:\/\/api.w.org\/{rel}","templated":true}]}}