{"id":6680,"date":"2025-06-17T15:44:03","date_gmt":"2025-06-17T13:44:03","guid":{"rendered":"https:\/\/b19.be\/agenda\/opening-b19-liege-2-octobre-nl\/"},"modified":"2025-09-21T13:49:53","modified_gmt":"2025-09-21T11:49:53","slug":"opening-b19-liege-2-octobre-nl","status":"publish","type":"event","link":"https:\/\/b19.be\/nl\/agenda\/opening-b19-liege-2-octobre-nl\/","title":{"rendered":"Opening B19 Li\u00e8ge \u2013 2 Octobre"},"content":{"rendered":"<p><span>\ud83d\udccd Le 2 octobre 2025 B19 Li\u00e8ge Airport<\/span><\/p>\n<p><span>Apr\u00e8s quelques mois d\u2019absence, le <strong>B19 Li\u00e8ge rouvre ses portes<\/strong> avec une \u00e9nergie renouvel\u00e9e et l\u2019ambition de faire \u00e0 nouveau rayonner l\u2019esprit B19 dans la r\u00e9gion.<\/span><\/p>\n<p><span>\u2705 <strong>La m\u00eame formule gagnante<\/strong> que dans nos clubs de Namur, Charleroi, Bxl, Anvers et du Brabant wallon :<\/span><\/p>\n<p><span>\ud83d\udccc Des rencontres inspirantes<\/span><\/p>\n<p><span>\ud83d\udccc Un agenda de qualit\u00e9<\/span><\/p>\n<p><span>\ud83d\udccc Des orateurs de renom<\/span><\/p>\n<p><span>\ud83d\udccc Et surtout, un r\u00e9seau actif et dynamique <\/span><\/p>\n<p><span>Le B19 est d\u00e9sormais pilot\u00e9 en interne, par l\u2019\u00e9quipe B19 que vous connaissez d\u00e9j\u00e0 : d\u00e9termin\u00e9e \u00e0 offrir \u00e0 ses membres des \u00e9v\u00e9nements \u00e0 haute valeur ajout\u00e9e.<\/span><\/p>\n<p><span>\ud83d\ude80 Pour ce nouveau Rendez-vous, Li\u00e8ge Airport, qui devient notre nouveau camp de base li\u00e9geois \u00e0 L\u2019\u00e9chapp\u00e9e B\u0153uf ! <\/span><\/p>\n<p><span>Nous vous attendons nombreux pour c\u00e9l\u00e9brer ensemble cette nouvelle \u00e9tape du B19 \u00e0 Li\u00e8ge<\/p>\n<p><\/span><span><strong>Timing<\/strong><\/span><\/p>\n<p><span>18h30 : Accueil<\/span><span> <\/span><\/p>\n<p><span>19h \u2013 20h : Conf\u00e9rence<\/span><\/p>\n<p><span>20h \u2013 21h : Networking<\/span><\/p>\n","protected":false},"excerpt":{"rendered":"<p>\ud83d\udccd Le 2 octobre 2025 B19 Li\u00e8ge Airport Apr\u00e8s quelques mois d\u2019absence, le B19 Li\u00e8ge rouvre ses portes avec une \u00e9nergie renouvel\u00e9e et l\u2019ambition de faire \u00e0 nouveau rayonner l\u2019esprit B19 dans la r\u00e9gion. \u2705 La m\u00eame formule gagnante que dans nos clubs de Namur, Charleroi, Bxl, Anvers et du Brabant wallon : \ud83d\udccc Des [&hellip;]<\/p>\n","protected":false},"featured_media":7938,"template":"","class_list":["post-6680","event","type-event","status-publish","has-post-thumbnail","hentry"],"acf":[],"yoast_head":"<!-- This site is optimized with the Yoast SEO plugin v27.4 - https:\/\/yoast.com\/product\/yoast-seo-wordpress\/ -->\n<title>Opening B19 Li\u00e8ge - 2 Octobre - B19<\/title>\n<meta name=\"robots\" content=\"index, follow, max-snippet:-1, max-image-preview:large, max-video-preview:-1\" \/>\n<link rel=\"canonical\" href=\"https:\/\/b19.be\/nl\/agenda\/opening-b19-liege-2-octobre-nl\/\" \/>\n<meta property=\"og:locale\" content=\"nl_BE\" \/>\n<meta property=\"og:type\" content=\"article\" \/>\n<meta property=\"og:title\" content=\"Opening B19 Li\u00e8ge - 2 Octobre - B19\" \/>\n<meta property=\"og:description\" content=\"\ud83d\udccd Le 2 octobre 2025 B19 Li\u00e8ge Airport Apr\u00e8s quelques mois d\u2019absence, le B19 Li\u00e8ge rouvre ses portes avec une \u00e9nergie renouvel\u00e9e et l\u2019ambition de faire \u00e0 nouveau rayonner l\u2019esprit B19 dans la r\u00e9gion. \u2705 La m\u00eame formule gagnante que dans nos clubs de Namur, Charleroi, Bxl, Anvers et du Brabant wallon : \ud83d\udccc Des [&hellip;]\" \/>\n<meta property=\"og:url\" content=\"https:\/\/b19.be\/nl\/agenda\/opening-b19-liege-2-octobre-nl\/\" \/>\n<meta property=\"og:site_name\" content=\"B19\" \/>\n<meta property=\"article:publisher\" content=\"https:\/\/www.facebook.com\/B19BusinessClub\" \/>\n<meta property=\"article:modified_time\" content=\"2025-09-21T11:49:53+00:00\" \/>\n<meta property=\"og:image\" content=\"https:\/\/b19.be\/wp-content\/uploads\/2025\/09\/6c8518dc-3d67-4a46-a004-d57bdab74b22-1.jpg\" \/>\n\t<meta property=\"og:image:width\" content=\"2460\" \/>\n\t<meta property=\"og:image:height\" content=\"1231\" \/>\n\t<meta property=\"og:image:type\" content=\"image\/png\" \/>\n<meta name=\"twitter:card\" content=\"summary_large_image\" \/>\n<meta name=\"twitter:label1\" content=\"Geschatte leestijd\" \/>\n\t<meta name=\"twitter:data1\" content=\"1 minuut\" \/>\n<script type=\"application\/ld+json\" class=\"yoast-schema-graph\">{\"@context\":\"https:\\\/\\\/schema.org\",\"@graph\":[{\"@type\":\"WebPage\",\"@id\":\"https:\\\/\\\/b19.be\\\/nl\\\/agenda\\\/opening-b19-liege-2-octobre-nl\\\/\",\"url\":\"https:\\\/\\\/b19.be\\\/nl\\\/agenda\\\/opening-b19-liege-2-octobre-nl\\\/\",\"name\":\"Opening B19 Li\u00e8ge - 2 Octobre - B19\",\"isPartOf\":{\"@id\":\"https:\\\/\\\/b19.be\\\/nl\\\/#website\"},\"primaryImageOfPage\":{\"@id\":\"https:\\\/\\\/b19.be\\\/nl\\\/agenda\\\/opening-b19-liege-2-octobre-nl\\\/#primaryimage\"},\"image\":{\"@id\":\"https:\\\/\\\/b19.be\\\/nl\\\/agenda\\\/opening-b19-liege-2-octobre-nl\\\/#primaryimage\"},\"thumbnailUrl\":\"https:\\\/\\\/b19.be\\\/wp-content\\\/uploads\\\/2025\\\/09\\\/6c8518dc-3d67-4a46-a004-d57bdab74b22-1.jpg\",\"datePublished\":\"2025-06-17T13:44:03+00:00\",\"dateModified\":\"2025-09-21T11:49:53+00:00\",\"breadcrumb\":{\"@id\":\"https:\\\/\\\/b19.be\\\/nl\\\/agenda\\\/opening-b19-liege-2-octobre-nl\\\/#breadcrumb\"},\"inLanguage\":\"nl-BE\",\"potentialAction\":[{\"@type\":\"ReadAction\",\"target\":[\"https:\\\/\\\/b19.be\\\/nl\\\/agenda\\\/opening-b19-liege-2-octobre-nl\\\/\"]}]},{\"@type\":\"ImageObject\",\"inLanguage\":\"nl-BE\",\"@id\":\"https:\\\/\\\/b19.be\\\/nl\\\/agenda\\\/opening-b19-liege-2-octobre-nl\\\/#primaryimage\",\"url\":\"https:\\\/\\\/b19.be\\\/wp-content\\\/uploads\\\/2025\\\/09\\\/6c8518dc-3d67-4a46-a004-d57bdab74b22-1.jpg\",\"contentUrl\":\"https:\\\/\\\/b19.be\\\/wp-content\\\/uploads\\\/2025\\\/09\\\/6c8518dc-3d67-4a46-a004-d57bdab74b22-1.jpg\",\"width\":2460,\"height\":1231},{\"@type\":\"BreadcrumbList\",\"@id\":\"https:\\\/\\\/b19.be\\\/nl\\\/agenda\\\/opening-b19-liege-2-octobre-nl\\\/#breadcrumb\",\"itemListElement\":[{\"@type\":\"ListItem\",\"position\":1,\"name\":\"Home\",\"item\":\"https:\\\/\\\/b19.be\\\/nl\\\/\"},{\"@type\":\"ListItem\",\"position\":2,\"name\":\"Opening B19 Li\u00e8ge \u2013 2 Octobre\"}]},{\"@type\":\"WebSite\",\"@id\":\"https:\\\/\\\/b19.be\\\/nl\\\/#website\",\"url\":\"https:\\\/\\\/b19.be\\\/nl\\\/\",\"name\":\"B19\",\"description\":\"National Business Club &amp; Networking\",\"publisher\":{\"@id\":\"https:\\\/\\\/b19.be\\\/nl\\\/#organization\"},\"alternateName\":\"B19 Business Club\",\"potentialAction\":[{\"@type\":\"SearchAction\",\"target\":{\"@type\":\"EntryPoint\",\"urlTemplate\":\"https:\\\/\\\/b19.be\\\/nl\\\/?s={search_term_string}\"},\"query-input\":{\"@type\":\"PropertyValueSpecification\",\"valueRequired\":true,\"valueName\":\"search_term_string\"}}],\"inLanguage\":\"nl-BE\"},{\"@type\":\"Organization\",\"@id\":\"https:\\\/\\\/b19.be\\\/nl\\\/#organization\",\"name\":\"B19\",\"alternateName\":\"B19 Business Club\",\"url\":\"https:\\\/\\\/b19.be\\\/nl\\\/\",\"logo\":{\"@type\":\"ImageObject\",\"inLanguage\":\"nl-BE\",\"@id\":\"https:\\\/\\\/b19.be\\\/nl\\\/#\\\/schema\\\/logo\\\/image\\\/\",\"url\":\"https:\\\/\\\/b19.be\\\/wp-content\\\/uploads\\\/2023\\\/09\\\/logob19.svg\",\"contentUrl\":\"https:\\\/\\\/b19.be\\\/wp-content\\\/uploads\\\/2023\\\/09\\\/logob19.svg\",\"width\":1,\"height\":1,\"caption\":\"B19\"},\"image\":{\"@id\":\"https:\\\/\\\/b19.be\\\/nl\\\/#\\\/schema\\\/logo\\\/image\\\/\"},\"sameAs\":[\"https:\\\/\\\/www.facebook.com\\\/B19BusinessClub\",\"https:\\\/\\\/www.linkedin.com\\\/company\\\/b19-country-club\\\/\",\"https:\\\/\\\/www.instagram.com\\\/b19_business_club\\\/\"]}]}<\/script>\n<!-- \/ Yoast SEO plugin. -->","yoast_head_json":{"title":"Opening B19 Li\u00e8ge - 2 Octobre - B19","robots":{"index":"index","follow":"follow","max-snippet":"max-snippet:-1","max-image-preview":"max-image-preview:large","max-video-preview":"max-video-preview:-1"},"canonical":"https:\/\/b19.be\/nl\/agenda\/opening-b19-liege-2-octobre-nl\/","og_locale":"nl_BE","og_type":"article","og_title":"Opening B19 Li\u00e8ge - 2 Octobre - B19","og_description":"\ud83d\udccd Le 2 octobre 2025 B19 Li\u00e8ge Airport Apr\u00e8s quelques mois d\u2019absence, le B19 Li\u00e8ge rouvre ses portes avec une \u00e9nergie renouvel\u00e9e et l\u2019ambition de faire \u00e0 nouveau rayonner l\u2019esprit B19 dans la r\u00e9gion. \u2705 La m\u00eame formule gagnante que dans nos clubs de Namur, Charleroi, Bxl, Anvers et du Brabant wallon : \ud83d\udccc Des [&hellip;]","og_url":"https:\/\/b19.be\/nl\/agenda\/opening-b19-liege-2-octobre-nl\/","og_site_name":"B19","article_publisher":"https:\/\/www.facebook.com\/B19BusinessClub","article_modified_time":"2025-09-21T11:49:53+00:00","og_image":[{"width":2460,"height":1231,"url":"https:\/\/b19.be\/wp-content\/uploads\/2025\/09\/6c8518dc-3d67-4a46-a004-d57bdab74b22-1.jpg","type":"image\/png"}],"twitter_card":"summary_large_image","twitter_misc":{"Geschatte leestijd":"1 minuut"},"schema":{"@context":"https:\/\/schema.org","@graph":[{"@type":"WebPage","@id":"https:\/\/b19.be\/nl\/agenda\/opening-b19-liege-2-octobre-nl\/","url":"https:\/\/b19.be\/nl\/agenda\/opening-b19-liege-2-octobre-nl\/","name":"Opening B19 Li\u00e8ge - 2 Octobre - B19","isPartOf":{"@id":"https:\/\/b19.be\/nl\/#website"},"primaryImageOfPage":{"@id":"https:\/\/b19.be\/nl\/agenda\/opening-b19-liege-2-octobre-nl\/#primaryimage"},"image":{"@id":"https:\/\/b19.be\/nl\/agenda\/opening-b19-liege-2-octobre-nl\/#primaryimage"},"thumbnailUrl":"https:\/\/b19.be\/wp-content\/uploads\/2025\/09\/6c8518dc-3d67-4a46-a004-d57bdab74b22-1.jpg","datePublished":"2025-06-17T13:44:03+00:00","dateModified":"2025-09-21T11:49:53+00:00","breadcrumb":{"@id":"https:\/\/b19.be\/nl\/agenda\/opening-b19-liege-2-octobre-nl\/#breadcrumb"},"inLanguage":"nl-BE","potentialAction":[{"@type":"ReadAction","target":["https:\/\/b19.be\/nl\/agenda\/opening-b19-liege-2-octobre-nl\/"]}]},{"@type":"ImageObject","inLanguage":"nl-BE","@id":"https:\/\/b19.be\/nl\/agenda\/opening-b19-liege-2-octobre-nl\/#primaryimage","url":"https:\/\/b19.be\/wp-content\/uploads\/2025\/09\/6c8518dc-3d67-4a46-a004-d57bdab74b22-1.jpg","contentUrl":"https:\/\/b19.be\/wp-content\/uploads\/2025\/09\/6c8518dc-3d67-4a46-a004-d57bdab74b22-1.jpg","width":2460,"height":1231},{"@type":"BreadcrumbList","@id":"https:\/\/b19.be\/nl\/agenda\/opening-b19-liege-2-octobre-nl\/#breadcrumb","itemListElement":[{"@type":"ListItem","position":1,"name":"Home","item":"https:\/\/b19.be\/nl\/"},{"@type":"ListItem","position":2,"name":"Opening B19 Li\u00e8ge \u2013 2 Octobre"}]},{"@type":"WebSite","@id":"https:\/\/b19.be\/nl\/#website","url":"https:\/\/b19.be\/nl\/","name":"B19","description":"National Business Club &amp; Networking","publisher":{"@id":"https:\/\/b19.be\/nl\/#organization"},"alternateName":"B19 Business Club","potentialAction":[{"@type":"SearchAction","target":{"@type":"EntryPoint","urlTemplate":"https:\/\/b19.be\/nl\/?s={search_term_string}"},"query-input":{"@type":"PropertyValueSpecification","valueRequired":true,"valueName":"search_term_string"}}],"inLanguage":"nl-BE"},{"@type":"Organization","@id":"https:\/\/b19.be\/nl\/#organization","name":"B19","alternateName":"B19 Business Club","url":"https:\/\/b19.be\/nl\/","logo":{"@type":"ImageObject","inLanguage":"nl-BE","@id":"https:\/\/b19.be\/nl\/#\/schema\/logo\/image\/","url":"https:\/\/b19.be\/wp-content\/uploads\/2023\/09\/logob19.svg","contentUrl":"https:\/\/b19.be\/wp-content\/uploads\/2023\/09\/logob19.svg","width":1,"height":1,"caption":"B19"},"image":{"@id":"https:\/\/b19.be\/nl\/#\/schema\/logo\/image\/"},"sameAs":["https:\/\/www.facebook.com\/B19BusinessClub","https:\/\/www.linkedin.com\/company\/b19-country-club\/","https:\/\/www.instagram.com\/b19_business_club\/"]}]}},"_links":{"self":[{"href":"https:\/\/b19.be\/nl\/wp-json\/wp\/v2\/event\/6680","targetHints":{"allow":["GET"]}}],"collection":[{"href":"https:\/\/b19.be\/nl\/wp-json\/wp\/v2\/event"}],"about":[{"href":"https:\/\/b19.be\/nl\/wp-json\/wp\/v2\/types\/event"}],"version-history":[{"count":0,"href":"https:\/\/b19.be\/nl\/wp-json\/wp\/v2\/event\/6680\/revisions"}],"wp:featuredmedia":[{"embeddable":true,"href":"https:\/\/b19.be\/nl\/wp-json\/wp\/v2\/media\/7938"}],"wp:attachment":[{"href":"https:\/\/b19.be\/nl\/wp-json\/wp\/v2\/media?parent=6680"}],"curies":[{"name":"wp","href":"https:\/\/api.w.org\/{rel}","templated":true}]}}