{"id":6506,"date":"2025-05-27T10:41:33","date_gmt":"2025-05-27T08:41:33","guid":{"rendered":"https:\/\/b19.be\/agenda\/mathieu-van-der-poel-topsport-visie-en-karakter-in-gesprek-bij-b19\/"},"modified":"2025-05-27T14:14:44","modified_gmt":"2025-05-27T12:14:44","slug":"mathieu-van-der-poel-topsport-visie-en-karakter-in-gesprek-bij-b19","status":"publish","type":"event","link":"https:\/\/b19.be\/nl\/agenda\/mathieu-van-der-poel-topsport-visie-en-karakter-in-gesprek-bij-b19\/","title":{"rendered":"Mathieu van der Poel: topsport, visie en karakter in gesprek bij B19"},"content":{"rendered":"<p><span>Op 6 oktober verwelkomt B19 niemand minder dan Mathieu Van der Poel, een van de meest markante gezichten in het hedendaagse wielrennen, voor een uitzonderlijke conferentie.<\/span><\/p>\n<p><span>Op amper 29-jarige leeftijd heeft hij zijn tijd al weten te markeren: wereldkampioen op de weg, zevenvoudig wereldkampioen veldrijden, winnaar van Milaan-San Remo, Parijs-Roubaix en de Ronde van Vlaanderen. Zijn wedstrijdstijl \u2013 een mix van lef, tactisch inzicht en kracht \u2013 maakt van hem een unieke renner, vaak verrassend waar niemand hem verwacht.<\/span><\/p>\n<p><span>Tijdens deze conferentie blikt hij terug op zijn parcours, zijn mooiste overwinningen, maar ook op de uitdagingen van topsport in constante evolutie. Hij deelt zijn visie op prestaties, zijn mentale voorbereiding en hoe hij omgaat met de druk van een grote naam, een familiegeschiedenis en een carri\u00e8re aan de top.<\/span><\/p>\n<p><span><strong>Schrijf je snel in voor deze exclusieve conferentie met een ster uit de wielerwereld.<br \/><\/strong><\/span><\/p>\n<\/p>\n<p><span>18u30: Onthaal<\/span><\/p>\n<p><span>\ud83d\udd61<\/span><span> <\/span><span><strong>18u30 \u2013 21u00<\/strong><\/span><\/p>\n<p><span>\ud83d\udccd<\/span><span> <\/span><span><strong>Campus 19 &#8211; Mediaplein 1, 2018 Antwerpen<\/strong><\/p>\n<p><\/span><span><strong>&#8212;-<\/strong><\/span><span>&#8212;&#8212;&#8212;&#8212;&#8212;&#8212;&#8212;&#8212;&#8212;&#8212;&#8212;&#8212;&#8212;&#8212;&#8212;&#8212;&#8212;-<\/p>\n<p>Le B19 accueillera le 6 octobre, Mathieu Van der Poel, l\u2019un des visages les plus marquants du cyclisme actuel, pour une conf\u00e9rence exceptionnelle.<\/span><\/p>\n<p><span>\u00c0 seulement 29 ans, il a su marquer son \u00e9poque : champion du monde sur route, sept fois champion du monde de cyclo-cross, vainqueur de Milan-San Remo, Paris-Roubaix ou encore du Tour des Flandres. Son style de course, alliant audace, intelligence tactique et puissance, en fait un coureur \u00e0 part, souvent l\u00e0 o\u00f9 on ne l\u2019attend pas.<\/span><\/p>\n<p><span>Lors de cette conf\u00e9rence, il reviendra sur son parcours, ses victoires marquantes, mais aussi les d\u00e9fis d\u2019un sport de haut niveau en constante \u00e9volution. Il \u00e9voquera sa vision de la performance, sa pr\u00e9paration mentale, et la mani\u00e8re dont il g\u00e8re la pression d\u2019un nom, d\u2019une famille et d\u2019une carri\u00e8re au sommet.<\/span><\/p>\n<p><span>R\u00e9servez vite votre place pour cette conf\u00e9rence exclusive avec une star du cyclisme.<br \/><\/span><span><br \/><\/span><span>\ud83d\udd61<\/span><span> <\/span><span><strong>18h30 \u2013 21h00<\/strong><\/span><span><br \/><\/span><span>\ud83d\udccd<\/span><span> <\/span><span><strong>Campus 19 &#8211; Mediaplein 1, 2018 Antwerpen<\/strong><\/span><span><\/p>\n<p><\/span><\/p>\n","protected":false},"excerpt":{"rendered":"<p>Op 6 oktober verwelkomt B19 niemand minder dan Mathieu Van der Poel, een van de meest markante gezichten in het hedendaagse wielrennen, voor een uitzonderlijke conferentie. Op amper 29-jarige leeftijd heeft hij zijn tijd al weten te markeren: wereldkampioen op de weg, zevenvoudig wereldkampioen veldrijden, winnaar van Milaan-San Remo, Parijs-Roubaix en de Ronde van Vlaanderen. [&hellip;]<\/p>\n","protected":false},"featured_media":6517,"template":"","class_list":["post-6506","event","type-event","status-publish","has-post-thumbnail","hentry"],"acf":[],"yoast_head":"<!-- This site is optimized with the Yoast SEO plugin v27.4 - https:\/\/yoast.com\/product\/yoast-seo-wordpress\/ -->\n<title>Mathieu van der Poel: topsport, visie en karakter in gesprek bij B19 - B19<\/title>\n<meta name=\"robots\" content=\"index, follow, max-snippet:-1, max-image-preview:large, max-video-preview:-1\" \/>\n<link rel=\"canonical\" href=\"https:\/\/b19.be\/nl\/agenda\/mathieu-van-der-poel-topsport-visie-en-karakter-in-gesprek-bij-b19\/\" \/>\n<meta property=\"og:locale\" content=\"nl_BE\" \/>\n<meta property=\"og:type\" content=\"article\" \/>\n<meta property=\"og:title\" content=\"Mathieu van der Poel: topsport, visie en karakter in gesprek bij B19 - B19\" \/>\n<meta property=\"og:description\" content=\"Op 6 oktober verwelkomt B19 niemand minder dan Mathieu Van der Poel, een van de meest markante gezichten in het hedendaagse wielrennen, voor een uitzonderlijke conferentie. Op amper 29-jarige leeftijd heeft hij zijn tijd al weten te markeren: wereldkampioen op de weg, zevenvoudig wereldkampioen veldrijden, winnaar van Milaan-San Remo, Parijs-Roubaix en de Ronde van Vlaanderen. [&hellip;]\" \/>\n<meta property=\"og:url\" content=\"https:\/\/b19.be\/nl\/agenda\/mathieu-van-der-poel-topsport-visie-en-karakter-in-gesprek-bij-b19\/\" \/>\n<meta property=\"og:site_name\" content=\"B19\" \/>\n<meta property=\"article:publisher\" content=\"https:\/\/www.facebook.com\/B19BusinessClub\" \/>\n<meta property=\"article:modified_time\" content=\"2025-05-27T12:14:44+00:00\" \/>\n<meta property=\"og:image\" content=\"https:\/\/b19.be\/wp-content\/uploads\/2025\/05\/124911db-5dd9-4a82-8cfe-1a3896ae8403-1024x512.jpg\" \/>\n\t<meta property=\"og:image:width\" content=\"1024\" \/>\n\t<meta property=\"og:image:height\" content=\"512\" \/>\n\t<meta property=\"og:image:type\" content=\"image\/png\" \/>\n<meta name=\"twitter:card\" content=\"summary_large_image\" \/>\n<meta name=\"twitter:label1\" content=\"Geschatte leestijd\" \/>\n\t<meta name=\"twitter:data1\" content=\"2 minuten\" \/>\n<script type=\"application\/ld+json\" class=\"yoast-schema-graph\">{\"@context\":\"https:\\\/\\\/schema.org\",\"@graph\":[{\"@type\":\"WebPage\",\"@id\":\"https:\\\/\\\/b19.be\\\/nl\\\/agenda\\\/mathieu-van-der-poel-topsport-visie-en-karakter-in-gesprek-bij-b19\\\/\",\"url\":\"https:\\\/\\\/b19.be\\\/nl\\\/agenda\\\/mathieu-van-der-poel-topsport-visie-en-karakter-in-gesprek-bij-b19\\\/\",\"name\":\"Mathieu van der Poel: topsport, visie en karakter in gesprek bij B19 - B19\",\"isPartOf\":{\"@id\":\"https:\\\/\\\/b19.be\\\/nl\\\/#website\"},\"primaryImageOfPage\":{\"@id\":\"https:\\\/\\\/b19.be\\\/nl\\\/agenda\\\/mathieu-van-der-poel-topsport-visie-en-karakter-in-gesprek-bij-b19\\\/#primaryimage\"},\"image\":{\"@id\":\"https:\\\/\\\/b19.be\\\/nl\\\/agenda\\\/mathieu-van-der-poel-topsport-visie-en-karakter-in-gesprek-bij-b19\\\/#primaryimage\"},\"thumbnailUrl\":\"https:\\\/\\\/b19.be\\\/wp-content\\\/uploads\\\/2025\\\/05\\\/124911db-5dd9-4a82-8cfe-1a3896ae8403-1.jpg\",\"datePublished\":\"2025-05-27T08:41:33+00:00\",\"dateModified\":\"2025-05-27T12:14:44+00:00\",\"breadcrumb\":{\"@id\":\"https:\\\/\\\/b19.be\\\/nl\\\/agenda\\\/mathieu-van-der-poel-topsport-visie-en-karakter-in-gesprek-bij-b19\\\/#breadcrumb\"},\"inLanguage\":\"nl-BE\",\"potentialAction\":[{\"@type\":\"ReadAction\",\"target\":[\"https:\\\/\\\/b19.be\\\/nl\\\/agenda\\\/mathieu-van-der-poel-topsport-visie-en-karakter-in-gesprek-bij-b19\\\/\"]}]},{\"@type\":\"ImageObject\",\"inLanguage\":\"nl-BE\",\"@id\":\"https:\\\/\\\/b19.be\\\/nl\\\/agenda\\\/mathieu-van-der-poel-topsport-visie-en-karakter-in-gesprek-bij-b19\\\/#primaryimage\",\"url\":\"https:\\\/\\\/b19.be\\\/wp-content\\\/uploads\\\/2025\\\/05\\\/124911db-5dd9-4a82-8cfe-1a3896ae8403-1.jpg\",\"contentUrl\":\"https:\\\/\\\/b19.be\\\/wp-content\\\/uploads\\\/2025\\\/05\\\/124911db-5dd9-4a82-8cfe-1a3896ae8403-1.jpg\",\"width\":3281,\"height\":1642},{\"@type\":\"BreadcrumbList\",\"@id\":\"https:\\\/\\\/b19.be\\\/nl\\\/agenda\\\/mathieu-van-der-poel-topsport-visie-en-karakter-in-gesprek-bij-b19\\\/#breadcrumb\",\"itemListElement\":[{\"@type\":\"ListItem\",\"position\":1,\"name\":\"Home\",\"item\":\"https:\\\/\\\/b19.be\\\/nl\\\/\"},{\"@type\":\"ListItem\",\"position\":2,\"name\":\"Mathieu van der Poel: topsport, visie en karakter in gesprek bij B19\"}]},{\"@type\":\"WebSite\",\"@id\":\"https:\\\/\\\/b19.be\\\/nl\\\/#website\",\"url\":\"https:\\\/\\\/b19.be\\\/nl\\\/\",\"name\":\"B19\",\"description\":\"National Business Club &amp; Networking\",\"publisher\":{\"@id\":\"https:\\\/\\\/b19.be\\\/nl\\\/#organization\"},\"alternateName\":\"B19 Business Club\",\"potentialAction\":[{\"@type\":\"SearchAction\",\"target\":{\"@type\":\"EntryPoint\",\"urlTemplate\":\"https:\\\/\\\/b19.be\\\/nl\\\/?s={search_term_string}\"},\"query-input\":{\"@type\":\"PropertyValueSpecification\",\"valueRequired\":true,\"valueName\":\"search_term_string\"}}],\"inLanguage\":\"nl-BE\"},{\"@type\":\"Organization\",\"@id\":\"https:\\\/\\\/b19.be\\\/nl\\\/#organization\",\"name\":\"B19\",\"alternateName\":\"B19 Business Club\",\"url\":\"https:\\\/\\\/b19.be\\\/nl\\\/\",\"logo\":{\"@type\":\"ImageObject\",\"inLanguage\":\"nl-BE\",\"@id\":\"https:\\\/\\\/b19.be\\\/nl\\\/#\\\/schema\\\/logo\\\/image\\\/\",\"url\":\"https:\\\/\\\/b19.be\\\/wp-content\\\/uploads\\\/2023\\\/09\\\/logob19.svg\",\"contentUrl\":\"https:\\\/\\\/b19.be\\\/wp-content\\\/uploads\\\/2023\\\/09\\\/logob19.svg\",\"width\":1,\"height\":1,\"caption\":\"B19\"},\"image\":{\"@id\":\"https:\\\/\\\/b19.be\\\/nl\\\/#\\\/schema\\\/logo\\\/image\\\/\"},\"sameAs\":[\"https:\\\/\\\/www.facebook.com\\\/B19BusinessClub\",\"https:\\\/\\\/www.linkedin.com\\\/company\\\/b19-country-club\\\/\",\"https:\\\/\\\/www.instagram.com\\\/b19_business_club\\\/\"]}]}<\/script>\n<!-- \/ Yoast SEO plugin. -->","yoast_head_json":{"title":"Mathieu van der Poel: topsport, visie en karakter in gesprek bij B19 - B19","robots":{"index":"index","follow":"follow","max-snippet":"max-snippet:-1","max-image-preview":"max-image-preview:large","max-video-preview":"max-video-preview:-1"},"canonical":"https:\/\/b19.be\/nl\/agenda\/mathieu-van-der-poel-topsport-visie-en-karakter-in-gesprek-bij-b19\/","og_locale":"nl_BE","og_type":"article","og_title":"Mathieu van der Poel: topsport, visie en karakter in gesprek bij B19 - B19","og_description":"Op 6 oktober verwelkomt B19 niemand minder dan Mathieu Van der Poel, een van de meest markante gezichten in het hedendaagse wielrennen, voor een uitzonderlijke conferentie. Op amper 29-jarige leeftijd heeft hij zijn tijd al weten te markeren: wereldkampioen op de weg, zevenvoudig wereldkampioen veldrijden, winnaar van Milaan-San Remo, Parijs-Roubaix en de Ronde van Vlaanderen. [&hellip;]","og_url":"https:\/\/b19.be\/nl\/agenda\/mathieu-van-der-poel-topsport-visie-en-karakter-in-gesprek-bij-b19\/","og_site_name":"B19","article_publisher":"https:\/\/www.facebook.com\/B19BusinessClub","article_modified_time":"2025-05-27T12:14:44+00:00","og_image":[{"width":1024,"height":512,"url":"https:\/\/b19.be\/wp-content\/uploads\/2025\/05\/124911db-5dd9-4a82-8cfe-1a3896ae8403-1024x512.jpg","type":"image\/png"}],"twitter_card":"summary_large_image","twitter_misc":{"Geschatte leestijd":"2 minuten"},"schema":{"@context":"https:\/\/schema.org","@graph":[{"@type":"WebPage","@id":"https:\/\/b19.be\/nl\/agenda\/mathieu-van-der-poel-topsport-visie-en-karakter-in-gesprek-bij-b19\/","url":"https:\/\/b19.be\/nl\/agenda\/mathieu-van-der-poel-topsport-visie-en-karakter-in-gesprek-bij-b19\/","name":"Mathieu van der Poel: topsport, visie en karakter in gesprek bij B19 - B19","isPartOf":{"@id":"https:\/\/b19.be\/nl\/#website"},"primaryImageOfPage":{"@id":"https:\/\/b19.be\/nl\/agenda\/mathieu-van-der-poel-topsport-visie-en-karakter-in-gesprek-bij-b19\/#primaryimage"},"image":{"@id":"https:\/\/b19.be\/nl\/agenda\/mathieu-van-der-poel-topsport-visie-en-karakter-in-gesprek-bij-b19\/#primaryimage"},"thumbnailUrl":"https:\/\/b19.be\/wp-content\/uploads\/2025\/05\/124911db-5dd9-4a82-8cfe-1a3896ae8403-1.jpg","datePublished":"2025-05-27T08:41:33+00:00","dateModified":"2025-05-27T12:14:44+00:00","breadcrumb":{"@id":"https:\/\/b19.be\/nl\/agenda\/mathieu-van-der-poel-topsport-visie-en-karakter-in-gesprek-bij-b19\/#breadcrumb"},"inLanguage":"nl-BE","potentialAction":[{"@type":"ReadAction","target":["https:\/\/b19.be\/nl\/agenda\/mathieu-van-der-poel-topsport-visie-en-karakter-in-gesprek-bij-b19\/"]}]},{"@type":"ImageObject","inLanguage":"nl-BE","@id":"https:\/\/b19.be\/nl\/agenda\/mathieu-van-der-poel-topsport-visie-en-karakter-in-gesprek-bij-b19\/#primaryimage","url":"https:\/\/b19.be\/wp-content\/uploads\/2025\/05\/124911db-5dd9-4a82-8cfe-1a3896ae8403-1.jpg","contentUrl":"https:\/\/b19.be\/wp-content\/uploads\/2025\/05\/124911db-5dd9-4a82-8cfe-1a3896ae8403-1.jpg","width":3281,"height":1642},{"@type":"BreadcrumbList","@id":"https:\/\/b19.be\/nl\/agenda\/mathieu-van-der-poel-topsport-visie-en-karakter-in-gesprek-bij-b19\/#breadcrumb","itemListElement":[{"@type":"ListItem","position":1,"name":"Home","item":"https:\/\/b19.be\/nl\/"},{"@type":"ListItem","position":2,"name":"Mathieu van der Poel: topsport, visie en karakter in gesprek bij B19"}]},{"@type":"WebSite","@id":"https:\/\/b19.be\/nl\/#website","url":"https:\/\/b19.be\/nl\/","name":"B19","description":"National Business Club &amp; Networking","publisher":{"@id":"https:\/\/b19.be\/nl\/#organization"},"alternateName":"B19 Business Club","potentialAction":[{"@type":"SearchAction","target":{"@type":"EntryPoint","urlTemplate":"https:\/\/b19.be\/nl\/?s={search_term_string}"},"query-input":{"@type":"PropertyValueSpecification","valueRequired":true,"valueName":"search_term_string"}}],"inLanguage":"nl-BE"},{"@type":"Organization","@id":"https:\/\/b19.be\/nl\/#organization","name":"B19","alternateName":"B19 Business Club","url":"https:\/\/b19.be\/nl\/","logo":{"@type":"ImageObject","inLanguage":"nl-BE","@id":"https:\/\/b19.be\/nl\/#\/schema\/logo\/image\/","url":"https:\/\/b19.be\/wp-content\/uploads\/2023\/09\/logob19.svg","contentUrl":"https:\/\/b19.be\/wp-content\/uploads\/2023\/09\/logob19.svg","width":1,"height":1,"caption":"B19"},"image":{"@id":"https:\/\/b19.be\/nl\/#\/schema\/logo\/image\/"},"sameAs":["https:\/\/www.facebook.com\/B19BusinessClub","https:\/\/www.linkedin.com\/company\/b19-country-club\/","https:\/\/www.instagram.com\/b19_business_club\/"]}]}},"_links":{"self":[{"href":"https:\/\/b19.be\/nl\/wp-json\/wp\/v2\/event\/6506","targetHints":{"allow":["GET"]}}],"collection":[{"href":"https:\/\/b19.be\/nl\/wp-json\/wp\/v2\/event"}],"about":[{"href":"https:\/\/b19.be\/nl\/wp-json\/wp\/v2\/types\/event"}],"version-history":[{"count":0,"href":"https:\/\/b19.be\/nl\/wp-json\/wp\/v2\/event\/6506\/revisions"}],"wp:featuredmedia":[{"embeddable":true,"href":"https:\/\/b19.be\/nl\/wp-json\/wp\/v2\/media\/6517"}],"wp:attachment":[{"href":"https:\/\/b19.be\/nl\/wp-json\/wp\/v2\/media?parent=6506"}],"curies":[{"name":"wp","href":"https:\/\/api.w.org\/{rel}","templated":true}]}}