{"id":6363,"date":"2025-03-26T11:14:20","date_gmt":"2025-03-26T10:14:20","guid":{"rendered":"https:\/\/b19.be\/agenda\/conference-exceptionnelle-avec-guillaume-collard-ceo-de-rtl-belgium-2\/"},"modified":"2025-06-23T02:18:27","modified_gmt":"2025-06-23T00:18:27","slug":"conference-exceptionnelle-avec-guillaume-collard-ceo-de-rtl-belgium-2","status":"publish","type":"event","link":"https:\/\/b19.be\/nl\/agenda\/conference-exceptionnelle-avec-guillaume-collard-ceo-de-rtl-belgium-2\/","title":{"rendered":"Conf\u00e9rence exceptionnelle avec Guillaume Collard \u2013 CEO de RTL Belgium"},"content":{"rendered":"<p><span><strong>Afterwork exceptionnel avec Guillaume Collard \u2013 CEO de RTL Belgium<\/strong><\/span>&nbsp;<\/p>\n<p><span>Le<\/span> <span><strong>30 juin 2025<\/strong>, le B19 a le plaisir d&#8217;accueillir<\/span> <span><strong>Guillaume Collard<\/strong>,<\/span> <span><strong>CEO de RTL Belgium<\/strong>depuis juin 2022. Dipl\u00f4m\u00e9 en ing\u00e9nieur de gestion \u00e0 l&#8217;UCLouvain, Guillaume a gravi les \u00e9chelons du secteur des m\u00e9dias avec une rapidit\u00e9 remarquable.<\/span>&nbsp;<\/p>\n<p><span>Avant de rejoindre RTL Belgium, il a occup\u00e9 des postes cl\u00e9s chez<\/span> <span><strong>Eleven Sports<\/strong>, notamment en tant que Managing Director BeLux et Chief Rights Acquisition &amp; Distribution. Il a \u00e9galement contribu\u00e9 \u00e0 l&#8217;innovation chez<\/span> <span><strong>Proximus<\/strong>, renfor\u00e7ant ainsi son expertise dans le domaine des m\u00e9dias et des t\u00e9l\u00e9communications.<\/span>&nbsp;<\/p>\n<p><span>Lors de cette conf\u00e9rence, Guillaume partagera sa vision sur les<\/span> <span><strong>d\u00e9fis \u00e0 venir<\/strong><\/span> <span>pour RTL Belgium, notamment face \u00e0 l&#8217;\u00e9mergence de nouveaux concurrents tels que les<\/span> <span><strong>GAFA<\/strong><\/span> <span>et l&#8217;impact croissant de l&#8217;<strong>intelligence artificielle<\/strong><\/span> <span>sur le paysage m\u00e9diatique. Une opportunit\u00e9 unique d&#8217;entendre un leader dynamique aborder les enjeux strat\u00e9giques de l&#8217;industrie.<\/span>&nbsp;<\/p>\n<p><span>\ud83d\udccd<\/span> <span><strong>Lieu<\/strong><\/span> <span>: Terrasse O2 \u2013 Un cadre exceptionnel pour nos conf\u00e9rences estivales<\/span> <span>\u2600\ufe0f\ud83c\udf3f<\/span>&nbsp;<\/p>\n<p><span>\ud83d\udcc5<\/span> <span><strong>Date<\/strong><\/span> <span>: 30 juin 2025<\/span>&nbsp;<\/p>\n<p><span>Ne manquez pas cette occasion d&#8217;\u00e9largir votre perspective sur l&#8217;avenir des m\u00e9dias et de renforcer votre r\u00e9seau professionnel dans une ambiance conviviale.<\/span><\/p>\n<p><span><strong>Timing:<\/strong><\/span><\/p>\n<p><span>18h30 Accueil<\/span>&nbsp;&nbsp;<\/p>\n<p><span>19h \u2013 20h Conf\u00e9rence<\/span>&nbsp;&nbsp;<\/p>\n<p><span>20h \u2013 21h Networking<\/span>&nbsp;&nbsp;<\/p>\n","protected":false},"excerpt":{"rendered":"<p>Afterwork exceptionnel avec Guillaume Collard \u2013 CEO de RTL Belgium&nbsp; Le 30 juin 2025, le B19 a le plaisir d&#8217;accueillir Guillaume Collard, CEO de RTL Belgiumdepuis juin 2022. Dipl\u00f4m\u00e9 en ing\u00e9nieur de gestion \u00e0 l&#8217;UCLouvain, Guillaume a gravi les \u00e9chelons du secteur des m\u00e9dias avec une rapidit\u00e9 remarquable.&nbsp; Avant de rejoindre RTL Belgium, il a [&hellip;]<\/p>\n","protected":false},"featured_media":6736,"template":"","class_list":["post-6363","event","type-event","status-publish","has-post-thumbnail","hentry"],"acf":[],"yoast_head":"<!-- This site is optimized with the Yoast SEO plugin v27.4 - https:\/\/yoast.com\/product\/yoast-seo-wordpress\/ -->\n<title>Conf\u00e9rence exceptionnelle avec Guillaume Collard \u2013 CEO de RTL Belgium - B19<\/title>\n<meta name=\"robots\" content=\"index, follow, max-snippet:-1, max-image-preview:large, max-video-preview:-1\" \/>\n<link rel=\"canonical\" href=\"https:\/\/b19.be\/nl\/agenda\/conference-exceptionnelle-avec-guillaume-collard-ceo-de-rtl-belgium-2\/\" \/>\n<meta property=\"og:locale\" content=\"nl_BE\" \/>\n<meta property=\"og:type\" content=\"article\" \/>\n<meta property=\"og:title\" content=\"Conf\u00e9rence exceptionnelle avec Guillaume Collard \u2013 CEO de RTL Belgium - B19\" \/>\n<meta property=\"og:description\" content=\"Afterwork exceptionnel avec Guillaume Collard \u2013 CEO de RTL Belgium&nbsp; Le 30 juin 2025, le B19 a le plaisir d&#8217;accueillir Guillaume Collard, CEO de RTL Belgiumdepuis juin 2022. Dipl\u00f4m\u00e9 en ing\u00e9nieur de gestion \u00e0 l&#8217;UCLouvain, Guillaume a gravi les \u00e9chelons du secteur des m\u00e9dias avec une rapidit\u00e9 remarquable.&nbsp; Avant de rejoindre RTL Belgium, il a [&hellip;]\" \/>\n<meta property=\"og:url\" content=\"https:\/\/b19.be\/nl\/agenda\/conference-exceptionnelle-avec-guillaume-collard-ceo-de-rtl-belgium-2\/\" \/>\n<meta property=\"og:site_name\" content=\"B19\" \/>\n<meta property=\"article:publisher\" content=\"https:\/\/www.facebook.com\/B19BusinessClub\" \/>\n<meta property=\"article:modified_time\" content=\"2025-06-23T00:18:27+00:00\" \/>\n<meta property=\"og:image\" content=\"https:\/\/b19.be\/wp-content\/uploads\/2025\/06\/182d9d76-6641-49be-ae16-221581a81d5a.png\" \/>\n\t<meta property=\"og:image:width\" content=\"1181\" \/>\n\t<meta property=\"og:image:height\" content=\"591\" \/>\n\t<meta property=\"og:image:type\" content=\"image\/png\" \/>\n<meta name=\"twitter:card\" content=\"summary_large_image\" \/>\n<meta name=\"twitter:label1\" content=\"Geschatte leestijd\" \/>\n\t<meta name=\"twitter:data1\" content=\"1 minuut\" \/>\n<script type=\"application\/ld+json\" class=\"yoast-schema-graph\">{\"@context\":\"https:\\\/\\\/schema.org\",\"@graph\":[{\"@type\":\"WebPage\",\"@id\":\"https:\\\/\\\/b19.be\\\/nl\\\/agenda\\\/conference-exceptionnelle-avec-guillaume-collard-ceo-de-rtl-belgium-2\\\/\",\"url\":\"https:\\\/\\\/b19.be\\\/nl\\\/agenda\\\/conference-exceptionnelle-avec-guillaume-collard-ceo-de-rtl-belgium-2\\\/\",\"name\":\"Conf\u00e9rence exceptionnelle avec Guillaume Collard \u2013 CEO de RTL Belgium - B19\",\"isPartOf\":{\"@id\":\"https:\\\/\\\/b19.be\\\/nl\\\/#website\"},\"primaryImageOfPage\":{\"@id\":\"https:\\\/\\\/b19.be\\\/nl\\\/agenda\\\/conference-exceptionnelle-avec-guillaume-collard-ceo-de-rtl-belgium-2\\\/#primaryimage\"},\"image\":{\"@id\":\"https:\\\/\\\/b19.be\\\/nl\\\/agenda\\\/conference-exceptionnelle-avec-guillaume-collard-ceo-de-rtl-belgium-2\\\/#primaryimage\"},\"thumbnailUrl\":\"https:\\\/\\\/b19.be\\\/wp-content\\\/uploads\\\/2025\\\/06\\\/182d9d76-6641-49be-ae16-221581a81d5a.png\",\"datePublished\":\"2025-03-26T10:14:20+00:00\",\"dateModified\":\"2025-06-23T00:18:27+00:00\",\"breadcrumb\":{\"@id\":\"https:\\\/\\\/b19.be\\\/nl\\\/agenda\\\/conference-exceptionnelle-avec-guillaume-collard-ceo-de-rtl-belgium-2\\\/#breadcrumb\"},\"inLanguage\":\"nl-BE\",\"potentialAction\":[{\"@type\":\"ReadAction\",\"target\":[\"https:\\\/\\\/b19.be\\\/nl\\\/agenda\\\/conference-exceptionnelle-avec-guillaume-collard-ceo-de-rtl-belgium-2\\\/\"]}]},{\"@type\":\"ImageObject\",\"inLanguage\":\"nl-BE\",\"@id\":\"https:\\\/\\\/b19.be\\\/nl\\\/agenda\\\/conference-exceptionnelle-avec-guillaume-collard-ceo-de-rtl-belgium-2\\\/#primaryimage\",\"url\":\"https:\\\/\\\/b19.be\\\/wp-content\\\/uploads\\\/2025\\\/06\\\/182d9d76-6641-49be-ae16-221581a81d5a.png\",\"contentUrl\":\"https:\\\/\\\/b19.be\\\/wp-content\\\/uploads\\\/2025\\\/06\\\/182d9d76-6641-49be-ae16-221581a81d5a.png\",\"width\":1181,\"height\":591},{\"@type\":\"BreadcrumbList\",\"@id\":\"https:\\\/\\\/b19.be\\\/nl\\\/agenda\\\/conference-exceptionnelle-avec-guillaume-collard-ceo-de-rtl-belgium-2\\\/#breadcrumb\",\"itemListElement\":[{\"@type\":\"ListItem\",\"position\":1,\"name\":\"Home\",\"item\":\"https:\\\/\\\/b19.be\\\/nl\\\/\"},{\"@type\":\"ListItem\",\"position\":2,\"name\":\"Conf\u00e9rence exceptionnelle avec Guillaume Collard \u2013 CEO de RTL Belgium\"}]},{\"@type\":\"WebSite\",\"@id\":\"https:\\\/\\\/b19.be\\\/nl\\\/#website\",\"url\":\"https:\\\/\\\/b19.be\\\/nl\\\/\",\"name\":\"B19\",\"description\":\"National Business Club &amp; Networking\",\"publisher\":{\"@id\":\"https:\\\/\\\/b19.be\\\/nl\\\/#organization\"},\"alternateName\":\"B19 Business Club\",\"potentialAction\":[{\"@type\":\"SearchAction\",\"target\":{\"@type\":\"EntryPoint\",\"urlTemplate\":\"https:\\\/\\\/b19.be\\\/nl\\\/?s={search_term_string}\"},\"query-input\":{\"@type\":\"PropertyValueSpecification\",\"valueRequired\":true,\"valueName\":\"search_term_string\"}}],\"inLanguage\":\"nl-BE\"},{\"@type\":\"Organization\",\"@id\":\"https:\\\/\\\/b19.be\\\/nl\\\/#organization\",\"name\":\"B19\",\"alternateName\":\"B19 Business Club\",\"url\":\"https:\\\/\\\/b19.be\\\/nl\\\/\",\"logo\":{\"@type\":\"ImageObject\",\"inLanguage\":\"nl-BE\",\"@id\":\"https:\\\/\\\/b19.be\\\/nl\\\/#\\\/schema\\\/logo\\\/image\\\/\",\"url\":\"https:\\\/\\\/b19.be\\\/wp-content\\\/uploads\\\/2023\\\/09\\\/logob19.svg\",\"contentUrl\":\"https:\\\/\\\/b19.be\\\/wp-content\\\/uploads\\\/2023\\\/09\\\/logob19.svg\",\"width\":1,\"height\":1,\"caption\":\"B19\"},\"image\":{\"@id\":\"https:\\\/\\\/b19.be\\\/nl\\\/#\\\/schema\\\/logo\\\/image\\\/\"},\"sameAs\":[\"https:\\\/\\\/www.facebook.com\\\/B19BusinessClub\",\"https:\\\/\\\/www.linkedin.com\\\/company\\\/b19-country-club\\\/\",\"https:\\\/\\\/www.instagram.com\\\/b19_business_club\\\/\"]}]}<\/script>\n<!-- \/ Yoast SEO plugin. -->","yoast_head_json":{"title":"Conf\u00e9rence exceptionnelle avec Guillaume Collard \u2013 CEO de RTL Belgium - B19","robots":{"index":"index","follow":"follow","max-snippet":"max-snippet:-1","max-image-preview":"max-image-preview:large","max-video-preview":"max-video-preview:-1"},"canonical":"https:\/\/b19.be\/nl\/agenda\/conference-exceptionnelle-avec-guillaume-collard-ceo-de-rtl-belgium-2\/","og_locale":"nl_BE","og_type":"article","og_title":"Conf\u00e9rence exceptionnelle avec Guillaume Collard \u2013 CEO de RTL Belgium - B19","og_description":"Afterwork exceptionnel avec Guillaume Collard \u2013 CEO de RTL Belgium&nbsp; Le 30 juin 2025, le B19 a le plaisir d&#8217;accueillir Guillaume Collard, CEO de RTL Belgiumdepuis juin 2022. Dipl\u00f4m\u00e9 en ing\u00e9nieur de gestion \u00e0 l&#8217;UCLouvain, Guillaume a gravi les \u00e9chelons du secteur des m\u00e9dias avec une rapidit\u00e9 remarquable.&nbsp; Avant de rejoindre RTL Belgium, il a [&hellip;]","og_url":"https:\/\/b19.be\/nl\/agenda\/conference-exceptionnelle-avec-guillaume-collard-ceo-de-rtl-belgium-2\/","og_site_name":"B19","article_publisher":"https:\/\/www.facebook.com\/B19BusinessClub","article_modified_time":"2025-06-23T00:18:27+00:00","og_image":[{"width":1181,"height":591,"url":"https:\/\/b19.be\/wp-content\/uploads\/2025\/06\/182d9d76-6641-49be-ae16-221581a81d5a.png","type":"image\/png"}],"twitter_card":"summary_large_image","twitter_misc":{"Geschatte leestijd":"1 minuut"},"schema":{"@context":"https:\/\/schema.org","@graph":[{"@type":"WebPage","@id":"https:\/\/b19.be\/nl\/agenda\/conference-exceptionnelle-avec-guillaume-collard-ceo-de-rtl-belgium-2\/","url":"https:\/\/b19.be\/nl\/agenda\/conference-exceptionnelle-avec-guillaume-collard-ceo-de-rtl-belgium-2\/","name":"Conf\u00e9rence exceptionnelle avec Guillaume Collard \u2013 CEO de RTL Belgium - B19","isPartOf":{"@id":"https:\/\/b19.be\/nl\/#website"},"primaryImageOfPage":{"@id":"https:\/\/b19.be\/nl\/agenda\/conference-exceptionnelle-avec-guillaume-collard-ceo-de-rtl-belgium-2\/#primaryimage"},"image":{"@id":"https:\/\/b19.be\/nl\/agenda\/conference-exceptionnelle-avec-guillaume-collard-ceo-de-rtl-belgium-2\/#primaryimage"},"thumbnailUrl":"https:\/\/b19.be\/wp-content\/uploads\/2025\/06\/182d9d76-6641-49be-ae16-221581a81d5a.png","datePublished":"2025-03-26T10:14:20+00:00","dateModified":"2025-06-23T00:18:27+00:00","breadcrumb":{"@id":"https:\/\/b19.be\/nl\/agenda\/conference-exceptionnelle-avec-guillaume-collard-ceo-de-rtl-belgium-2\/#breadcrumb"},"inLanguage":"nl-BE","potentialAction":[{"@type":"ReadAction","target":["https:\/\/b19.be\/nl\/agenda\/conference-exceptionnelle-avec-guillaume-collard-ceo-de-rtl-belgium-2\/"]}]},{"@type":"ImageObject","inLanguage":"nl-BE","@id":"https:\/\/b19.be\/nl\/agenda\/conference-exceptionnelle-avec-guillaume-collard-ceo-de-rtl-belgium-2\/#primaryimage","url":"https:\/\/b19.be\/wp-content\/uploads\/2025\/06\/182d9d76-6641-49be-ae16-221581a81d5a.png","contentUrl":"https:\/\/b19.be\/wp-content\/uploads\/2025\/06\/182d9d76-6641-49be-ae16-221581a81d5a.png","width":1181,"height":591},{"@type":"BreadcrumbList","@id":"https:\/\/b19.be\/nl\/agenda\/conference-exceptionnelle-avec-guillaume-collard-ceo-de-rtl-belgium-2\/#breadcrumb","itemListElement":[{"@type":"ListItem","position":1,"name":"Home","item":"https:\/\/b19.be\/nl\/"},{"@type":"ListItem","position":2,"name":"Conf\u00e9rence exceptionnelle avec Guillaume Collard \u2013 CEO de RTL Belgium"}]},{"@type":"WebSite","@id":"https:\/\/b19.be\/nl\/#website","url":"https:\/\/b19.be\/nl\/","name":"B19","description":"National Business Club &amp; Networking","publisher":{"@id":"https:\/\/b19.be\/nl\/#organization"},"alternateName":"B19 Business Club","potentialAction":[{"@type":"SearchAction","target":{"@type":"EntryPoint","urlTemplate":"https:\/\/b19.be\/nl\/?s={search_term_string}"},"query-input":{"@type":"PropertyValueSpecification","valueRequired":true,"valueName":"search_term_string"}}],"inLanguage":"nl-BE"},{"@type":"Organization","@id":"https:\/\/b19.be\/nl\/#organization","name":"B19","alternateName":"B19 Business Club","url":"https:\/\/b19.be\/nl\/","logo":{"@type":"ImageObject","inLanguage":"nl-BE","@id":"https:\/\/b19.be\/nl\/#\/schema\/logo\/image\/","url":"https:\/\/b19.be\/wp-content\/uploads\/2023\/09\/logob19.svg","contentUrl":"https:\/\/b19.be\/wp-content\/uploads\/2023\/09\/logob19.svg","width":1,"height":1,"caption":"B19"},"image":{"@id":"https:\/\/b19.be\/nl\/#\/schema\/logo\/image\/"},"sameAs":["https:\/\/www.facebook.com\/B19BusinessClub","https:\/\/www.linkedin.com\/company\/b19-country-club\/","https:\/\/www.instagram.com\/b19_business_club\/"]}]}},"_links":{"self":[{"href":"https:\/\/b19.be\/nl\/wp-json\/wp\/v2\/event\/6363","targetHints":{"allow":["GET"]}}],"collection":[{"href":"https:\/\/b19.be\/nl\/wp-json\/wp\/v2\/event"}],"about":[{"href":"https:\/\/b19.be\/nl\/wp-json\/wp\/v2\/types\/event"}],"version-history":[{"count":0,"href":"https:\/\/b19.be\/nl\/wp-json\/wp\/v2\/event\/6363\/revisions"}],"wp:featuredmedia":[{"embeddable":true,"href":"https:\/\/b19.be\/nl\/wp-json\/wp\/v2\/media\/6736"}],"wp:attachment":[{"href":"https:\/\/b19.be\/nl\/wp-json\/wp\/v2\/media?parent=6363"}],"curies":[{"name":"wp","href":"https:\/\/api.w.org\/{rel}","templated":true}]}}