{"id":6356,"date":"2025-03-26T11:26:20","date_gmt":"2025-03-26T10:26:20","guid":{"rendered":"https:\/\/b19.be\/agenda\/rencontre-exclusive-avec-stefaan-bettens-ceo-de-jet-import-2\/"},"modified":"2025-06-23T02:18:24","modified_gmt":"2025-06-23T00:18:24","slug":"rencontre-exclusive-avec-stefaan-bettens-ceo-de-jet-import-2","status":"publish","type":"event","link":"https:\/\/b19.be\/nl\/agenda\/rencontre-exclusive-avec-stefaan-bettens-ceo-de-jet-import-2\/","title":{"rendered":"Rencontre exclusive avec Stefaan Bettens \u2013 CEO de Jet Import"},"content":{"rendered":"<p><span><strong>Rencontre exclusive avec Stefaan Bettens \u2013 CEO de Jet Import<\/strong><\/span><span> <\/span><\/p>\n<p><span>Le<\/span><span> <\/span><span><strong>23 juin<\/strong>, le B19 a l\u2019honneur d\u2019accueillir<\/span><span> <\/span><span><strong>Stefaan Bettens<\/strong>, CEO de<\/span><span> <\/span><span><strong>Jet Import<\/strong>, l\u2019un des leaders de l\u2019importation et de la distribution de boissons premium en Belgique.<\/span><span> <\/span><span>\ud83c\udf0d\ud83e\udd64<\/span><span> <\/span><\/p>\n<p><span>\u00c0 la t\u00eate de la distribution de pr\u00e8s de<\/span><span> <\/span><span><strong>60 marques embl\u00e9matiques<\/strong>, dont<\/span><span> <\/span><span><strong>Red Bull<\/strong>,<\/span><span> <\/span><span><strong>Fever-Tree<\/strong><\/span><span> <\/span><span>et<\/span><span> <\/span><span><strong>Copperhead<\/strong>, il partagera avec nous son incroyable parcours, les cl\u00e9s de son succ\u00e8s et les d\u00e9fis \u00e0 venir dans un march\u00e9 en constante \u00e9volution. Un moment unique d\u2019inspiration et d\u2019\u00e9changes \u00e0 ne pas manquer !<\/span><span> <\/span><\/p>\n<p><span>\ud83d\udccd<\/span><span> <\/span><span><strong>Lieu<\/strong><\/span><span> <\/span><span>: Terrasse 02 \u2013 Un cadre exceptionnel pour nos conf\u00e9rences estivales<\/span><span> <\/span><span>\u2600\ufe0f\ud83c\udf3f<\/span><span><br \/><\/span><span>\ud83d\udcc5<\/span><span> <\/span><span><strong>Date<\/strong><\/span><span> <\/span><span>: 23 juin<\/span><span> <\/span><\/p>\n<p><span>Ne manquez pas cette occasion d\u2019en apprendre plus sur la strat\u00e9gie d\u2019un entrepreneur visionnaire et d\u2019\u00e9largir votre r\u00e9seau dans une ambiance conviviale.<\/span><span> <\/span><\/p>\n<p><span><strong>Timing:<\/strong><\/span><\/p>\n<p><span>18h30 Accueil<\/span><span> <\/span><\/p>\n<p><span>19h \u2013 20h Conf\u00e9rence<\/span><span> <\/span><\/p>\n<p><span>20h \u2013 21h Networking<\/span><span> <\/span><\/p>\n","protected":false},"excerpt":{"rendered":"<p>Rencontre exclusive avec Stefaan Bettens \u2013 CEO de Jet Import Le 23 juin, le B19 a l\u2019honneur d\u2019accueillir Stefaan Bettens, CEO de Jet Import, l\u2019un des leaders de l\u2019importation et de la distribution de boissons premium en Belgique. \ud83c\udf0d\ud83e\udd64 \u00c0 la t\u00eate de la distribution de pr\u00e8s de 60 marques embl\u00e9matiques, dont Red Bull, Fever-Tree [&hellip;]<\/p>\n","protected":false},"featured_media":6732,"template":"","class_list":["post-6356","event","type-event","status-publish","has-post-thumbnail","hentry"],"acf":[],"yoast_head":"<!-- This site is optimized with the Yoast SEO plugin v27.4 - https:\/\/yoast.com\/product\/yoast-seo-wordpress\/ -->\n<title>Rencontre exclusive avec Stefaan Bettens \u2013 CEO de Jet Import - B19<\/title>\n<meta name=\"robots\" content=\"index, follow, max-snippet:-1, max-image-preview:large, max-video-preview:-1\" \/>\n<link rel=\"canonical\" href=\"https:\/\/b19.be\/nl\/agenda\/rencontre-exclusive-avec-stefaan-bettens-ceo-de-jet-import-2\/\" \/>\n<meta property=\"og:locale\" content=\"nl_BE\" \/>\n<meta property=\"og:type\" content=\"article\" \/>\n<meta property=\"og:title\" content=\"Rencontre exclusive avec Stefaan Bettens \u2013 CEO de Jet Import - B19\" \/>\n<meta property=\"og:description\" content=\"Rencontre exclusive avec Stefaan Bettens \u2013 CEO de Jet Import Le 23 juin, le B19 a l\u2019honneur d\u2019accueillir Stefaan Bettens, CEO de Jet Import, l\u2019un des leaders de l\u2019importation et de la distribution de boissons premium en Belgique. \ud83c\udf0d\ud83e\udd64 \u00c0 la t\u00eate de la distribution de pr\u00e8s de 60 marques embl\u00e9matiques, dont Red Bull, Fever-Tree [&hellip;]\" \/>\n<meta property=\"og:url\" content=\"https:\/\/b19.be\/nl\/agenda\/rencontre-exclusive-avec-stefaan-bettens-ceo-de-jet-import-2\/\" \/>\n<meta property=\"og:site_name\" content=\"B19\" \/>\n<meta property=\"article:publisher\" content=\"https:\/\/www.facebook.com\/B19BusinessClub\" \/>\n<meta property=\"article:modified_time\" content=\"2025-06-23T00:18:24+00:00\" \/>\n<meta property=\"og:image\" content=\"https:\/\/b19.be\/wp-content\/uploads\/2025\/06\/1d6f6bc9-1bb8-4fd6-a3c2-039aa0825d42.png\" \/>\n\t<meta property=\"og:image:width\" content=\"1181\" \/>\n\t<meta property=\"og:image:height\" content=\"591\" \/>\n\t<meta property=\"og:image:type\" content=\"image\/png\" \/>\n<meta name=\"twitter:card\" content=\"summary_large_image\" \/>\n<meta name=\"twitter:label1\" content=\"Geschatte leestijd\" \/>\n\t<meta name=\"twitter:data1\" content=\"1 minuut\" \/>\n<script type=\"application\/ld+json\" class=\"yoast-schema-graph\">{\"@context\":\"https:\\\/\\\/schema.org\",\"@graph\":[{\"@type\":\"WebPage\",\"@id\":\"https:\\\/\\\/b19.be\\\/nl\\\/agenda\\\/rencontre-exclusive-avec-stefaan-bettens-ceo-de-jet-import-2\\\/\",\"url\":\"https:\\\/\\\/b19.be\\\/nl\\\/agenda\\\/rencontre-exclusive-avec-stefaan-bettens-ceo-de-jet-import-2\\\/\",\"name\":\"Rencontre exclusive avec Stefaan Bettens \u2013 CEO de Jet Import - B19\",\"isPartOf\":{\"@id\":\"https:\\\/\\\/b19.be\\\/nl\\\/#website\"},\"primaryImageOfPage\":{\"@id\":\"https:\\\/\\\/b19.be\\\/nl\\\/agenda\\\/rencontre-exclusive-avec-stefaan-bettens-ceo-de-jet-import-2\\\/#primaryimage\"},\"image\":{\"@id\":\"https:\\\/\\\/b19.be\\\/nl\\\/agenda\\\/rencontre-exclusive-avec-stefaan-bettens-ceo-de-jet-import-2\\\/#primaryimage\"},\"thumbnailUrl\":\"https:\\\/\\\/b19.be\\\/wp-content\\\/uploads\\\/2025\\\/06\\\/1d6f6bc9-1bb8-4fd6-a3c2-039aa0825d42.png\",\"datePublished\":\"2025-03-26T10:26:20+00:00\",\"dateModified\":\"2025-06-23T00:18:24+00:00\",\"breadcrumb\":{\"@id\":\"https:\\\/\\\/b19.be\\\/nl\\\/agenda\\\/rencontre-exclusive-avec-stefaan-bettens-ceo-de-jet-import-2\\\/#breadcrumb\"},\"inLanguage\":\"nl-BE\",\"potentialAction\":[{\"@type\":\"ReadAction\",\"target\":[\"https:\\\/\\\/b19.be\\\/nl\\\/agenda\\\/rencontre-exclusive-avec-stefaan-bettens-ceo-de-jet-import-2\\\/\"]}]},{\"@type\":\"ImageObject\",\"inLanguage\":\"nl-BE\",\"@id\":\"https:\\\/\\\/b19.be\\\/nl\\\/agenda\\\/rencontre-exclusive-avec-stefaan-bettens-ceo-de-jet-import-2\\\/#primaryimage\",\"url\":\"https:\\\/\\\/b19.be\\\/wp-content\\\/uploads\\\/2025\\\/06\\\/1d6f6bc9-1bb8-4fd6-a3c2-039aa0825d42.png\",\"contentUrl\":\"https:\\\/\\\/b19.be\\\/wp-content\\\/uploads\\\/2025\\\/06\\\/1d6f6bc9-1bb8-4fd6-a3c2-039aa0825d42.png\",\"width\":1181,\"height\":591},{\"@type\":\"BreadcrumbList\",\"@id\":\"https:\\\/\\\/b19.be\\\/nl\\\/agenda\\\/rencontre-exclusive-avec-stefaan-bettens-ceo-de-jet-import-2\\\/#breadcrumb\",\"itemListElement\":[{\"@type\":\"ListItem\",\"position\":1,\"name\":\"Home\",\"item\":\"https:\\\/\\\/b19.be\\\/nl\\\/\"},{\"@type\":\"ListItem\",\"position\":2,\"name\":\"Rencontre exclusive avec Stefaan Bettens \u2013 CEO de Jet Import\"}]},{\"@type\":\"WebSite\",\"@id\":\"https:\\\/\\\/b19.be\\\/nl\\\/#website\",\"url\":\"https:\\\/\\\/b19.be\\\/nl\\\/\",\"name\":\"B19\",\"description\":\"National Business Club &amp; Networking\",\"publisher\":{\"@id\":\"https:\\\/\\\/b19.be\\\/nl\\\/#organization\"},\"alternateName\":\"B19 Business Club\",\"potentialAction\":[{\"@type\":\"SearchAction\",\"target\":{\"@type\":\"EntryPoint\",\"urlTemplate\":\"https:\\\/\\\/b19.be\\\/nl\\\/?s={search_term_string}\"},\"query-input\":{\"@type\":\"PropertyValueSpecification\",\"valueRequired\":true,\"valueName\":\"search_term_string\"}}],\"inLanguage\":\"nl-BE\"},{\"@type\":\"Organization\",\"@id\":\"https:\\\/\\\/b19.be\\\/nl\\\/#organization\",\"name\":\"B19\",\"alternateName\":\"B19 Business Club\",\"url\":\"https:\\\/\\\/b19.be\\\/nl\\\/\",\"logo\":{\"@type\":\"ImageObject\",\"inLanguage\":\"nl-BE\",\"@id\":\"https:\\\/\\\/b19.be\\\/nl\\\/#\\\/schema\\\/logo\\\/image\\\/\",\"url\":\"https:\\\/\\\/b19.be\\\/wp-content\\\/uploads\\\/2023\\\/09\\\/logob19.svg\",\"contentUrl\":\"https:\\\/\\\/b19.be\\\/wp-content\\\/uploads\\\/2023\\\/09\\\/logob19.svg\",\"width\":1,\"height\":1,\"caption\":\"B19\"},\"image\":{\"@id\":\"https:\\\/\\\/b19.be\\\/nl\\\/#\\\/schema\\\/logo\\\/image\\\/\"},\"sameAs\":[\"https:\\\/\\\/www.facebook.com\\\/B19BusinessClub\",\"https:\\\/\\\/www.linkedin.com\\\/company\\\/b19-country-club\\\/\",\"https:\\\/\\\/www.instagram.com\\\/b19_business_club\\\/\"]}]}<\/script>\n<!-- \/ Yoast SEO plugin. -->","yoast_head_json":{"title":"Rencontre exclusive avec Stefaan Bettens \u2013 CEO de Jet Import - B19","robots":{"index":"index","follow":"follow","max-snippet":"max-snippet:-1","max-image-preview":"max-image-preview:large","max-video-preview":"max-video-preview:-1"},"canonical":"https:\/\/b19.be\/nl\/agenda\/rencontre-exclusive-avec-stefaan-bettens-ceo-de-jet-import-2\/","og_locale":"nl_BE","og_type":"article","og_title":"Rencontre exclusive avec Stefaan Bettens \u2013 CEO de Jet Import - B19","og_description":"Rencontre exclusive avec Stefaan Bettens \u2013 CEO de Jet Import Le 23 juin, le B19 a l\u2019honneur d\u2019accueillir Stefaan Bettens, CEO de Jet Import, l\u2019un des leaders de l\u2019importation et de la distribution de boissons premium en Belgique. \ud83c\udf0d\ud83e\udd64 \u00c0 la t\u00eate de la distribution de pr\u00e8s de 60 marques embl\u00e9matiques, dont Red Bull, Fever-Tree [&hellip;]","og_url":"https:\/\/b19.be\/nl\/agenda\/rencontre-exclusive-avec-stefaan-bettens-ceo-de-jet-import-2\/","og_site_name":"B19","article_publisher":"https:\/\/www.facebook.com\/B19BusinessClub","article_modified_time":"2025-06-23T00:18:24+00:00","og_image":[{"width":1181,"height":591,"url":"https:\/\/b19.be\/wp-content\/uploads\/2025\/06\/1d6f6bc9-1bb8-4fd6-a3c2-039aa0825d42.png","type":"image\/png"}],"twitter_card":"summary_large_image","twitter_misc":{"Geschatte leestijd":"1 minuut"},"schema":{"@context":"https:\/\/schema.org","@graph":[{"@type":"WebPage","@id":"https:\/\/b19.be\/nl\/agenda\/rencontre-exclusive-avec-stefaan-bettens-ceo-de-jet-import-2\/","url":"https:\/\/b19.be\/nl\/agenda\/rencontre-exclusive-avec-stefaan-bettens-ceo-de-jet-import-2\/","name":"Rencontre exclusive avec Stefaan Bettens \u2013 CEO de Jet Import - B19","isPartOf":{"@id":"https:\/\/b19.be\/nl\/#website"},"primaryImageOfPage":{"@id":"https:\/\/b19.be\/nl\/agenda\/rencontre-exclusive-avec-stefaan-bettens-ceo-de-jet-import-2\/#primaryimage"},"image":{"@id":"https:\/\/b19.be\/nl\/agenda\/rencontre-exclusive-avec-stefaan-bettens-ceo-de-jet-import-2\/#primaryimage"},"thumbnailUrl":"https:\/\/b19.be\/wp-content\/uploads\/2025\/06\/1d6f6bc9-1bb8-4fd6-a3c2-039aa0825d42.png","datePublished":"2025-03-26T10:26:20+00:00","dateModified":"2025-06-23T00:18:24+00:00","breadcrumb":{"@id":"https:\/\/b19.be\/nl\/agenda\/rencontre-exclusive-avec-stefaan-bettens-ceo-de-jet-import-2\/#breadcrumb"},"inLanguage":"nl-BE","potentialAction":[{"@type":"ReadAction","target":["https:\/\/b19.be\/nl\/agenda\/rencontre-exclusive-avec-stefaan-bettens-ceo-de-jet-import-2\/"]}]},{"@type":"ImageObject","inLanguage":"nl-BE","@id":"https:\/\/b19.be\/nl\/agenda\/rencontre-exclusive-avec-stefaan-bettens-ceo-de-jet-import-2\/#primaryimage","url":"https:\/\/b19.be\/wp-content\/uploads\/2025\/06\/1d6f6bc9-1bb8-4fd6-a3c2-039aa0825d42.png","contentUrl":"https:\/\/b19.be\/wp-content\/uploads\/2025\/06\/1d6f6bc9-1bb8-4fd6-a3c2-039aa0825d42.png","width":1181,"height":591},{"@type":"BreadcrumbList","@id":"https:\/\/b19.be\/nl\/agenda\/rencontre-exclusive-avec-stefaan-bettens-ceo-de-jet-import-2\/#breadcrumb","itemListElement":[{"@type":"ListItem","position":1,"name":"Home","item":"https:\/\/b19.be\/nl\/"},{"@type":"ListItem","position":2,"name":"Rencontre exclusive avec Stefaan Bettens \u2013 CEO de Jet Import"}]},{"@type":"WebSite","@id":"https:\/\/b19.be\/nl\/#website","url":"https:\/\/b19.be\/nl\/","name":"B19","description":"National Business Club &amp; Networking","publisher":{"@id":"https:\/\/b19.be\/nl\/#organization"},"alternateName":"B19 Business Club","potentialAction":[{"@type":"SearchAction","target":{"@type":"EntryPoint","urlTemplate":"https:\/\/b19.be\/nl\/?s={search_term_string}"},"query-input":{"@type":"PropertyValueSpecification","valueRequired":true,"valueName":"search_term_string"}}],"inLanguage":"nl-BE"},{"@type":"Organization","@id":"https:\/\/b19.be\/nl\/#organization","name":"B19","alternateName":"B19 Business Club","url":"https:\/\/b19.be\/nl\/","logo":{"@type":"ImageObject","inLanguage":"nl-BE","@id":"https:\/\/b19.be\/nl\/#\/schema\/logo\/image\/","url":"https:\/\/b19.be\/wp-content\/uploads\/2023\/09\/logob19.svg","contentUrl":"https:\/\/b19.be\/wp-content\/uploads\/2023\/09\/logob19.svg","width":1,"height":1,"caption":"B19"},"image":{"@id":"https:\/\/b19.be\/nl\/#\/schema\/logo\/image\/"},"sameAs":["https:\/\/www.facebook.com\/B19BusinessClub","https:\/\/www.linkedin.com\/company\/b19-country-club\/","https:\/\/www.instagram.com\/b19_business_club\/"]}]}},"_links":{"self":[{"href":"https:\/\/b19.be\/nl\/wp-json\/wp\/v2\/event\/6356","targetHints":{"allow":["GET"]}}],"collection":[{"href":"https:\/\/b19.be\/nl\/wp-json\/wp\/v2\/event"}],"about":[{"href":"https:\/\/b19.be\/nl\/wp-json\/wp\/v2\/types\/event"}],"version-history":[{"count":0,"href":"https:\/\/b19.be\/nl\/wp-json\/wp\/v2\/event\/6356\/revisions"}],"wp:featuredmedia":[{"embeddable":true,"href":"https:\/\/b19.be\/nl\/wp-json\/wp\/v2\/media\/6732"}],"wp:attachment":[{"href":"https:\/\/b19.be\/nl\/wp-json\/wp\/v2\/media?parent=6356"}],"curies":[{"name":"wp","href":"https:\/\/api.w.org\/{rel}","templated":true}]}}