{"version":"1.0","provider_name":"B19","provider_url":"https:\/\/b19.be\/nl\/","author_name":"cecilehabran","author_url":"https:\/\/b19.be\/nl\/author\/cecilehabran\/","title":"B19 Exp\u00e9rience - Visite du Port autonome de Li\u00e8ge - B19","type":"rich","width":600,"height":338,"html":"<blockquote class=\"wp-embedded-content\" data-secret=\"CwxBT20mat\"><a href=\"https:\/\/b19.be\/nl\/galerie\/b19-experience-visite-du-port-autonome-de-liege\/\">B19 Exp\u00e9rience \u2013 Visite du Port autonome de Li\u00e8ge<\/a><\/blockquote><iframe sandbox=\"allow-scripts\" security=\"restricted\" src=\"https:\/\/b19.be\/nl\/galerie\/b19-experience-visite-du-port-autonome-de-liege\/embed\/#?secret=CwxBT20mat\" width=\"600\" height=\"338\" title=\"&#8220;B19 Exp\u00e9rience \u2013 Visite du Port autonome de Li\u00e8ge&#8221; &#8212; B19\" data-secret=\"CwxBT20mat\" frameborder=\"0\" marginwidth=\"0\" marginheight=\"0\" scrolling=\"no\" class=\"wp-embedded-content\"><\/iframe><script type=\"text\/javascript\">\n\/* <![CDATA[ *\/\n\/*! This file is auto-generated *\/\n!function(d,l){\"use strict\";l.querySelector&&d.addEventListener&&\"undefined\"!=typeof URL&&(d.wp=d.wp||{},d.wp.receiveEmbedMessage||(d.wp.receiveEmbedMessage=function(e){var t=e.data;if((t||t.secret||t.message||t.value)&&!\/[^a-zA-Z0-9]\/.test(t.secret)){for(var s,r,n,a=l.querySelectorAll('iframe[data-secret=\"'+t.secret+'\"]'),o=l.querySelectorAll('blockquote[data-secret=\"'+t.secret+'\"]'),c=new RegExp(\"^https?:$\",\"i\"),i=0;i<o.length;i++)o[i].style.display=\"none\";for(i=0;i<a.length;i++)s=a[i],e.source===s.contentWindow&&(s.removeAttribute(\"style\"),\"height\"===t.message?(1e3<(r=parseInt(t.value,10))?r=1e3:~~r<200&&(r=200),s.height=r):\"link\"===t.message&&(r=new URL(s.getAttribute(\"src\")),n=new URL(t.value),c.test(n.protocol))&&n.host===r.host&&l.activeElement===s&&(d.top.location.href=t.value))}},d.addEventListener(\"message\",d.wp.receiveEmbedMessage,!1),l.addEventListener(\"DOMContentLoaded\",function(){for(var e,t,s=l.querySelectorAll(\"iframe.wp-embedded-content\"),r=0;r<s.length;r++)(t=(e=s[r]).getAttribute(\"data-secret\"))||(t=Math.random().toString(36).substring(2,12),e.src+=\"#?secret=\"+t,e.setAttribute(\"data-secret\",t)),e.contentWindow.postMessage({message:\"ready\",secret:t},\"*\")},!1)))}(window,document);\n\/\/# sourceURL=https:\/\/b19.be\/wp-includes\/js\/wp-embed.min.js\n\/* ]]> *\/\n<\/script>\n","thumbnail_url":"https:\/\/b19.be\/wp-content\/uploads\/2023\/09\/b19-national-business-club.jpg","thumbnail_width":2000,"thumbnail_height":1331,"description":"On les connaissait curieux, nos membres, on les a vus sportifs et avides de sensations fortes\u00a0! Baskets aux pieds, gillets jaunes sur le dos, ils venaient de Li\u00e8ge, de Bruxelles, d\u2019Anvers, pr\u00eats \u00e0 se lancer \u00e0 l\u2019assaut d\u2019un des plus beaux fleurons li\u00e9geois, le Port Autonome de Li\u00e8ge. Leurs guides\u00a0? Yves Demeffe, Directeur g\u00e9n\u00e9ral, et [&hellip;]"}